{"id":25,"date":"2022-06-17T11:49:55","date_gmt":"2022-06-17T14:49:55","guid":{"rendered":"http:\/\/transparencia.crecheandreluizitu.org\/?page_id=25"},"modified":"2026-04-29T12:54:15","modified_gmt":"2026-04-29T15:54:15","slug":"transparencia","status":"publish","type":"page","link":"https:\/\/transparencia.crecheandreluizitu.org\/","title":{"rendered":"Transpar\u00eancia"},"content":{"rendered":"\t\t<div data-elementor-type=\"wp-page\" data-elementor-id=\"25\" class=\"elementor elementor-25\">\n\t\t\t\t\t\t\t\t\t<section class=\"elementor-section elementor-top-section elementor-element elementor-element-892126c elementor-section-boxed elementor-section-height-default elementor-section-height-default\" data-id=\"892126c\" data-element_type=\"section\">\n\t\t\t\t\t\t<div class=\"elementor-container elementor-column-gap-default\">\n\t\t\t\t\t<div class=\"elementor-column elementor-col-100 elementor-top-column elementor-element elementor-element-29cd120\" data-id=\"29cd120\" data-element_type=\"column\">\n\t\t\t<div class=\"elementor-widget-wrap elementor-element-populated\">\n\t\t\t\t\t\t\t\t<div class=\"elementor-element elementor-element-308bc00 elementor--h-position-center elementor--v-position-middle elementor-arrows-position-inside elementor-pagination-position-inside elementor-widget elementor-widget-slides\" data-id=\"308bc00\" data-element_type=\"widget\" data-settings=\"{&quot;navigation&quot;:&quot;both&quot;,&quot;autoplay&quot;:&quot;yes&quot;,&quot;pause_on_hover&quot;:&quot;yes&quot;,&quot;pause_on_interaction&quot;:&quot;yes&quot;,&quot;autoplay_speed&quot;:5000,&quot;infinite&quot;:&quot;yes&quot;,&quot;transition&quot;:&quot;slide&quot;,&quot;transition_speed&quot;:500}\" data-widget_type=\"slides.default\">\n\t\t\t\t<div class=\"elementor-widget-container\">\n\t\t\t<style>\/*! elementor-pro - v3.6.5 - 12-04-2022 *\/\n.elementor-slides .swiper-slide-bg{background-size:cover;background-position:50%;background-repeat:no-repeat;min-width:100%;min-height:100%}.elementor-slides .swiper-slide-inner{background-repeat:no-repeat;background-position:50%;position:absolute;top:0;left:0;bottom:0;right:0;padding:50px;margin:auto}.elementor-slides .swiper-slide-inner,.elementor-slides .swiper-slide-inner:hover{color:#fff;display:-webkit-box;display:-ms-flexbox;display:flex}.elementor-slides .swiper-slide-inner .elementor-background-overlay{position:absolute;z-index:0;top:0;bottom:0;left:0;right:0}.elementor-slides .swiper-slide-inner .elementor-slide-content{position:relative;z-index:1;width:100%}.elementor-slides .swiper-slide-inner .elementor-slide-heading{font-size:35px;font-weight:700;line-height:1}.elementor-slides .swiper-slide-inner .elementor-slide-description{font-size:17px;line-height:1.4}.elementor-slides .swiper-slide-inner .elementor-slide-description:not(:last-child),.elementor-slides .swiper-slide-inner .elementor-slide-heading:not(:last-child){margin-bottom:30px}.elementor-slides .swiper-slide-inner .elementor-slide-button{border:2px solid #fff;color:#fff;background:transparent;display:inline-block}.elementor-slides .swiper-slide-inner .elementor-slide-button,.elementor-slides .swiper-slide-inner .elementor-slide-button:hover{background:transparent;color:inherit;text-decoration:none}.elementor--v-position-top .swiper-slide-inner{-webkit-box-align:start;-ms-flex-align:start;align-items:flex-start}.elementor--v-position-bottom .swiper-slide-inner{-webkit-box-align:end;-ms-flex-align:end;align-items:flex-end}.elementor--v-position-middle .swiper-slide-inner{-webkit-box-align:center;-ms-flex-align:center;align-items:center}.elementor--h-position-left .swiper-slide-inner{-webkit-box-pack:start;-ms-flex-pack:start;justify-content:flex-start}.elementor--h-position-right .swiper-slide-inner{-webkit-box-pack:end;-ms-flex-pack:end;justify-content:flex-end}.elementor--h-position-center .swiper-slide-inner{-webkit-box-pack:center;-ms-flex-pack:center;justify-content:center}body.rtl .elementor-widget-slides .elementor-swiper-button-next{left:10px;right:auto}body.rtl .elementor-widget-slides .elementor-swiper-button-prev{right:10px;left:auto}.elementor-slides-wrapper div:not(.swiper-slide)>.swiper-slide-inner{display:none}@media (max-width:767px){.elementor-slides .swiper-slide-inner{padding:30px}.elementor-slides .swiper-slide-inner .elementor-slide-heading{font-size:23px;line-height:1;margin-bottom:15px}.elementor-slides .swiper-slide-inner .elementor-slide-description{font-size:13px;line-height:1.4;margin-bottom:15px}}<\/style>\t\t<div class=\"elementor-swiper\">\n\t\t\t<div class=\"elementor-slides-wrapper elementor-main-swiper swiper-container\" dir=\"ltr\" data-animation=\"fadeInUp\">\n\t\t\t\t<div class=\"swiper-wrapper elementor-slides\">\n\t\t\t\t\t\t\t\t\t\t<div class=\"elementor-repeater-item-5bfcbc4 swiper-slide\"><div class=\"swiper-slide-bg\"><\/div><div class=\"swiper-slide-inner\" ><div class=\"swiper-slide-contents\"><\/div><\/div><\/div><div class=\"elementor-repeater-item-308b5ab swiper-slide\"><div class=\"swiper-slide-bg\"><\/div><div class=\"swiper-slide-inner\" ><div class=\"swiper-slide-contents\"><\/div><\/div><\/div>\t\t\t\t<\/div>\n\t\t\t\t\t\t\t\t\t\t\t\t\t\t\t<div class=\"swiper-pagination\"><\/div>\n\t\t\t\t\t\t\t\t\t\t\t\t\t\t\t\t<div class=\"elementor-swiper-button elementor-swiper-button-prev\">\n\t\t\t\t\t\t\t<i aria-hidden=\"true\" class=\"eicon-chevron-left\"><\/i>\t\t\t\t\t\t\t<span class=\"elementor-screen-only\">Previous<\/span>\n\t\t\t\t\t\t<\/div>\n\t\t\t\t\t\t<div class=\"elementor-swiper-button elementor-swiper-button-next\">\n\t\t\t\t\t\t\t<i aria-hidden=\"true\" class=\"eicon-chevron-right\"><\/i>\t\t\t\t\t\t\t<span class=\"elementor-screen-only\">Next<\/span>\n\t\t\t\t\t\t<\/div>\n\t\t\t\t\t\t\t\t\t\t\t\t<\/div>\n\t\t<\/div>\n\t\t\t\t<\/div>\n\t\t\t\t<\/div>\n\t\t\t\t\t<\/div>\n\t\t<\/div>\n\t\t\t\t\t\t\t<\/div>\n\t\t<\/section>\n\t\t\t\t<section class=\"elementor-section elementor-top-section elementor-element elementor-element-a8f0ddf elementor-section-boxed elementor-section-height-default elementor-section-height-default\" data-id=\"a8f0ddf\" data-element_type=\"section\">\n\t\t\t\t\t\t<div class=\"elementor-container elementor-column-gap-default\">\n\t\t\t\t\t<div class=\"elementor-column elementor-col-100 elementor-top-column elementor-element elementor-element-05bcd57\" data-id=\"05bcd57\" data-element_type=\"column\">\n\t\t\t<div class=\"elementor-widget-wrap elementor-element-populated\">\n\t\t\t\t\t\t\t\t<div class=\"elementor-element elementor-element-d0f06ef elementor-widget elementor-widget-heading\" data-id=\"d0f06ef\" data-element_type=\"widget\" data-widget_type=\"heading.default\">\n\t\t\t\t<div class=\"elementor-widget-container\">\n\t\t\t<style>\/*! elementor - v3.6.4 - 13-04-2022 *\/\n.elementor-heading-title{padding:0;margin:0;line-height:1}.elementor-widget-heading .elementor-heading-title[class*=elementor-size-]>a{color:inherit;font-size:inherit;line-height:inherit}.elementor-widget-heading .elementor-heading-title.elementor-size-small{font-size:15px}.elementor-widget-heading .elementor-heading-title.elementor-size-medium{font-size:19px}.elementor-widget-heading .elementor-heading-title.elementor-size-large{font-size:29px}.elementor-widget-heading .elementor-heading-title.elementor-size-xl{font-size:39px}.elementor-widget-heading .elementor-heading-title.elementor-size-xxl{font-size:59px}<\/style><h2 class=\"elementor-heading-title elementor-size-default\">Ano de 2026<\/h2>\t\t<\/div>\n\t\t\t\t<\/div>\n\t\t\t\t\t<\/div>\n\t\t<\/div>\n\t\t\t\t\t\t\t<\/div>\n\t\t<\/section>\n\t\t\t\t<section class=\"elementor-section elementor-top-section elementor-element elementor-element-46a27ec elementor-section-boxed elementor-section-height-default elementor-section-height-default\" data-id=\"46a27ec\" data-element_type=\"section\">\n\t\t\t\t\t\t<div class=\"elementor-container elementor-column-gap-default\">\n\t\t\t\t\t<div class=\"elementor-column elementor-col-100 elementor-top-column elementor-element elementor-element-07f8b1f\" data-id=\"07f8b1f\" data-element_type=\"column\">\n\t\t\t<div class=\"elementor-widget-wrap elementor-element-populated\">\n\t\t\t\t\t\t\t\t<div class=\"elementor-element elementor-element-257d74c elementor-tabs-view-vertical elementor-widget elementor-widget-tabs\" data-id=\"257d74c\" data-element_type=\"widget\" data-widget_type=\"tabs.default\">\n\t\t\t\t<div class=\"elementor-widget-container\">\n\t\t\t<style>\/*! elementor - v3.6.4 - 13-04-2022 *\/\n.elementor-widget-tabs.elementor-tabs-view-vertical .elementor-tabs-wrapper{width:25%;-ms-flex-negative:0;flex-shrink:0}.elementor-widget-tabs.elementor-tabs-view-vertical .elementor-tab-desktop-title.elementor-active{border-right-style:none}.elementor-widget-tabs.elementor-tabs-view-vertical .elementor-tab-desktop-title.elementor-active:after,.elementor-widget-tabs.elementor-tabs-view-vertical .elementor-tab-desktop-title.elementor-active:before{height:999em;width:0;right:0;border-right-style:solid}.elementor-widget-tabs.elementor-tabs-view-vertical .elementor-tab-desktop-title.elementor-active:before{top:0;-webkit-transform:translateY(-100%);-ms-transform:translateY(-100%);transform:translateY(-100%)}.elementor-widget-tabs.elementor-tabs-view-vertical .elementor-tab-desktop-title.elementor-active:after{top:100%}.elementor-widget-tabs.elementor-tabs-view-horizontal .elementor-tab-desktop-title{display:table-cell}.elementor-widget-tabs.elementor-tabs-view-horizontal .elementor-tab-desktop-title.elementor-active{border-bottom-style:none}.elementor-widget-tabs.elementor-tabs-view-horizontal .elementor-tab-desktop-title.elementor-active:after,.elementor-widget-tabs.elementor-tabs-view-horizontal .elementor-tab-desktop-title.elementor-active:before{bottom:0;height:0;width:999em;border-bottom-style:solid}.elementor-widget-tabs.elementor-tabs-view-horizontal .elementor-tab-desktop-title.elementor-active:before{right:100%}.elementor-widget-tabs.elementor-tabs-view-horizontal .elementor-tab-desktop-title.elementor-active:after{left:100%}.elementor-widget-tabs .elementor-tab-content,.elementor-widget-tabs .elementor-tab-title,.elementor-widget-tabs .elementor-tab-title:after,.elementor-widget-tabs .elementor-tab-title:before,.elementor-widget-tabs .elementor-tabs-content-wrapper{border:1px #d4d4d4}.elementor-widget-tabs .elementor-tabs{text-align:left}.elementor-widget-tabs .elementor-tabs-wrapper{overflow:hidden}.elementor-widget-tabs .elementor-tab-title{cursor:pointer;outline:var(--focus-outline,none)}.elementor-widget-tabs .elementor-tab-desktop-title{position:relative;padding:20px 25px;font-weight:700;line-height:1;border:solid transparent}.elementor-widget-tabs .elementor-tab-desktop-title.elementor-active{border-color:#d4d4d4}.elementor-widget-tabs .elementor-tab-desktop-title.elementor-active:after,.elementor-widget-tabs .elementor-tab-desktop-title.elementor-active:before{display:block;content:\"\";position:absolute}.elementor-widget-tabs .elementor-tab-mobile-title{padding:10px;cursor:pointer}.elementor-widget-tabs .elementor-tab-content{padding:20px;display:none}@media (max-width:767px){.elementor-tabs .elementor-tab-content,.elementor-tabs .elementor-tab-title{border-style:solid solid none}.elementor-tabs .elementor-tabs-wrapper{display:none}.elementor-tabs .elementor-tabs-content-wrapper{border-bottom-style:solid}.elementor-tabs .elementor-tab-content{padding:10px}}@media (min-width:768px){.elementor-widget-tabs.elementor-tabs-view-vertical .elementor-tabs{display:-webkit-box;display:-ms-flexbox;display:flex}.elementor-widget-tabs.elementor-tabs-view-vertical .elementor-tabs-wrapper{-webkit-box-orient:vertical;-webkit-box-direction:normal;-ms-flex-direction:column;flex-direction:column}.elementor-widget-tabs.elementor-tabs-view-vertical .elementor-tabs-content-wrapper{-webkit-box-flex:1;-ms-flex-positive:1;flex-grow:1;border-style:solid solid solid none}.elementor-widget-tabs.elementor-tabs-view-horizontal .elementor-tab-content{border-style:none solid solid}.elementor-widget-tabs.elementor-tabs-alignment-center .elementor-tabs-wrapper,.elementor-widget-tabs.elementor-tabs-alignment-end .elementor-tabs-wrapper,.elementor-widget-tabs.elementor-tabs-alignment-stretch .elementor-tabs-wrapper{display:-webkit-box;display:-ms-flexbox;display:flex}.elementor-widget-tabs.elementor-tabs-alignment-center .elementor-tabs-wrapper{-webkit-box-pack:center;-ms-flex-pack:center;justify-content:center}.elementor-widget-tabs.elementor-tabs-alignment-end .elementor-tabs-wrapper{-webkit-box-pack:end;-ms-flex-pack:end;justify-content:flex-end}.elementor-widget-tabs.elementor-tabs-alignment-stretch.elementor-tabs-view-horizontal .elementor-tab-title{width:100%}.elementor-widget-tabs.elementor-tabs-alignment-stretch.elementor-tabs-view-vertical .elementor-tab-title{height:100%}.elementor-tabs .elementor-tab-mobile-title{display:none}}<\/style>\t\t<div class=\"elementor-tabs\">\n\t\t\t<div class=\"elementor-tabs-wrapper\" role=\"tablist\" >\n\t\t\t\t\t\t\t\t\t<div id=\"elementor-tab-title-3931\" class=\"elementor-tab-title elementor-tab-desktop-title\" aria-selected=\"true\" data-tab=\"1\" role=\"tab\" tabindex=\"0\" aria-controls=\"elementor-tab-content-3931\" aria-expanded=\"false\">Transpar\u00eancia Creche Andr\u00e9 Luiz:<\/div>\n\t\t\t\t\t\t\t\t\t<div id=\"elementor-tab-title-3932\" class=\"elementor-tab-title elementor-tab-desktop-title\" aria-selected=\"false\" data-tab=\"2\" role=\"tab\" tabindex=\"-1\" aria-controls=\"elementor-tab-content-3932\" aria-expanded=\"false\">Estatuto Social<\/div>\n\t\t\t\t\t\t\t\t\t<div id=\"elementor-tab-title-3933\" class=\"elementor-tab-title elementor-tab-desktop-title\" aria-selected=\"false\" data-tab=\"3\" role=\"tab\" tabindex=\"-1\" aria-controls=\"elementor-tab-content-3933\" aria-expanded=\"false\">Plano de Trabalho<\/div>\n\t\t\t\t\t\t\t\t\t<div id=\"elementor-tab-title-3934\" class=\"elementor-tab-title elementor-tab-desktop-title\" aria-selected=\"false\" data-tab=\"4\" role=\"tab\" tabindex=\"-1\" aria-controls=\"elementor-tab-content-3934\" aria-expanded=\"false\">Documentos e Certificados<\/div>\n\t\t\t\t\t\t\t\t\t<div id=\"elementor-tab-title-3935\" class=\"elementor-tab-title elementor-tab-desktop-title\" aria-selected=\"false\" data-tab=\"5\" role=\"tab\" tabindex=\"-1\" aria-controls=\"elementor-tab-content-3935\" aria-expanded=\"false\">TERMO DE COLABORA\u00c7\u00c3O COM A PREFEITURA E ADITIVOS<\/div>\n\t\t\t\t\t\t\t\t\t<div id=\"elementor-tab-title-3936\" class=\"elementor-tab-title elementor-tab-desktop-title\" aria-selected=\"false\" data-tab=\"6\" role=\"tab\" tabindex=\"-1\" aria-controls=\"elementor-tab-content-3936\" aria-expanded=\"false\">Demonstrativo integral das receitas e despesas - Exerc\u00edcio 2025<\/div>\n\t\t\t\t\t\t\t\t\t<div id=\"elementor-tab-title-3937\" class=\"elementor-tab-title elementor-tab-desktop-title\" aria-selected=\"false\" data-tab=\"7\" role=\"tab\" tabindex=\"-1\" aria-controls=\"elementor-tab-content-3937\" aria-expanded=\"false\">Demonstrativo das despesas incorridas - Exerc\u00edcio 2025<\/div>\n\t\t\t\t\t\t\t\t\t<div id=\"elementor-tab-title-3938\" class=\"elementor-tab-title elementor-tab-desktop-title\" aria-selected=\"false\" data-tab=\"8\" role=\"tab\" tabindex=\"-1\" aria-controls=\"elementor-tab-content-3938\" aria-expanded=\"false\">Balan\u00e7o de Demonstrativos Cont\u00e1beis<\/div>\n\t\t\t\t\t\t\t\t\t<div id=\"elementor-tab-title-3939\" class=\"elementor-tab-title elementor-tab-desktop-title\" aria-selected=\"false\" data-tab=\"9\" role=\"tab\" tabindex=\"-1\" aria-controls=\"elementor-tab-content-3939\" aria-expanded=\"false\">Balancete de Demonstrativos Cont\u00e1beis - 2025<\/div>\n\t\t\t\t\t\t\t\t\t<div id=\"elementor-tab-title-39310\" class=\"elementor-tab-title elementor-tab-desktop-title\" aria-selected=\"false\" data-tab=\"10\" role=\"tab\" tabindex=\"-1\" aria-controls=\"elementor-tab-content-39310\" aria-expanded=\"false\">FUNDO MUNICIPAL DOS DIREITOS DA CRIAN\u00c7A E DO ADOLESCENTE - 2025<\/div>\n\t\t\t\t\t\t\t<\/div>\n\t\t\t<div class=\"elementor-tabs-content-wrapper\" role=\"tablist\" aria-orientation=\"vertical\">\n\t\t\t\t\t\t\t\t\t<div class=\"elementor-tab-title elementor-tab-mobile-title\" aria-selected=\"true\" data-tab=\"1\" role=\"tab\" tabindex=\"0\" aria-controls=\"elementor-tab-content-3931\" aria-expanded=\"false\">Transpar\u00eancia Creche Andr\u00e9 Luiz:<\/div>\n\t\t\t\t\t<div id=\"elementor-tab-content-3931\" class=\"elementor-tab-content elementor-clearfix\" data-tab=\"1\" role=\"tabpanel\" aria-labelledby=\"elementor-tab-title-3931\" tabindex=\"0\" hidden=\"false\"><\/div>\n\t\t\t\t\t\t\t\t\t<div class=\"elementor-tab-title elementor-tab-mobile-title\" aria-selected=\"false\" data-tab=\"2\" role=\"tab\" tabindex=\"-1\" aria-controls=\"elementor-tab-content-3932\" aria-expanded=\"false\">Estatuto Social<\/div>\n\t\t\t\t\t<div id=\"elementor-tab-content-3932\" class=\"elementor-tab-content elementor-clearfix\" data-tab=\"2\" role=\"tabpanel\" aria-labelledby=\"elementor-tab-title-3932\" tabindex=\"0\" hidden=\"hidden\"><p><a href=\"https:\/\/transparencia.crecheandreluizitu.org\/wp-content\/uploads\/2024\/09\/ESTATUTO.pdf\">ESTATUTO SOCIAL<\/a>\u00a0<\/p><\/div>\n\t\t\t\t\t\t\t\t\t<div class=\"elementor-tab-title elementor-tab-mobile-title\" aria-selected=\"false\" data-tab=\"3\" role=\"tab\" tabindex=\"-1\" aria-controls=\"elementor-tab-content-3933\" aria-expanded=\"false\">Plano de Trabalho<\/div>\n\t\t\t\t\t<div id=\"elementor-tab-content-3933\" class=\"elementor-tab-content elementor-clearfix\" data-tab=\"3\" role=\"tabpanel\" aria-labelledby=\"elementor-tab-title-3933\" tabindex=\"0\" hidden=\"hidden\"><p><a href=\"https:\/\/transparencia.crecheandreluizitu.org\/wp-content\/uploads\/2026\/03\/PLANO-DE-TRABALHO-1.pdf\">PLANO DE TRABALHO <\/a><\/p><\/div>\n\t\t\t\t\t\t\t\t\t<div class=\"elementor-tab-title elementor-tab-mobile-title\" aria-selected=\"false\" data-tab=\"4\" role=\"tab\" tabindex=\"-1\" aria-controls=\"elementor-tab-content-3934\" aria-expanded=\"false\">Documentos e Certificados<\/div>\n\t\t\t\t\t<div id=\"elementor-tab-content-3934\" class=\"elementor-tab-content elementor-clearfix\" data-tab=\"4\" role=\"tabpanel\" aria-labelledby=\"elementor-tab-title-3934\" tabindex=\"0\" hidden=\"hidden\"><p><a href=\"https:\/\/transparencia.crecheandreluizitu.org\/wp-content\/uploads\/2024\/09\/CNPJ-3.pdf\">CNPJ<\/a><\/p><p><a href=\"https:\/\/transparencia.crecheandreluizitu.org\/wp-content\/uploads\/2026\/03\/2026-ATESTADO-DE-FUNCIONAMENTO-SME.pdf\">ATESTADO DE FUNCIONAMENTO SME &#8211; 2026<\/a><\/p><p><a href=\"https:\/\/transparencia.crecheandreluizitu.org\/wp-content\/uploads\/2026\/03\/2025-CERTIFICADO-CMDCA.pdf\">CERTIFICADO CMDCA<\/a><\/p><p><a href=\"https:\/\/transparencia.crecheandreluizitu.org\/wp-content\/uploads\/2025\/07\/REGULAMENTO-INSTITUCIONAL-DE-CONTRATACAO-DE-PESSOAL-2025.pdf\">REGULAMENTO INSTITUCIONAL DE CONTRATA\u00c7\u00c3O DE PESSOAL-2025<\/a><\/p><\/div>\n\t\t\t\t\t\t\t\t\t<div class=\"elementor-tab-title elementor-tab-mobile-title\" aria-selected=\"false\" data-tab=\"5\" role=\"tab\" tabindex=\"-1\" aria-controls=\"elementor-tab-content-3935\" aria-expanded=\"false\">TERMO DE COLABORA\u00c7\u00c3O COM A PREFEITURA E ADITIVOS<\/div>\n\t\t\t\t\t<div id=\"elementor-tab-content-3935\" class=\"elementor-tab-content elementor-clearfix\" data-tab=\"5\" role=\"tabpanel\" aria-labelledby=\"elementor-tab-title-3935\" tabindex=\"0\" hidden=\"hidden\"><p><a href=\"https:\/\/transparencia.crecheandreluizitu.org\/wp-content\/uploads\/2023\/03\/2o-ADITIVO-No22777-2020.pdf\">2\u00ba ADITIVO N\u00ba22777-2020<\/a><\/p><p><a href=\"https:\/\/transparencia.crecheandreluizitu.org\/wp-content\/uploads\/2023\/05\/2o-ADITIVO-No22777-2020.pdf\">2\u00ba ADITIVO AO TERMO DE COLABORA\u00c7\u00c3O 22777\/2020 &#8211; VIG\u00caNCIA 01\/01\/2023 A 31\/12\/2023<\/a><\/p><p><a href=\"https:\/\/transparencia.crecheandreluizitu.org\/wp-content\/uploads\/2022\/06\/Termo-de-Colaboracao-No-22777-2020.pdf\">Termo de Colabora\u00e7\u00e3o 22777\/2020 &#8211; Vig\u00eancia 01\/01\/2021 a 31\/12\/2021<\/a><\/p><p><a href=\"https:\/\/transparencia.crecheandreluizitu.org\/wp-content\/uploads\/2022\/06\/Termo-de-Colaboracao-Andre-Luiz.pdf\">1\u00b0 termo Aditivo em 21\/03\/2020<\/a><\/p><p><a href=\"https:\/\/transparencia.crecheandreluizitu.org\/wp-content\/uploads\/2022\/06\/1Ao_Termo_Aditivo_Termo_de_ColaboraA\u00a7Ao_-_AndrA\u00a9_Luiz.pdf\">Termo de Colabora\u00e7\u00e3o Prefeitura Vig\u00eancia de 01\/01\/2020 a 31\/12\/2020<\/a><\/p><p><a href=\"https:\/\/transparencia.crecheandreluizitu.org\/wp-content\/uploads\/2022\/09\/1o-Aditivo-Creche-e-Lar-Andre-Luiz-de-Itu.pdf\">1\u00ba Aditivo ao Termo de Colabora\u00e7\u00e3o 2277\/2020 &#8211; VIG\u00caNCIA 01\/01\/2022 A 31\/12\/2022<\/a><\/p><p><a href=\"https:\/\/transparencia.crecheandreluizitu.org\/wp-content\/uploads\/2024\/09\/3o-ADITIVO-AO-TERMO-DE-COLABORACAO-2024.pdf\">3\u00ba ADITIVO AO TERMO DE COLABORA\u00c7\u00c3O 2024<\/a><\/p><p><a href=\"https:\/\/transparencia.crecheandreluizitu.org\/wp-content\/uploads\/2025\/07\/4o-ADITIVO-AO-TERMO-DE-COLABORACAO.pdf\">4\u00ba ADITIVO AO TERMO DE COLABORA\u00c7\u00c3O<\/a><\/p><\/div>\n\t\t\t\t\t\t\t\t\t<div class=\"elementor-tab-title elementor-tab-mobile-title\" aria-selected=\"false\" data-tab=\"6\" role=\"tab\" tabindex=\"-1\" aria-controls=\"elementor-tab-content-3936\" aria-expanded=\"false\">Demonstrativo integral das receitas e despesas - Exerc\u00edcio 2025<\/div>\n\t\t\t\t\t<div id=\"elementor-tab-content-3936\" class=\"elementor-tab-content elementor-clearfix\" data-tab=\"6\" role=\"tabpanel\" aria-labelledby=\"elementor-tab-title-3936\" tabindex=\"0\" hidden=\"hidden\"><p><a href=\"https:\/\/transparencia.crecheandreluizitu.org\/wp-content\/uploads\/2025\/07\/01-2025-RP10-DEMONST.-INT.-DAS-RECEITAS-E-DESPESAS-PREFEITURA.pdf\">Janeiro -2025 RP10- DEMONST. INT. DAS RECEITAS E DESPESAS-PREFEITURA<\/a><\/p><p><a href=\"https:\/\/transparencia.crecheandreluizitu.org\/wp-content\/uploads\/2025\/07\/01-2025-RP10-DEMONST.-INT.-DAS-RECEITAS-E-DESPESAS-ENTIDADE.pdf\">Janeiro -2025 RP10- DEMONST. INT. DAS RECEITAS E DESPESAS-ENTIDADE<\/a><\/p><p><a href=\"https:\/\/transparencia.crecheandreluizitu.org\/wp-content\/uploads\/2025\/07\/02-2025-RP10-DEMONST.-INT.-DAS-RECEITAS-E-DESPESAS-PREFEITURA-.pdf\">Fevereiro -2025 RP10- DEMONST. INT. DAS RECEITAS E DESPESAS-PREFEITURA-<\/a><\/p><p><a href=\"https:\/\/transparencia.crecheandreluizitu.org\/wp-content\/uploads\/2025\/07\/02-2025-RP10-DEMONST.-INT.-DAS-RECEITAS-E-DESPESAS-ENTIDADE.pdf\">Fevereiro -2025 RP10- DEMONST. INT. DAS RECEITAS E DESPESAS-ENTIDADE<\/a><\/p><p><a href=\"https:\/\/transparencia.crecheandreluizitu.org\/wp-content\/uploads\/2025\/07\/03-2025-RP-10-DEMONST.-INT.-DAS-RECEITAS-E-DESPESAS-PREFEITURA-.pdf\">Mar\u00e7o &#8211; 2025 RP 10-DEMONST. INT. DAS RECEITAS E DESPESAS-PREFEITURA<\/a><\/p><p><a href=\"https:\/\/transparencia.crecheandreluizitu.org\/wp-content\/uploads\/2025\/07\/03-2025-RP10-DEMONST.-INT.-DAS-RECEITAS-E-DESPESAS-ENTIDADE.pdf\">Mar\u00e7o &#8211; 2025 RP10- DEMONST. INT. DAS RECEITAS E DESPESAS-ENTIDADE<\/a><\/p><p><a href=\"https:\/\/transparencia.crecheandreluizitu.org\/wp-content\/uploads\/2025\/07\/04-2025-RP10-DEMONST.-INT.-DAS-RECEITAS-E-DESPESAS-PREFEITURA.pdf\">Abril &#8211; 2025 RP10- DEMONST. INT. DAS RECEITAS E DESPESAS-PREFEITURA<\/a><\/p><p><a href=\"https:\/\/transparencia.crecheandreluizitu.org\/wp-content\/uploads\/2025\/07\/04-2025-RP10-DEMONST.-INT.-DAS-RECEITAS-E-DESPESAS-ENTIDADE.pdf\">Abril &#8211; 2025 RP10- DEMONST. INT. DAS RECEITAS E DESPESAS-ENTIDADE<\/a><\/p><p><a href=\"https:\/\/transparencia.crecheandreluizitu.org\/wp-content\/uploads\/2025\/08\/05-2025-RP10-DEMONST.-INT.-DAS-RECEITAS-E-DESPESAS-ENTIDADE.pdf\">Maio -2025 RP10- DEMONST. INT. DAS RECEITAS E DESPESAS-ENTIDADE<\/a><\/p><p><a href=\"https:\/\/transparencia.crecheandreluizitu.org\/wp-content\/uploads\/2025\/08\/05-2025-RP10-DEMONST.-INT.-DAS-RECEITAS-E-DESPESAS-PREFEITURA.pdf\">Maio -2025 RP10- DEMONST. INT. DAS RECEITAS E DESPESAS-PREFEITURA<\/a><\/p><p><a href=\"https:\/\/transparencia.crecheandreluizitu.org\/wp-content\/uploads\/2025\/08\/06-2025-RP10-DEMONST.-INT.-DAS-RECEITAS-E-DESPESAS-ENTIDADE.pdf\">Junho -2025 RP10- DEMONST. INT. DAS RECEITAS E DESPESAS-ENTIDADE<\/a><\/p><p><a href=\"https:\/\/transparencia.crecheandreluizitu.org\/wp-content\/uploads\/2025\/08\/06-2025-RP10-DEMONST.-INT.-DAS-RECEITAS-E-DESPESAS-PREFEITURA.pdf\">Junho -2025 RP10- DEMONST. INT. DAS RECEITAS E DESPESAS-PREFEITURA<\/a><\/p><p><a href=\"https:\/\/transparencia.crecheandreluizitu.org\/wp-content\/uploads\/2026\/03\/07-2025-RP10-DEMONST.-INT.-DAS-RECEITAS-E-DESPESAS-PREFEITURA.pdf\">Julho-2025 RP10- DEMONST. INT. DAS RECEITAS E DESPESAS-PREFEITURA<\/a><\/p><p><a href=\"https:\/\/transparencia.crecheandreluizitu.org\/wp-content\/uploads\/2026\/03\/07-2025-RP10-DEMONST.-INT.-DAS-RECEITAS-E-DESPESAS-ENTIDADE.pdf\">Julho-2025 RP10- DEMONST. INT. DAS RECEITAS E DESPESAS-ENTIDADE<\/a><\/p><p><a href=\"https:\/\/transparencia.crecheandreluizitu.org\/wp-content\/uploads\/2026\/03\/08-2025-RP10-DEMONST.-INT.-DAS-RECEITAS-E-DESPESAS-PREFEITURA.pdf\">Agosto-2025 RP10- DEMONST. INT. DAS RECEITAS E DESPESAS-PREFEITURA<\/a><\/p><p><a href=\"https:\/\/transparencia.crecheandreluizitu.org\/wp-content\/uploads\/2026\/03\/08-2025-RP10-DEMONST.-INT.-DAS-RECEITAS-E-DESPESAS-ENTIDADE.pdf\">Agosto-2025 RP10- DEMONST. INT. DAS RECEITAS E DESPESAS-ENTIDADE<\/a><\/p><p><a href=\"https:\/\/transparencia.crecheandreluizitu.org\/wp-content\/uploads\/2026\/03\/09-2025-RP10-DEMONST.-INT.-DAS-RECEITAS-E-DESPESAS-PREFEITURA.pdf\">Setembro-2025 RP10- DEMONST. INT. DAS RECEITAS E DESPESAS-PREFEITURA<\/a><\/p><p><a href=\"https:\/\/transparencia.crecheandreluizitu.org\/wp-content\/uploads\/2026\/03\/09-2025-RP10-DEMONST.-INT.-DAS-RECEITAS-E-DESPESAS-ENTIDADE.pdf\">Setembro -2025 RP10- DEMONST. INT. DAS RECEITAS E DESPESAS-ENTIDADE<\/a><\/p><p><a href=\"https:\/\/transparencia.crecheandreluizitu.org\/wp-content\/uploads\/2026\/03\/10-2025-RP10-DEMONST.-INT.-DAS-RECEITAS-E-DESPESAS-ENTIDADE-.pdf\">Outubro -2025 RP10- DEMONST. INT. DAS RECEITAS E DESPESAS-ENTIDADE<\/a><\/p><p><a href=\"https:\/\/transparencia.crecheandreluizitu.org\/wp-content\/uploads\/2026\/03\/10-2025-RP10-DEMONST.-INT.-DAS-RECEITAS-E-DESPESAS-PREFEITURA.pdf\">Outubro -2025 RP10- DEMONST. INT. DAS RECEITAS E DESPESAS-PREFEITURA<\/a><\/p><p><a href=\"https:\/\/transparencia.crecheandreluizitu.org\/wp-content\/uploads\/2026\/03\/11-2025-RP10-DEMONST.-INT.-DAS-RECEITAS-E-DESPESAS-PREFEITURA.pdf\">Novembro -2025 RP10- DEMONST. INT. DAS RECEITAS E DESPESAS-PREFEITURA<\/a><\/p><p><a href=\"https:\/\/transparencia.crecheandreluizitu.org\/wp-content\/uploads\/2026\/03\/11-2025-RP10-DEMONST.-INT.-DAS-RECEITAS-E-DESPESAS-ENTIDADE.pdf\">Novembro -2025 RP10- DEMONST. INT. DAS RECEITAS E DESPESAS-ENTIDADE<\/a><\/p><p><a href=\"https:\/\/transparencia.crecheandreluizitu.org\/wp-content\/uploads\/2026\/03\/12-2025-RP10-DEMONST.-INT.-DAS-RECEITAS-E-DESPESAS-PREFEITURA.pdf\">Dezembro -2025 RP10- DEMONST. INT. DAS RECEITAS E DESPESAS-PREFEITURA<\/a><\/p><p><a href=\"https:\/\/transparencia.crecheandreluizitu.org\/wp-content\/uploads\/2026\/03\/12-2025-RP10-DEMONST.-INT.-DAS-RECEITAS-E-DESPESAS-ENTIDADE.pdf\">Dezembro -2025 RP10- DEMONST. INT. DAS RECEITAS E DESPESAS-ENTIDADE<\/a><\/p><\/div>\n\t\t\t\t\t\t\t\t\t<div class=\"elementor-tab-title elementor-tab-mobile-title\" aria-selected=\"false\" data-tab=\"7\" role=\"tab\" tabindex=\"-1\" aria-controls=\"elementor-tab-content-3937\" aria-expanded=\"false\">Demonstrativo das despesas incorridas - Exerc\u00edcio 2025<\/div>\n\t\t\t\t\t<div id=\"elementor-tab-content-3937\" class=\"elementor-tab-content elementor-clearfix\" data-tab=\"7\" role=\"tabpanel\" aria-labelledby=\"elementor-tab-title-3937\" tabindex=\"0\" hidden=\"hidden\"><p><a href=\"https:\/\/transparencia.crecheandreluizitu.org\/wp-content\/uploads\/2025\/07\/01-2025-DESPESAS-REALIZADAS-NO-PERIODO-OPERACIONAL.pdf\">Janeiro &#8211; 2025 DESPESAS REALIZADAS NO PER\u00cdODO OPERACIONAL<\/a><\/p><p><a href=\"https:\/\/transparencia.crecheandreluizitu.org\/wp-content\/uploads\/2025\/07\/01-2025-DESPESAS-REALIZADAS-NO-PERIODO-PROVISIONAMENTO.pdf\">Janeiro &#8211; 2025 DESPESAS REALIZADAS NO PER\u00cdODO PROVISIONAMENTO<\/a><\/p><p><a href=\"https:\/\/transparencia.crecheandreluizitu.org\/wp-content\/uploads\/2025\/07\/02-2025-DESP.-REALIZADAS-OPERACIONAL.pdf\">Fevereiro &#8211; 2025 DESP. REALIZADAS-OPERACIONAL<\/a><\/p><p><a href=\"https:\/\/transparencia.crecheandreluizitu.org\/wp-content\/uploads\/2025\/07\/02-2025-DESP.-REALIZADAS-PROVISIONAMENTO.pdf\">Fevereiro &#8211; 2025 DESP. REALIZADAS PROVISIONAMENTO<\/a><\/p><p><a href=\"https:\/\/transparencia.crecheandreluizitu.org\/wp-content\/uploads\/2025\/07\/03-2025-DESP.-REALIZADAS-OPERACIONAL.pdf\">Mar\u00e7o &#8211; 2025 DESP. REALIZADAS-OPERACIONAL<\/a><\/p><p><a href=\"https:\/\/transparencia.crecheandreluizitu.org\/wp-content\/uploads\/2025\/07\/03-2025-DESP.-REALIZADAS-PROVISIONAMENTO.pdf\">Mar\u00e7o &#8211; 2025 DESP. REALIZADAS-PROVISIONAMENTO<\/a><\/p><p><a href=\"https:\/\/transparencia.crecheandreluizitu.org\/wp-content\/uploads\/2025\/07\/04-2025-DESP.-REALIZADAS-OPERACIONAL.pdf\">Abril &#8211; 2025 DESP. REALIZADAS-OPERACIONAL<\/a><\/p><p><a href=\"https:\/\/transparencia.crecheandreluizitu.org\/wp-content\/uploads\/2025\/07\/04-2025-DESP.-REALIZADAS-PROVISIONAMENTO.pdf\">Abril &#8211; 2025 DESP. REALIZADAS-PROVISIONAMENTO<\/a><\/p><p><a href=\"https:\/\/transparencia.crecheandreluizitu.org\/wp-content\/uploads\/2025\/08\/05-2025-DESPESAS-REALIZADAS-OPERACIONAL.pdf\">Maio -2025 DESPESAS REALIZADAS OPERACIONAL<\/a><\/p><p><a href=\"https:\/\/transparencia.crecheandreluizitu.org\/wp-content\/uploads\/2025\/08\/05-2025-DESPESAS-REALIZADAS-PROVISIONAMENTO.pdf\">Maio -2025 DESPESAS REALIZADAS PROVISIONAMENTO<\/a><\/p><p><a href=\"https:\/\/transparencia.crecheandreluizitu.org\/wp-content\/uploads\/2025\/08\/06-2025-DESPESAS-REALIZADAS-OPERACIONAL.pdf\">Junho -2025 DESPESAS REALIZADAS OPERACIONAL<\/a><\/p><p><a href=\"https:\/\/transparencia.crecheandreluizitu.org\/wp-content\/uploads\/2025\/08\/06-2025-DESPESAS-REALIZADAS-PROVISIONAMENTO.pdf\">Junho -2025 DESPESAS REALIZADAS PROVISIONAMENTO<\/a><\/p><p><a href=\"https:\/\/transparencia.crecheandreluizitu.org\/wp-content\/uploads\/2026\/03\/07-2025-DESPESAS-REALIZADAS-OPERACIONAL.pdf\">Julho -2025 DESPESAS REALIZADAS OPERACIONAL<\/a><\/p><p><a href=\"https:\/\/transparencia.crecheandreluizitu.org\/wp-content\/uploads\/2026\/03\/07-2025-DESPESAS-REALIZADAS-PROVISIONAMENTO.pdf\">Julho -2025 DESPESAS REALIZADAS PROVISIONAMENTO<\/a><\/p><p><a href=\"https:\/\/transparencia.crecheandreluizitu.org\/wp-content\/uploads\/2026\/03\/08-2025-DESPESAS-REALIZADAS-OPERACIONAL.pdf\">Agosto -2025 DESPESAS REALIZADAS OPERACIONAL<\/a><\/p><p><a href=\"https:\/\/transparencia.crecheandreluizitu.org\/wp-content\/uploads\/2026\/03\/08-2025-DESPESAS-REALIZADAS-PROVISIONAMENTO.pdf\">Agosto -2025 DESPESAS REALIZADAS PROVISIONAMENTO<\/a><\/p><p><a href=\"https:\/\/transparencia.crecheandreluizitu.org\/wp-content\/uploads\/2026\/03\/09-2025-DESPESAS-REALIZADAS-OPERACIONAL.pdf\">Setembro -2025 DESPESAS REALIZADAS OPERACIONAL<\/a><\/p><p><a href=\"https:\/\/transparencia.crecheandreluizitu.org\/wp-content\/uploads\/2026\/03\/09-2025-DESPESAS-REALIZADAS-PROVISIONAMENTO.pdf\">Setembro -2025 DESPESAS REALIZADAS PROVISIONAMENTO<\/a><\/p><p><a href=\"https:\/\/transparencia.crecheandreluizitu.org\/wp-content\/uploads\/2026\/03\/10-2025-DESPESAS-REALIZADAS-OPERACIONAL-.pdf\">Outubro -2025 DESPESAS REALIZADAS OPERACIONAL-<\/a><\/p><p><a href=\"https:\/\/transparencia.crecheandreluizitu.org\/wp-content\/uploads\/2026\/03\/10-2025-DESPESAS-REALIZADAS-PROVISIONAMENTO-.pdf\">Outubro -2025 DESPESAS REALIZADAS PROVISIONAMENTO-<\/a><\/p><p><a href=\"https:\/\/transparencia.crecheandreluizitu.org\/wp-content\/uploads\/2026\/03\/11-2025-DESPESAS-REALIZADAS-OPERACIONAL.pdf\">Novembro -2025 DESPESAS REALIZADAS OPERACIONAL<\/a><\/p><p><a href=\"https:\/\/transparencia.crecheandreluizitu.org\/wp-content\/uploads\/2026\/03\/11-2025-DESPESAS-REALIZADAS-PROVISIONAMENTO.pdf\">Novembro -2025 DESPESAS REALIZADAS PROVISIONAMENTO<\/a><\/p><p><a href=\"https:\/\/transparencia.crecheandreluizitu.org\/wp-content\/uploads\/2026\/03\/12-2025-DESPESAS-REALIZADAS-PROVISIONAMENTO.pdf\">Dezembro -2025 DESPESAS REALIZADAS PROVISIONAMENTO<\/a><\/p><p><a href=\"https:\/\/transparencia.crecheandreluizitu.org\/wp-content\/uploads\/2026\/03\/12-2025-DESPESAS-REALIZADAS-OPERACIONAL.pdf\">Dezembro -2025 DESPESAS REALIZADAS OPERACIONAL<\/a><\/p><\/div>\n\t\t\t\t\t\t\t\t\t<div class=\"elementor-tab-title elementor-tab-mobile-title\" aria-selected=\"false\" data-tab=\"8\" role=\"tab\" tabindex=\"-1\" aria-controls=\"elementor-tab-content-3938\" aria-expanded=\"false\">Balan\u00e7o de Demonstrativos Cont\u00e1beis<\/div>\n\t\t\t\t\t<div id=\"elementor-tab-content-3938\" class=\"elementor-tab-content elementor-clearfix\" data-tab=\"8\" role=\"tabpanel\" aria-labelledby=\"elementor-tab-title-3938\" tabindex=\"0\" hidden=\"hidden\"><p><a href=\"https:\/\/transparencia.crecheandreluizitu.org\/wp-content\/uploads\/2022\/06\/BALANA_O_PATRIMONIAL_-_2019.pdf\">Balan\u00e7o Patrimonial 2019<\/a><\/p><p><a href=\"https:\/\/transparencia.crecheandreluizitu.org\/wp-content\/uploads\/2022\/06\/BALANCO-PATRIMONIAL-2020-RES.pdf\">Balan\u00e7o Patrimonial 2020<\/a><\/p><p><a href=\"https:\/\/transparencia.crecheandreluizitu.org\/wp-content\/uploads\/2022\/06\/BALANCO-2021.pdf\">Balan\u00e7o Patrimonial 2021<\/a><\/p><p><a href=\"https:\/\/transparencia.crecheandreluizitu.org\/wp-content\/uploads\/2023\/03\/BALANCO-2022-ASSINADO.pdf\">Balan\u00e7o Patrimonial 2022<\/a><\/p><p><a href=\"https:\/\/transparencia.crecheandreluizitu.org\/wp-content\/uploads\/2024\/09\/2023-BALANCO-2.pdf\">Balan\u00e7o Patrimonial 2023<\/a><\/p><p><a href=\"https:\/\/transparencia.crecheandreluizitu.org\/wp-content\/uploads\/2025\/05\/2024-BALANCO-PATRIMONIAL.pdf\">Balan\u00e7o Patrimonial 2024<\/a><\/p><p><a href=\"https:\/\/transparencia.crecheandreluizitu.org\/wp-content\/uploads\/2026\/03\/2025-BALANCO-PATRIMONIAL.pdf\">Balan\u00e7o Patrimonial 2025<\/a><\/p><\/div>\n\t\t\t\t\t\t\t\t\t<div class=\"elementor-tab-title elementor-tab-mobile-title\" aria-selected=\"false\" data-tab=\"9\" role=\"tab\" tabindex=\"-1\" aria-controls=\"elementor-tab-content-3939\" aria-expanded=\"false\">Balancete de Demonstrativos Cont\u00e1beis - 2025<\/div>\n\t\t\t\t\t<div id=\"elementor-tab-content-3939\" class=\"elementor-tab-content elementor-clearfix\" data-tab=\"9\" role=\"tabpanel\" aria-labelledby=\"elementor-tab-title-3939\" tabindex=\"0\" hidden=\"hidden\"><p><a href=\"https:\/\/transparencia.crecheandreluizitu.org\/wp-content\/uploads\/2025\/07\/01-2025-BALANCETE.pdf\">Janeiro &#8211; 2025 BALANCETE<\/a><\/p><p><a href=\"https:\/\/transparencia.crecheandreluizitu.org\/wp-content\/uploads\/2025\/07\/02-2025-BALANCETE.pdf\">Fevereiro &#8211; 2025 BALANCETE<\/a><\/p><p><a href=\"https:\/\/transparencia.crecheandreluizitu.org\/wp-content\/uploads\/2025\/07\/03-2025-BALANCETE.pdf\">Mar\u00e7o &#8211; 2025 BALANCETE<\/a><\/p><p><a href=\"https:\/\/transparencia.crecheandreluizitu.org\/wp-content\/uploads\/2025\/07\/04-2025-BALANCETE.pdf\">Abril &#8211; 2025 BALANCETE<\/a><\/p><p><a href=\"https:\/\/transparencia.crecheandreluizitu.org\/wp-content\/uploads\/2025\/08\/05-2025-BALANCETE.pdf\">Maio -2025 BALANCETE<\/a><\/p><p><a href=\"https:\/\/transparencia.crecheandreluizitu.org\/wp-content\/uploads\/2026\/03\/06-2025-BALANCETE.pdf\">Junho -2025 BALANCETE<\/a><\/p><p><a href=\"https:\/\/transparencia.crecheandreluizitu.org\/wp-content\/uploads\/2026\/03\/08-2025-BALANCETE.pdf\">Agosto-2025\u00a0 BALANCETE<\/a><\/p><p><a href=\"https:\/\/transparencia.crecheandreluizitu.org\/wp-content\/uploads\/2026\/03\/09-2025-BALANCETE.pdf\">Setembro -2025 BALANCETE<\/a>\u00a0<\/p><p><a href=\"https:\/\/transparencia.crecheandreluizitu.org\/wp-content\/uploads\/2026\/03\/10-2025-BALANCETE.pdf\">Outubro -2025 BALANCETE<\/a><\/p><p><a href=\"https:\/\/transparencia.crecheandreluizitu.org\/wp-content\/uploads\/2026\/03\/11-2025-BALANCETE.pdf\">Novembro -2025 BALANCETE<\/a>\u00a0<\/p><p><a href=\"https:\/\/transparencia.crecheandreluizitu.org\/wp-content\/uploads\/2026\/03\/12-2025-BALANCETE.pdf\">Dezembro -2025 BALANCETE<\/a><\/p><\/div>\n\t\t\t\t\t\t\t\t\t<div class=\"elementor-tab-title elementor-tab-mobile-title\" aria-selected=\"false\" data-tab=\"10\" role=\"tab\" tabindex=\"-1\" aria-controls=\"elementor-tab-content-39310\" aria-expanded=\"false\">FUNDO MUNICIPAL DOS DIREITOS DA CRIAN\u00c7A E DO ADOLESCENTE - 2025<\/div>\n\t\t\t\t\t<div id=\"elementor-tab-content-39310\" class=\"elementor-tab-content elementor-clearfix\" data-tab=\"10\" role=\"tabpanel\" aria-labelledby=\"elementor-tab-title-39310\" tabindex=\"0\" hidden=\"hidden\"><p><a href=\"https:\/\/transparencia.crecheandreluizitu.org\/wp-content\/uploads\/2025\/07\/ATA-2025.pdf\">ATA 2025<\/a><\/p><p><a href=\"https:\/\/transparencia.crecheandreluizitu.org\/wp-content\/uploads\/2025\/07\/06-2025-CNPJ.pdf\">Junho &#8211; 2025 CNPJ<\/a><\/p><p><a href=\"https:\/\/transparencia.crecheandreluizitu.org\/wp-content\/uploads\/2025\/08\/2025-TERMO-DE-FOMENTO-10170-2025.pdf\">2025-TERMO DE FOMENTO 10170-2025<\/a><\/p><p><a href=\"https:\/\/transparencia.crecheandreluizitu.org\/wp-content\/uploads\/2025\/07\/ESTATUTO.pdf\">ESTATUTO<\/a><\/p><p><a href=\"https:\/\/transparencia.crecheandreluizitu.org\/wp-content\/uploads\/2025\/07\/PLANO-DE-TRABALHO-CMDCA-2025-.pdf\">PLANO DE TRABALHO CMDCA 2025-<\/a><\/p><\/div>\n\t\t\t\t\t\t\t<\/div>\n\t\t<\/div>\n\t\t\t\t<\/div>\n\t\t\t\t<\/div>\n\t\t\t\t\t<\/div>\n\t\t<\/div>\n\t\t\t\t\t\t\t<\/div>\n\t\t<\/section>\n\t\t\t\t<section class=\"elementor-section elementor-top-section elementor-element elementor-element-b122799 elementor-section-boxed elementor-section-height-default elementor-section-height-default\" data-id=\"b122799\" data-element_type=\"section\">\n\t\t\t\t\t\t<div class=\"elementor-container elementor-column-gap-default\">\n\t\t\t\t\t<div class=\"elementor-column elementor-col-100 elementor-top-column elementor-element elementor-element-42fb190\" data-id=\"42fb190\" data-element_type=\"column\">\n\t\t\t<div class=\"elementor-widget-wrap elementor-element-populated\">\n\t\t\t\t\t\t\t\t<div class=\"elementor-element elementor-element-b5b798c elementor-widget elementor-widget-heading\" data-id=\"b5b798c\" data-element_type=\"widget\" data-widget_type=\"heading.default\">\n\t\t\t\t<div class=\"elementor-widget-container\">\n\t\t\t<h2 class=\"elementor-heading-title elementor-size-default\">Ano de 2025<\/h2>\t\t<\/div>\n\t\t\t\t<\/div>\n\t\t\t\t\t<\/div>\n\t\t<\/div>\n\t\t\t\t\t\t\t<\/div>\n\t\t<\/section>\n\t\t\t\t<section class=\"elementor-section elementor-top-section elementor-element elementor-element-90adb9d elementor-section-boxed elementor-section-height-default elementor-section-height-default\" data-id=\"90adb9d\" data-element_type=\"section\">\n\t\t\t\t\t\t<div class=\"elementor-container elementor-column-gap-default\">\n\t\t\t\t\t<div class=\"elementor-column elementor-col-100 elementor-top-column elementor-element elementor-element-a44a8d2\" data-id=\"a44a8d2\" data-element_type=\"column\">\n\t\t\t<div class=\"elementor-widget-wrap elementor-element-populated\">\n\t\t\t\t\t\t\t\t<div class=\"elementor-element elementor-element-6eed84b elementor-tabs-view-vertical elementor-widget elementor-widget-tabs\" data-id=\"6eed84b\" data-element_type=\"widget\" data-widget_type=\"tabs.default\">\n\t\t\t\t<div class=\"elementor-widget-container\">\n\t\t\t\t\t<div class=\"elementor-tabs\">\n\t\t\t<div class=\"elementor-tabs-wrapper\" role=\"tablist\" >\n\t\t\t\t\t\t\t\t\t<div id=\"elementor-tab-title-1161\" class=\"elementor-tab-title elementor-tab-desktop-title\" aria-selected=\"true\" data-tab=\"1\" role=\"tab\" tabindex=\"0\" aria-controls=\"elementor-tab-content-1161\" aria-expanded=\"false\">Transpar\u00eancia Creche Andr\u00e9 Luiz:<\/div>\n\t\t\t\t\t\t\t\t\t<div id=\"elementor-tab-title-1162\" class=\"elementor-tab-title elementor-tab-desktop-title\" aria-selected=\"false\" data-tab=\"2\" role=\"tab\" tabindex=\"-1\" aria-controls=\"elementor-tab-content-1162\" aria-expanded=\"false\">Estatuto Social<\/div>\n\t\t\t\t\t\t\t\t\t<div id=\"elementor-tab-title-1163\" class=\"elementor-tab-title elementor-tab-desktop-title\" aria-selected=\"false\" data-tab=\"3\" role=\"tab\" tabindex=\"-1\" aria-controls=\"elementor-tab-content-1163\" aria-expanded=\"false\">Plano de Trabalho<\/div>\n\t\t\t\t\t\t\t\t\t<div id=\"elementor-tab-title-1164\" class=\"elementor-tab-title elementor-tab-desktop-title\" aria-selected=\"false\" data-tab=\"4\" role=\"tab\" tabindex=\"-1\" aria-controls=\"elementor-tab-content-1164\" aria-expanded=\"false\">Documentos e Certificados<\/div>\n\t\t\t\t\t\t\t\t\t<div id=\"elementor-tab-title-1165\" class=\"elementor-tab-title elementor-tab-desktop-title\" aria-selected=\"false\" data-tab=\"5\" role=\"tab\" tabindex=\"-1\" aria-controls=\"elementor-tab-content-1165\" aria-expanded=\"false\">TERMO DE COLABORA\u00c7\u00c3O COM A PREFEITURA E ADITIVOS<\/div>\n\t\t\t\t\t\t\t\t\t<div id=\"elementor-tab-title-1166\" class=\"elementor-tab-title elementor-tab-desktop-title\" aria-selected=\"false\" data-tab=\"6\" role=\"tab\" tabindex=\"-1\" aria-controls=\"elementor-tab-content-1166\" aria-expanded=\"false\">Demonstrativo integral das receitas e despesas - Exerc\u00edcio 2025<\/div>\n\t\t\t\t\t\t\t\t\t<div id=\"elementor-tab-title-1167\" class=\"elementor-tab-title elementor-tab-desktop-title\" aria-selected=\"false\" data-tab=\"7\" role=\"tab\" tabindex=\"-1\" aria-controls=\"elementor-tab-content-1167\" aria-expanded=\"false\">Demonstrativo das despesas incorridas - Exerc\u00edcio 2025<\/div>\n\t\t\t\t\t\t\t\t\t<div id=\"elementor-tab-title-1168\" class=\"elementor-tab-title elementor-tab-desktop-title\" aria-selected=\"false\" data-tab=\"8\" role=\"tab\" tabindex=\"-1\" aria-controls=\"elementor-tab-content-1168\" aria-expanded=\"false\">Balan\u00e7o de Demonstrativos Cont\u00e1beis<\/div>\n\t\t\t\t\t\t\t\t\t<div id=\"elementor-tab-title-1169\" class=\"elementor-tab-title elementor-tab-desktop-title\" aria-selected=\"false\" data-tab=\"9\" role=\"tab\" tabindex=\"-1\" aria-controls=\"elementor-tab-content-1169\" aria-expanded=\"false\">Balancete de Demonstrativos Cont\u00e1beis - 2025<\/div>\n\t\t\t\t\t\t\t\t\t<div id=\"elementor-tab-title-11610\" class=\"elementor-tab-title elementor-tab-desktop-title\" aria-selected=\"false\" data-tab=\"10\" role=\"tab\" tabindex=\"-1\" aria-controls=\"elementor-tab-content-11610\" aria-expanded=\"false\">FUNDO MUNICIPAL DOS DIREITOS DA CRIAN\u00c7A E DO ADOLESCENTE - 2025<\/div>\n\t\t\t\t\t\t\t<\/div>\n\t\t\t<div class=\"elementor-tabs-content-wrapper\" role=\"tablist\" aria-orientation=\"vertical\">\n\t\t\t\t\t\t\t\t\t<div class=\"elementor-tab-title elementor-tab-mobile-title\" aria-selected=\"true\" data-tab=\"1\" role=\"tab\" tabindex=\"0\" aria-controls=\"elementor-tab-content-1161\" aria-expanded=\"false\">Transpar\u00eancia Creche Andr\u00e9 Luiz:<\/div>\n\t\t\t\t\t<div id=\"elementor-tab-content-1161\" class=\"elementor-tab-content elementor-clearfix\" data-tab=\"1\" role=\"tabpanel\" aria-labelledby=\"elementor-tab-title-1161\" tabindex=\"0\" hidden=\"false\"><\/div>\n\t\t\t\t\t\t\t\t\t<div class=\"elementor-tab-title elementor-tab-mobile-title\" aria-selected=\"false\" data-tab=\"2\" role=\"tab\" tabindex=\"-1\" aria-controls=\"elementor-tab-content-1162\" aria-expanded=\"false\">Estatuto Social<\/div>\n\t\t\t\t\t<div id=\"elementor-tab-content-1162\" class=\"elementor-tab-content elementor-clearfix\" data-tab=\"2\" role=\"tabpanel\" aria-labelledby=\"elementor-tab-title-1162\" tabindex=\"0\" hidden=\"hidden\"><p><a href=\"https:\/\/transparencia.crecheandreluizitu.org\/wp-content\/uploads\/2024\/09\/ESTATUTO.pdf\">ESTATUTO SOCIAL<\/a>\u00a0<\/p><\/div>\n\t\t\t\t\t\t\t\t\t<div class=\"elementor-tab-title elementor-tab-mobile-title\" aria-selected=\"false\" data-tab=\"3\" role=\"tab\" tabindex=\"-1\" aria-controls=\"elementor-tab-content-1163\" aria-expanded=\"false\">Plano de Trabalho<\/div>\n\t\t\t\t\t<div id=\"elementor-tab-content-1163\" class=\"elementor-tab-content elementor-clearfix\" data-tab=\"3\" role=\"tabpanel\" aria-labelledby=\"elementor-tab-title-1163\" tabindex=\"0\" hidden=\"hidden\"><p><a href=\"https:\/\/transparencia.crecheandreluizitu.org\/wp-content\/uploads\/2025\/07\/ANEXO-II-PLANO-DE-TRABALHO-2025-.pdf\">PLANO DE TRABALHO 2025<\/a><\/p><\/div>\n\t\t\t\t\t\t\t\t\t<div class=\"elementor-tab-title elementor-tab-mobile-title\" aria-selected=\"false\" data-tab=\"4\" role=\"tab\" tabindex=\"-1\" aria-controls=\"elementor-tab-content-1164\" aria-expanded=\"false\">Documentos e Certificados<\/div>\n\t\t\t\t\t<div id=\"elementor-tab-content-1164\" class=\"elementor-tab-content elementor-clearfix\" data-tab=\"4\" role=\"tabpanel\" aria-labelledby=\"elementor-tab-title-1164\" tabindex=\"0\" hidden=\"hidden\"><p><a href=\"https:\/\/transparencia.crecheandreluizitu.org\/wp-content\/uploads\/2024\/09\/CNPJ-3.pdf\">CNPJ<\/a><\/p><p><a href=\"https:\/\/transparencia.crecheandreluizitu.org\/wp-content\/uploads\/2025\/08\/ATESTADO-DE-FUNCIONAMENTO.pdf\">ATESTADO DE FUNCIONAMENT0 2025<\/a>\u00a0<\/p><p><a href=\"https:\/\/transparencia.crecheandreluizitu.org\/wp-content\/uploads\/2024\/09\/CERTIFICADO-CMDCA.pdf\">CERTIFICADO CMDCA<\/a><\/p><p><a href=\"https:\/\/transparencia.crecheandreluizitu.org\/wp-content\/uploads\/2025\/07\/REGULAMENTO-INSTITUCIONAL-DE-CONTRATACAO-DE-PESSOAL-2025.pdf\">REGULAMENTO INSTITUCIONAL DE CONTRATA\u00c7\u00c3O DE PESSOAL-2025<\/a><\/p><\/div>\n\t\t\t\t\t\t\t\t\t<div class=\"elementor-tab-title elementor-tab-mobile-title\" aria-selected=\"false\" data-tab=\"5\" role=\"tab\" tabindex=\"-1\" aria-controls=\"elementor-tab-content-1165\" aria-expanded=\"false\">TERMO DE COLABORA\u00c7\u00c3O COM A PREFEITURA E ADITIVOS<\/div>\n\t\t\t\t\t<div id=\"elementor-tab-content-1165\" class=\"elementor-tab-content elementor-clearfix\" data-tab=\"5\" role=\"tabpanel\" aria-labelledby=\"elementor-tab-title-1165\" tabindex=\"0\" hidden=\"hidden\"><p><a href=\"https:\/\/transparencia.crecheandreluizitu.org\/wp-content\/uploads\/2023\/03\/2o-ADITIVO-No22777-2020.pdf\">2\u00ba ADITIVO N\u00ba22777-2020<\/a><\/p><p><a href=\"https:\/\/transparencia.crecheandreluizitu.org\/wp-content\/uploads\/2023\/05\/2o-ADITIVO-No22777-2020.pdf\">2\u00ba ADITIVO AO TERMO DE COLABORA\u00c7\u00c3O 22777\/2020 &#8211; VIG\u00caNCIA 01\/01\/2023 A 31\/12\/2023<\/a><\/p><p><a href=\"https:\/\/transparencia.crecheandreluizitu.org\/wp-content\/uploads\/2022\/06\/Termo-de-Colaboracao-No-22777-2020.pdf\">Termo de Colabora\u00e7\u00e3o 22777\/2020 &#8211; Vig\u00eancia 01\/01\/2021 a 31\/12\/2021<\/a><\/p><p><a href=\"https:\/\/transparencia.crecheandreluizitu.org\/wp-content\/uploads\/2022\/06\/Termo-de-Colaboracao-Andre-Luiz.pdf\">1\u00b0 termo Aditivo em 21\/03\/2020<\/a><\/p><p><a href=\"https:\/\/transparencia.crecheandreluizitu.org\/wp-content\/uploads\/2022\/06\/1Ao_Termo_Aditivo_Termo_de_ColaboraA\u00a7Ao_-_AndrA\u00a9_Luiz.pdf\">Termo de Colabora\u00e7\u00e3o Prefeitura Vig\u00eancia de 01\/01\/2020 a 31\/12\/2020<\/a><\/p><p><a href=\"https:\/\/transparencia.crecheandreluizitu.org\/wp-content\/uploads\/2022\/09\/1o-Aditivo-Creche-e-Lar-Andre-Luiz-de-Itu.pdf\">1\u00ba Aditivo ao Termo de Colabora\u00e7\u00e3o 2277\/2020 &#8211; VIG\u00caNCIA 01\/01\/2022 A 31\/12\/2022<\/a><\/p><p><a href=\"https:\/\/transparencia.crecheandreluizitu.org\/wp-content\/uploads\/2024\/09\/3o-ADITIVO-AO-TERMO-DE-COLABORACAO-2024.pdf\">3\u00ba ADITIVO AO TERMO DE COLABORA\u00c7\u00c3O 2024<\/a><\/p><p><a href=\"https:\/\/transparencia.crecheandreluizitu.org\/wp-content\/uploads\/2025\/07\/4o-ADITIVO-AO-TERMO-DE-COLABORACAO.pdf\">4\u00ba ADITIVO AO TERMO DE COLABORA\u00c7\u00c3O<\/a><\/p><\/div>\n\t\t\t\t\t\t\t\t\t<div class=\"elementor-tab-title elementor-tab-mobile-title\" aria-selected=\"false\" data-tab=\"6\" role=\"tab\" tabindex=\"-1\" aria-controls=\"elementor-tab-content-1166\" aria-expanded=\"false\">Demonstrativo integral das receitas e despesas - Exerc\u00edcio 2025<\/div>\n\t\t\t\t\t<div id=\"elementor-tab-content-1166\" class=\"elementor-tab-content elementor-clearfix\" data-tab=\"6\" role=\"tabpanel\" aria-labelledby=\"elementor-tab-title-1166\" tabindex=\"0\" hidden=\"hidden\"><p><a href=\"https:\/\/transparencia.crecheandreluizitu.org\/wp-content\/uploads\/2025\/07\/01-2025-RP10-DEMONST.-INT.-DAS-RECEITAS-E-DESPESAS-PREFEITURA.pdf\">Janeiro -2025 RP10- DEMONST. INT. DAS RECEITAS E DESPESAS-PREFEITURA<\/a><\/p><p><a href=\"https:\/\/transparencia.crecheandreluizitu.org\/wp-content\/uploads\/2025\/07\/01-2025-RP10-DEMONST.-INT.-DAS-RECEITAS-E-DESPESAS-ENTIDADE.pdf\">Janeiro -2025 RP10- DEMONST. INT. DAS RECEITAS E DESPESAS-ENTIDADE<\/a><\/p><p><a href=\"https:\/\/transparencia.crecheandreluizitu.org\/wp-content\/uploads\/2025\/07\/02-2025-RP10-DEMONST.-INT.-DAS-RECEITAS-E-DESPESAS-PREFEITURA-.pdf\">Fevereiro -2025 RP10- DEMONST. INT. DAS RECEITAS E DESPESAS-PREFEITURA-<\/a><\/p><p><a href=\"https:\/\/transparencia.crecheandreluizitu.org\/wp-content\/uploads\/2025\/07\/02-2025-RP10-DEMONST.-INT.-DAS-RECEITAS-E-DESPESAS-ENTIDADE.pdf\">Fevereiro -2025 RP10- DEMONST. INT. DAS RECEITAS E DESPESAS-ENTIDADE<\/a><\/p><p><a href=\"https:\/\/transparencia.crecheandreluizitu.org\/wp-content\/uploads\/2025\/07\/03-2025-RP-10-DEMONST.-INT.-DAS-RECEITAS-E-DESPESAS-PREFEITURA-.pdf\">Mar\u00e7o &#8211; 2025 RP 10-DEMONST. INT. DAS RECEITAS E DESPESAS-PREFEITURA<\/a><\/p><p><a href=\"https:\/\/transparencia.crecheandreluizitu.org\/wp-content\/uploads\/2025\/07\/03-2025-RP10-DEMONST.-INT.-DAS-RECEITAS-E-DESPESAS-ENTIDADE.pdf\">Mar\u00e7o &#8211; 2025 RP10- DEMONST. INT. DAS RECEITAS E DESPESAS-ENTIDADE<\/a><\/p><p><a href=\"https:\/\/transparencia.crecheandreluizitu.org\/wp-content\/uploads\/2025\/07\/04-2025-RP10-DEMONST.-INT.-DAS-RECEITAS-E-DESPESAS-PREFEITURA.pdf\">Abril &#8211; 2025 RP10- DEMONST. INT. DAS RECEITAS E DESPESAS-PREFEITURA<\/a><\/p><p><a href=\"https:\/\/transparencia.crecheandreluizitu.org\/wp-content\/uploads\/2025\/07\/04-2025-RP10-DEMONST.-INT.-DAS-RECEITAS-E-DESPESAS-ENTIDADE.pdf\">Abril &#8211; 2025 RP10- DEMONST. INT. DAS RECEITAS E DESPESAS-ENTIDADE<\/a><\/p><p><a href=\"https:\/\/transparencia.crecheandreluizitu.org\/wp-content\/uploads\/2025\/08\/05-2025-RP10-DEMONST.-INT.-DAS-RECEITAS-E-DESPESAS-ENTIDADE.pdf\">Maio -2025 RP10- DEMONST. INT. DAS RECEITAS E DESPESAS-ENTIDADE<\/a><\/p><p><a href=\"https:\/\/transparencia.crecheandreluizitu.org\/wp-content\/uploads\/2025\/08\/05-2025-RP10-DEMONST.-INT.-DAS-RECEITAS-E-DESPESAS-PREFEITURA.pdf\">Maio -2025 RP10- DEMONST. INT. DAS RECEITAS E DESPESAS-PREFEITURA<\/a><\/p><p><a href=\"https:\/\/transparencia.crecheandreluizitu.org\/wp-content\/uploads\/2025\/08\/06-2025-RP10-DEMONST.-INT.-DAS-RECEITAS-E-DESPESAS-ENTIDADE.pdf\">Junho -2025 RP10- DEMONST. INT. DAS RECEITAS E DESPESAS-ENTIDADE<\/a><\/p><p><a href=\"https:\/\/transparencia.crecheandreluizitu.org\/wp-content\/uploads\/2025\/08\/06-2025-RP10-DEMONST.-INT.-DAS-RECEITAS-E-DESPESAS-PREFEITURA.pdf\">Junho -2025 RP10- DEMONST. INT. DAS RECEITAS E DESPESAS-PREFEITURA<\/a><\/p><p><a href=\"https:\/\/transparencia.crecheandreluizitu.org\/wp-content\/uploads\/2026\/03\/07-2025-RP10-DEMONST.-INT.-DAS-RECEITAS-E-DESPESAS-PREFEITURA.pdf\">Julho-2025 RP10- DEMONST. INT. DAS RECEITAS E DESPESAS-PREFEITURA<\/a><\/p><p><a href=\"https:\/\/transparencia.crecheandreluizitu.org\/wp-content\/uploads\/2026\/03\/07-2025-RP10-DEMONST.-INT.-DAS-RECEITAS-E-DESPESAS-ENTIDADE.pdf\">Julho-2025 RP10- DEMONST. INT. DAS RECEITAS E DESPESAS-ENTIDADE<\/a><\/p><p><a href=\"https:\/\/transparencia.crecheandreluizitu.org\/wp-content\/uploads\/2026\/03\/08-2025-RP10-DEMONST.-INT.-DAS-RECEITAS-E-DESPESAS-PREFEITURA.pdf\">Agosto-2025 RP10- DEMONST. INT. DAS RECEITAS E DESPESAS-PREFEITURA<\/a><\/p><p><a href=\"https:\/\/transparencia.crecheandreluizitu.org\/wp-content\/uploads\/2026\/03\/08-2025-RP10-DEMONST.-INT.-DAS-RECEITAS-E-DESPESAS-ENTIDADE.pdf\">Agosto-2025 RP10- DEMONST. INT. DAS RECEITAS E DESPESAS-ENTIDADE<\/a><\/p><p><a href=\"https:\/\/transparencia.crecheandreluizitu.org\/wp-content\/uploads\/2026\/03\/09-2025-RP10-DEMONST.-INT.-DAS-RECEITAS-E-DESPESAS-PREFEITURA.pdf\">Setembro-2025 RP10- DEMONST. INT. DAS RECEITAS E DESPESAS-PREFEITURA<\/a><\/p><p><a href=\"https:\/\/transparencia.crecheandreluizitu.org\/wp-content\/uploads\/2026\/03\/09-2025-RP10-DEMONST.-INT.-DAS-RECEITAS-E-DESPESAS-ENTIDADE.pdf\">Setembro -2025 RP10- DEMONST. INT. DAS RECEITAS E DESPESAS-ENTIDADE<\/a><\/p><p><a href=\"https:\/\/transparencia.crecheandreluizitu.org\/wp-content\/uploads\/2026\/03\/10-2025-RP10-DEMONST.-INT.-DAS-RECEITAS-E-DESPESAS-ENTIDADE-.pdf\">Outubro -2025 RP10- DEMONST. INT. DAS RECEITAS E DESPESAS-ENTIDADE<\/a><\/p><p><a href=\"https:\/\/transparencia.crecheandreluizitu.org\/wp-content\/uploads\/2026\/03\/10-2025-RP10-DEMONST.-INT.-DAS-RECEITAS-E-DESPESAS-PREFEITURA.pdf\">Outubro -2025 RP10- DEMONST. INT. DAS RECEITAS E DESPESAS-PREFEITURA<\/a><\/p><p><a href=\"https:\/\/transparencia.crecheandreluizitu.org\/wp-content\/uploads\/2026\/03\/11-2025-RP10-DEMONST.-INT.-DAS-RECEITAS-E-DESPESAS-PREFEITURA.pdf\">Novembro -2025 RP10- DEMONST. INT. DAS RECEITAS E DESPESAS-PREFEITURA<\/a><\/p><p><a href=\"https:\/\/transparencia.crecheandreluizitu.org\/wp-content\/uploads\/2026\/03\/11-2025-RP10-DEMONST.-INT.-DAS-RECEITAS-E-DESPESAS-ENTIDADE.pdf\">Novembro -2025 RP10- DEMONST. INT. DAS RECEITAS E DESPESAS-ENTIDADE<\/a><\/p><p><a href=\"https:\/\/transparencia.crecheandreluizitu.org\/wp-content\/uploads\/2026\/03\/12-2025-RP10-DEMONST.-INT.-DAS-RECEITAS-E-DESPESAS-PREFEITURA.pdf\">Dezembro -2025 RP10- DEMONST. INT. DAS RECEITAS E DESPESAS-PREFEITURA<\/a><\/p><p><a href=\"https:\/\/transparencia.crecheandreluizitu.org\/wp-content\/uploads\/2026\/03\/12-2025-RP10-DEMONST.-INT.-DAS-RECEITAS-E-DESPESAS-ENTIDADE.pdf\">Dezembro -2025 RP10- DEMONST. INT. DAS RECEITAS E DESPESAS-ENTIDADE<\/a><\/p><\/div>\n\t\t\t\t\t\t\t\t\t<div class=\"elementor-tab-title elementor-tab-mobile-title\" aria-selected=\"false\" data-tab=\"7\" role=\"tab\" tabindex=\"-1\" aria-controls=\"elementor-tab-content-1167\" aria-expanded=\"false\">Demonstrativo das despesas incorridas - Exerc\u00edcio 2025<\/div>\n\t\t\t\t\t<div id=\"elementor-tab-content-1167\" class=\"elementor-tab-content elementor-clearfix\" data-tab=\"7\" role=\"tabpanel\" aria-labelledby=\"elementor-tab-title-1167\" tabindex=\"0\" hidden=\"hidden\"><p><a href=\"https:\/\/transparencia.crecheandreluizitu.org\/wp-content\/uploads\/2025\/07\/01-2025-DESPESAS-REALIZADAS-NO-PERIODO-OPERACIONAL.pdf\">Janeiro &#8211; 2025 DESPESAS REALIZADAS NO PER\u00cdODO OPERACIONAL<\/a><\/p><p><a href=\"https:\/\/transparencia.crecheandreluizitu.org\/wp-content\/uploads\/2025\/07\/01-2025-DESPESAS-REALIZADAS-NO-PERIODO-PROVISIONAMENTO.pdf\">Janeiro &#8211; 2025 DESPESAS REALIZADAS NO PER\u00cdODO PROVISIONAMENTO<\/a><\/p><p><a href=\"https:\/\/transparencia.crecheandreluizitu.org\/wp-content\/uploads\/2025\/07\/02-2025-DESP.-REALIZADAS-OPERACIONAL.pdf\">Fevereiro &#8211; 2025 DESP. REALIZADAS-OPERACIONAL<\/a><\/p><p><a href=\"https:\/\/transparencia.crecheandreluizitu.org\/wp-content\/uploads\/2025\/07\/02-2025-DESP.-REALIZADAS-PROVISIONAMENTO.pdf\">Fevereiro &#8211; 2025 DESP. REALIZADAS PROVISIONAMENTO<\/a><\/p><p><a href=\"https:\/\/transparencia.crecheandreluizitu.org\/wp-content\/uploads\/2025\/07\/03-2025-DESP.-REALIZADAS-OPERACIONAL.pdf\">Mar\u00e7o &#8211; 2025 DESP. REALIZADAS-OPERACIONAL<\/a><\/p><p><a href=\"https:\/\/transparencia.crecheandreluizitu.org\/wp-content\/uploads\/2025\/07\/03-2025-DESP.-REALIZADAS-PROVISIONAMENTO.pdf\">Mar\u00e7o &#8211; 2025 DESP. REALIZADAS-PROVISIONAMENTO<\/a><\/p><p><a href=\"https:\/\/transparencia.crecheandreluizitu.org\/wp-content\/uploads\/2025\/07\/04-2025-DESP.-REALIZADAS-OPERACIONAL.pdf\">Abril &#8211; 2025 DESP. REALIZADAS-OPERACIONAL<\/a><\/p><p><a href=\"https:\/\/transparencia.crecheandreluizitu.org\/wp-content\/uploads\/2025\/07\/04-2025-DESP.-REALIZADAS-PROVISIONAMENTO.pdf\">Abril &#8211; 2025 DESP. REALIZADAS-PROVISIONAMENTO<\/a><\/p><p><a href=\"https:\/\/transparencia.crecheandreluizitu.org\/wp-content\/uploads\/2025\/08\/05-2025-DESPESAS-REALIZADAS-OPERACIONAL.pdf\">Maio -2025 DESPESAS REALIZADAS OPERACIONAL<\/a><\/p><p><a href=\"https:\/\/transparencia.crecheandreluizitu.org\/wp-content\/uploads\/2025\/08\/05-2025-DESPESAS-REALIZADAS-PROVISIONAMENTO.pdf\">Maio -2025 DESPESAS REALIZADAS PROVISIONAMENTO<\/a><\/p><p><a href=\"https:\/\/transparencia.crecheandreluizitu.org\/wp-content\/uploads\/2025\/08\/06-2025-DESPESAS-REALIZADAS-OPERACIONAL.pdf\">Junho -2025 DESPESAS REALIZADAS OPERACIONAL<\/a><\/p><p><a href=\"https:\/\/transparencia.crecheandreluizitu.org\/wp-content\/uploads\/2025\/08\/06-2025-DESPESAS-REALIZADAS-PROVISIONAMENTO.pdf\">Junho -2025 DESPESAS REALIZADAS PROVISIONAMENTO<\/a><\/p><p><a href=\"https:\/\/transparencia.crecheandreluizitu.org\/wp-content\/uploads\/2026\/03\/07-2025-DESPESAS-REALIZADAS-OPERACIONAL.pdf\">Julho -2025 DESPESAS REALIZADAS OPERACIONAL<\/a><\/p><p><a href=\"https:\/\/transparencia.crecheandreluizitu.org\/wp-content\/uploads\/2026\/03\/07-2025-DESPESAS-REALIZADAS-PROVISIONAMENTO.pdf\">Julho -2025 DESPESAS REALIZADAS PROVISIONAMENTO<\/a><\/p><p><a href=\"https:\/\/transparencia.crecheandreluizitu.org\/wp-content\/uploads\/2026\/03\/08-2025-DESPESAS-REALIZADAS-OPERACIONAL.pdf\">Agosto -2025 DESPESAS REALIZADAS OPERACIONAL<\/a><\/p><p><a href=\"https:\/\/transparencia.crecheandreluizitu.org\/wp-content\/uploads\/2026\/03\/08-2025-DESPESAS-REALIZADAS-PROVISIONAMENTO.pdf\">Agosto -2025 DESPESAS REALIZADAS PROVISIONAMENTO<\/a><\/p><p><a href=\"https:\/\/transparencia.crecheandreluizitu.org\/wp-content\/uploads\/2026\/03\/09-2025-DESPESAS-REALIZADAS-OPERACIONAL.pdf\">Setembro -2025 DESPESAS REALIZADAS OPERACIONAL<\/a><\/p><p><a href=\"https:\/\/transparencia.crecheandreluizitu.org\/wp-content\/uploads\/2026\/03\/09-2025-DESPESAS-REALIZADAS-PROVISIONAMENTO.pdf\">Setembro -2025 DESPESAS REALIZADAS PROVISIONAMENTO<\/a><\/p><p><a href=\"https:\/\/transparencia.crecheandreluizitu.org\/wp-content\/uploads\/2026\/03\/10-2025-DESPESAS-REALIZADAS-OPERACIONAL-.pdf\">Outubro -2025 DESPESAS REALIZADAS OPERACIONAL-<\/a><\/p><p><a href=\"https:\/\/transparencia.crecheandreluizitu.org\/wp-content\/uploads\/2026\/03\/10-2025-DESPESAS-REALIZADAS-PROVISIONAMENTO-.pdf\">Outubro -2025 DESPESAS REALIZADAS PROVISIONAMENTO-<\/a><\/p><p><a href=\"https:\/\/transparencia.crecheandreluizitu.org\/wp-content\/uploads\/2026\/03\/11-2025-DESPESAS-REALIZADAS-OPERACIONAL.pdf\">Novembro -2025 DESPESAS REALIZADAS OPERACIONAL<\/a><\/p><p><a href=\"https:\/\/transparencia.crecheandreluizitu.org\/wp-content\/uploads\/2026\/03\/11-2025-DESPESAS-REALIZADAS-PROVISIONAMENTO.pdf\">Novembro -2025 DESPESAS REALIZADAS PROVISIONAMENTO<\/a><\/p><p><a href=\"https:\/\/transparencia.crecheandreluizitu.org\/wp-content\/uploads\/2026\/03\/12-2025-DESPESAS-REALIZADAS-PROVISIONAMENTO.pdf\">Dezembro -2025 DESPESAS REALIZADAS PROVISIONAMENTO<\/a><\/p><p><a href=\"https:\/\/transparencia.crecheandreluizitu.org\/wp-content\/uploads\/2026\/03\/12-2025-DESPESAS-REALIZADAS-OPERACIONAL.pdf\">Dezembro -2025 DESPESAS REALIZADAS OPERACIONAL<\/a><\/p><\/div>\n\t\t\t\t\t\t\t\t\t<div class=\"elementor-tab-title elementor-tab-mobile-title\" aria-selected=\"false\" data-tab=\"8\" role=\"tab\" tabindex=\"-1\" aria-controls=\"elementor-tab-content-1168\" aria-expanded=\"false\">Balan\u00e7o de Demonstrativos Cont\u00e1beis<\/div>\n\t\t\t\t\t<div id=\"elementor-tab-content-1168\" class=\"elementor-tab-content elementor-clearfix\" data-tab=\"8\" role=\"tabpanel\" aria-labelledby=\"elementor-tab-title-1168\" tabindex=\"0\" hidden=\"hidden\"><p><a href=\"https:\/\/transparencia.crecheandreluizitu.org\/wp-content\/uploads\/2022\/06\/BALANA_O_PATRIMONIAL_-_2019.pdf\">Balan\u00e7o Patrimonial 2019<\/a><\/p><p><a href=\"https:\/\/transparencia.crecheandreluizitu.org\/wp-content\/uploads\/2022\/06\/BALANCO-PATRIMONIAL-2020-RES.pdf\">Balan\u00e7o Patrimonial 2020<\/a><\/p><p><a href=\"https:\/\/transparencia.crecheandreluizitu.org\/wp-content\/uploads\/2022\/06\/BALANCO-2021.pdf\">Balan\u00e7o Patrimonial 2021<\/a><\/p><p><a href=\"https:\/\/transparencia.crecheandreluizitu.org\/wp-content\/uploads\/2023\/03\/BALANCO-2022-ASSINADO.pdf\">Balan\u00e7o Patrimonial 2022<\/a><\/p><p><a href=\"https:\/\/transparencia.crecheandreluizitu.org\/wp-content\/uploads\/2024\/09\/2023-BALANCO-2.pdf\">Balan\u00e7o Patrimonial 2023<\/a><\/p><p><a href=\"https:\/\/transparencia.crecheandreluizitu.org\/wp-content\/uploads\/2025\/05\/2024-BALANCO-PATRIMONIAL.pdf\">Balan\u00e7o Patrimonial 2024<\/a><\/p><p><a href=\"https:\/\/transparencia.crecheandreluizitu.org\/wp-content\/uploads\/2026\/03\/2025-BALANCO-PATRIMONIAL.pdf\">Balan\u00e7o Patrimonial 2025<\/a><\/p><\/div>\n\t\t\t\t\t\t\t\t\t<div class=\"elementor-tab-title elementor-tab-mobile-title\" aria-selected=\"false\" data-tab=\"9\" role=\"tab\" tabindex=\"-1\" aria-controls=\"elementor-tab-content-1169\" aria-expanded=\"false\">Balancete de Demonstrativos Cont\u00e1beis - 2025<\/div>\n\t\t\t\t\t<div id=\"elementor-tab-content-1169\" class=\"elementor-tab-content elementor-clearfix\" data-tab=\"9\" role=\"tabpanel\" aria-labelledby=\"elementor-tab-title-1169\" tabindex=\"0\" hidden=\"hidden\"><p><a href=\"https:\/\/transparencia.crecheandreluizitu.org\/wp-content\/uploads\/2025\/07\/01-2025-BALANCETE.pdf\">Janeiro &#8211; 2025 BALANCETE<\/a><\/p><p><a href=\"https:\/\/transparencia.crecheandreluizitu.org\/wp-content\/uploads\/2025\/07\/02-2025-BALANCETE.pdf\">Fevereiro &#8211; 2025 BALANCETE<\/a><\/p><p><a href=\"https:\/\/transparencia.crecheandreluizitu.org\/wp-content\/uploads\/2025\/07\/03-2025-BALANCETE.pdf\">Mar\u00e7o &#8211; 2025 BALANCETE<\/a><\/p><p><a href=\"https:\/\/transparencia.crecheandreluizitu.org\/wp-content\/uploads\/2025\/07\/04-2025-BALANCETE.pdf\">Abril &#8211; 2025 BALANCETE<\/a><\/p><p><a href=\"https:\/\/transparencia.crecheandreluizitu.org\/wp-content\/uploads\/2025\/08\/05-2025-BALANCETE.pdf\">Maio -2025 BALANCETE<\/a><\/p><p><a href=\"https:\/\/transparencia.crecheandreluizitu.org\/wp-content\/uploads\/2026\/03\/06-2025-BALANCETE.pdf\">Junho -2025 BALANCETE<\/a><\/p><p><a href=\"https:\/\/transparencia.crecheandreluizitu.org\/wp-content\/uploads\/2026\/03\/08-2025-BALANCETE.pdf\">Agosto-2025\u00a0 BALANCETE<\/a><\/p><p><a href=\"https:\/\/transparencia.crecheandreluizitu.org\/wp-content\/uploads\/2026\/03\/09-2025-BALANCETE.pdf\">Setembro -2025 BALANCETE<\/a>\u00a0<\/p><p><a href=\"https:\/\/transparencia.crecheandreluizitu.org\/wp-content\/uploads\/2026\/03\/10-2025-BALANCETE.pdf\">Outubro -2025 BALANCETE<\/a><\/p><p><a href=\"https:\/\/transparencia.crecheandreluizitu.org\/wp-content\/uploads\/2026\/03\/11-2025-BALANCETE.pdf\">Novembro -2025 BALANCETE<\/a>\u00a0<\/p><p><a href=\"https:\/\/transparencia.crecheandreluizitu.org\/wp-content\/uploads\/2026\/03\/12-2025-BALANCETE.pdf\">Dezembro -2025 BALANCETE<\/a><\/p><\/div>\n\t\t\t\t\t\t\t\t\t<div class=\"elementor-tab-title elementor-tab-mobile-title\" aria-selected=\"false\" data-tab=\"10\" role=\"tab\" tabindex=\"-1\" aria-controls=\"elementor-tab-content-11610\" aria-expanded=\"false\">FUNDO MUNICIPAL DOS DIREITOS DA CRIAN\u00c7A E DO ADOLESCENTE - 2025<\/div>\n\t\t\t\t\t<div id=\"elementor-tab-content-11610\" class=\"elementor-tab-content elementor-clearfix\" data-tab=\"10\" role=\"tabpanel\" aria-labelledby=\"elementor-tab-title-11610\" tabindex=\"0\" hidden=\"hidden\"><p><a href=\"https:\/\/transparencia.crecheandreluizitu.org\/wp-content\/uploads\/2025\/07\/ATA-2025.pdf\">ATA 2025<\/a><\/p><p><a href=\"https:\/\/transparencia.crecheandreluizitu.org\/wp-content\/uploads\/2025\/07\/06-2025-CNPJ.pdf\">Junho &#8211; 2025 CNPJ<\/a><\/p><p><a href=\"https:\/\/transparencia.crecheandreluizitu.org\/wp-content\/uploads\/2025\/08\/2025-TERMO-DE-FOMENTO-10170-2025.pdf\">2025-TERMO DE FOMENTO 10170-2025<\/a><\/p><p><a href=\"https:\/\/transparencia.crecheandreluizitu.org\/wp-content\/uploads\/2025\/07\/ESTATUTO.pdf\">ESTATUTO<\/a><\/p><p><a href=\"https:\/\/transparencia.crecheandreluizitu.org\/wp-content\/uploads\/2025\/07\/PLANO-DE-TRABALHO-CMDCA-2025-.pdf\">PLANO DE TRABALHO CMDCA 2025-<\/a><\/p><\/div>\n\t\t\t\t\t\t\t<\/div>\n\t\t<\/div>\n\t\t\t\t<\/div>\n\t\t\t\t<\/div>\n\t\t\t\t\t<\/div>\n\t\t<\/div>\n\t\t\t\t\t\t\t<\/div>\n\t\t<\/section>\n\t\t\t\t<section class=\"elementor-section elementor-top-section elementor-element elementor-element-74b21a6 elementor-section-boxed elementor-section-height-default elementor-section-height-default\" data-id=\"74b21a6\" data-element_type=\"section\">\n\t\t\t\t\t\t<div class=\"elementor-container elementor-column-gap-default\">\n\t\t\t\t\t<div class=\"elementor-column elementor-col-100 elementor-top-column elementor-element elementor-element-e688d51\" data-id=\"e688d51\" data-element_type=\"column\">\n\t\t\t<div class=\"elementor-widget-wrap elementor-element-populated\">\n\t\t\t\t\t\t\t\t<div class=\"elementor-element elementor-element-daf31e9 elementor-widget elementor-widget-heading\" data-id=\"daf31e9\" data-element_type=\"widget\" data-widget_type=\"heading.default\">\n\t\t\t\t<div class=\"elementor-widget-container\">\n\t\t\t<h2 class=\"elementor-heading-title elementor-size-default\">Ano de 2024<\/h2>\t\t<\/div>\n\t\t\t\t<\/div>\n\t\t\t\t\t<\/div>\n\t\t<\/div>\n\t\t\t\t\t\t\t<\/div>\n\t\t<\/section>\n\t\t\t\t<section class=\"elementor-section elementor-top-section elementor-element elementor-element-8dbb42f elementor-section-boxed elementor-section-height-default elementor-section-height-default\" data-id=\"8dbb42f\" data-element_type=\"section\">\n\t\t\t\t\t\t<div class=\"elementor-container elementor-column-gap-default\">\n\t\t\t\t\t<div class=\"elementor-column elementor-col-100 elementor-top-column elementor-element elementor-element-e77e048\" data-id=\"e77e048\" data-element_type=\"column\">\n\t\t\t<div class=\"elementor-widget-wrap elementor-element-populated\">\n\t\t\t\t\t\t\t\t<div class=\"elementor-element elementor-element-7709ca3 elementor-tabs-view-vertical elementor-widget elementor-widget-tabs\" data-id=\"7709ca3\" data-element_type=\"widget\" data-widget_type=\"tabs.default\">\n\t\t\t\t<div class=\"elementor-widget-container\">\n\t\t\t\t\t<div class=\"elementor-tabs\">\n\t\t\t<div class=\"elementor-tabs-wrapper\" role=\"tablist\" >\n\t\t\t\t\t\t\t\t\t<div id=\"elementor-tab-title-1241\" class=\"elementor-tab-title elementor-tab-desktop-title\" aria-selected=\"true\" data-tab=\"1\" role=\"tab\" tabindex=\"0\" aria-controls=\"elementor-tab-content-1241\" aria-expanded=\"false\">Transpar\u00eancia Creche Andr\u00e9 Luiz:<\/div>\n\t\t\t\t\t\t\t\t\t<div id=\"elementor-tab-title-1242\" class=\"elementor-tab-title elementor-tab-desktop-title\" aria-selected=\"false\" data-tab=\"2\" role=\"tab\" tabindex=\"-1\" aria-controls=\"elementor-tab-content-1242\" aria-expanded=\"false\">Estatuto Social<\/div>\n\t\t\t\t\t\t\t\t\t<div id=\"elementor-tab-title-1243\" class=\"elementor-tab-title elementor-tab-desktop-title\" aria-selected=\"false\" data-tab=\"3\" role=\"tab\" tabindex=\"-1\" aria-controls=\"elementor-tab-content-1243\" aria-expanded=\"false\">Plano de Trabalho<\/div>\n\t\t\t\t\t\t\t\t\t<div id=\"elementor-tab-title-1244\" class=\"elementor-tab-title elementor-tab-desktop-title\" aria-selected=\"false\" data-tab=\"4\" role=\"tab\" tabindex=\"-1\" aria-controls=\"elementor-tab-content-1244\" aria-expanded=\"false\">Documentos e Certificados<\/div>\n\t\t\t\t\t\t\t\t\t<div id=\"elementor-tab-title-1245\" class=\"elementor-tab-title elementor-tab-desktop-title\" aria-selected=\"false\" data-tab=\"5\" role=\"tab\" tabindex=\"-1\" aria-controls=\"elementor-tab-content-1245\" aria-expanded=\"false\">TERMO DE COLABORA\u00c7\u00c3O COM A PREFEITURA E ADITIVOS<\/div>\n\t\t\t\t\t\t\t\t\t<div id=\"elementor-tab-title-1246\" class=\"elementor-tab-title elementor-tab-desktop-title\" aria-selected=\"false\" data-tab=\"6\" role=\"tab\" tabindex=\"-1\" aria-controls=\"elementor-tab-content-1246\" aria-expanded=\"false\">Demonstrativo integral das receitas e despesas - Exerc\u00edcio 2024<\/div>\n\t\t\t\t\t\t\t\t\t<div id=\"elementor-tab-title-1247\" class=\"elementor-tab-title elementor-tab-desktop-title\" aria-selected=\"false\" data-tab=\"7\" role=\"tab\" tabindex=\"-1\" aria-controls=\"elementor-tab-content-1247\" aria-expanded=\"false\">Demonstrativo das despesas incorridas - Exerc\u00edcio 2024<\/div>\n\t\t\t\t\t\t\t\t\t<div id=\"elementor-tab-title-1248\" class=\"elementor-tab-title elementor-tab-desktop-title\" aria-selected=\"false\" data-tab=\"8\" role=\"tab\" tabindex=\"-1\" aria-controls=\"elementor-tab-content-1248\" aria-expanded=\"false\">Balan\u00e7o de Demonstrativos Cont\u00e1beis<\/div>\n\t\t\t\t\t\t\t\t\t<div id=\"elementor-tab-title-1249\" class=\"elementor-tab-title elementor-tab-desktop-title\" aria-selected=\"false\" data-tab=\"9\" role=\"tab\" tabindex=\"-1\" aria-controls=\"elementor-tab-content-1249\" aria-expanded=\"false\">Balancete de Demonstrativos Cont\u00e1beis - 2024<\/div>\n\t\t\t\t\t\t\t\t\t<div id=\"elementor-tab-title-12410\" class=\"elementor-tab-title elementor-tab-desktop-title\" aria-selected=\"false\" data-tab=\"10\" role=\"tab\" tabindex=\"-1\" aria-controls=\"elementor-tab-content-12410\" aria-expanded=\"false\">FUNDO MUNICIPAL DOS DIREITOS DA CRIAN\u00c7A E DO ADOLESCENTE - 2024<\/div>\n\t\t\t\t\t\t\t<\/div>\n\t\t\t<div class=\"elementor-tabs-content-wrapper\" role=\"tablist\" aria-orientation=\"vertical\">\n\t\t\t\t\t\t\t\t\t<div class=\"elementor-tab-title elementor-tab-mobile-title\" aria-selected=\"true\" data-tab=\"1\" role=\"tab\" tabindex=\"0\" aria-controls=\"elementor-tab-content-1241\" aria-expanded=\"false\">Transpar\u00eancia Creche Andr\u00e9 Luiz:<\/div>\n\t\t\t\t\t<div id=\"elementor-tab-content-1241\" class=\"elementor-tab-content elementor-clearfix\" data-tab=\"1\" role=\"tabpanel\" aria-labelledby=\"elementor-tab-title-1241\" tabindex=\"0\" hidden=\"false\"><\/div>\n\t\t\t\t\t\t\t\t\t<div class=\"elementor-tab-title elementor-tab-mobile-title\" aria-selected=\"false\" data-tab=\"2\" role=\"tab\" tabindex=\"-1\" aria-controls=\"elementor-tab-content-1242\" aria-expanded=\"false\">Estatuto Social<\/div>\n\t\t\t\t\t<div id=\"elementor-tab-content-1242\" class=\"elementor-tab-content elementor-clearfix\" data-tab=\"2\" role=\"tabpanel\" aria-labelledby=\"elementor-tab-title-1242\" tabindex=\"0\" hidden=\"hidden\"><p><a href=\"https:\/\/transparencia.crecheandreluizitu.org\/wp-content\/uploads\/2024\/09\/ESTATUTO.pdf\">ESTATUTO SOCIAL<\/a>\u00a0<\/p><\/div>\n\t\t\t\t\t\t\t\t\t<div class=\"elementor-tab-title elementor-tab-mobile-title\" aria-selected=\"false\" data-tab=\"3\" role=\"tab\" tabindex=\"-1\" aria-controls=\"elementor-tab-content-1243\" aria-expanded=\"false\">Plano de Trabalho<\/div>\n\t\t\t\t\t<div id=\"elementor-tab-content-1243\" class=\"elementor-tab-content elementor-clearfix\" data-tab=\"3\" role=\"tabpanel\" aria-labelledby=\"elementor-tab-title-1243\" tabindex=\"0\" hidden=\"hidden\"><p><a href=\"https:\/\/transparencia.crecheandreluizitu.org\/wp-content\/uploads\/2025\/05\/PLANO-DE-TRABALHO.pdf\">PLANO DE TRABALHO<\/a> 2024<\/p><\/div>\n\t\t\t\t\t\t\t\t\t<div class=\"elementor-tab-title elementor-tab-mobile-title\" aria-selected=\"false\" data-tab=\"4\" role=\"tab\" tabindex=\"-1\" aria-controls=\"elementor-tab-content-1244\" aria-expanded=\"false\">Documentos e Certificados<\/div>\n\t\t\t\t\t<div id=\"elementor-tab-content-1244\" class=\"elementor-tab-content elementor-clearfix\" data-tab=\"4\" role=\"tabpanel\" aria-labelledby=\"elementor-tab-title-1244\" tabindex=\"0\" hidden=\"hidden\"><p><a href=\"https:\/\/transparencia.crecheandreluizitu.org\/wp-content\/uploads\/2024\/09\/CNPJ-3.pdf\">CNPJ<\/a><\/p><p><a href=\"https:\/\/transparencia.crecheandreluizitu.org\/wp-content\/uploads\/2024\/09\/ATESTADO-DE-FUNCIONAMENTO-2024.pdf\">ATESTADO DE FUNCIONAMENTO 2024<\/a><\/p><p><a href=\"https:\/\/transparencia.crecheandreluizitu.org\/wp-content\/uploads\/2024\/09\/CERTIFICADO-CMDCA.pdf\">CERTIFICADO CMDCA<\/a><\/p><p><a href=\"https:\/\/transparencia.crecheandreluizitu.org\/wp-content\/uploads\/2024\/09\/REGULAMENTO-INSTITUCIONAL-DE-CONTRATACAO-DE-PESSOAL-2024.pdf\">REGULAMENTO INSTITUCIONAL DE CONTRATA\u00c7\u00c3O DE PESSOAL-2024<\/a><\/p><\/div>\n\t\t\t\t\t\t\t\t\t<div class=\"elementor-tab-title elementor-tab-mobile-title\" aria-selected=\"false\" data-tab=\"5\" role=\"tab\" tabindex=\"-1\" aria-controls=\"elementor-tab-content-1245\" aria-expanded=\"false\">TERMO DE COLABORA\u00c7\u00c3O COM A PREFEITURA E ADITIVOS<\/div>\n\t\t\t\t\t<div id=\"elementor-tab-content-1245\" class=\"elementor-tab-content elementor-clearfix\" data-tab=\"5\" role=\"tabpanel\" aria-labelledby=\"elementor-tab-title-1245\" tabindex=\"0\" hidden=\"hidden\"><p><a href=\"https:\/\/transparencia.crecheandreluizitu.org\/wp-content\/uploads\/2023\/03\/2o-ADITIVO-No22777-2020.pdf\">2\u00ba ADITIVO N\u00ba22777-2020<\/a><\/p><p><a href=\"https:\/\/transparencia.crecheandreluizitu.org\/wp-content\/uploads\/2023\/05\/2o-ADITIVO-No22777-2020.pdf\">2\u00ba ADITIVO AO TERMO DE COLABORA\u00c7\u00c3O 22777\/2020 &#8211; VIG\u00caNCIA 01\/01\/2023 A 31\/12\/2023<\/a><\/p><p><a href=\"https:\/\/transparencia.crecheandreluizitu.org\/wp-content\/uploads\/2022\/06\/Termo-de-Colaboracao-No-22777-2020.pdf\">Termo de Colabora\u00e7\u00e3o 22777\/2020 &#8211; Vig\u00eancia 01\/01\/2021 a 31\/12\/2021<\/a><\/p><p><a href=\"https:\/\/transparencia.crecheandreluizitu.org\/wp-content\/uploads\/2022\/06\/Termo-de-Colaboracao-Andre-Luiz.pdf\">1\u00b0 termo Aditivo em 21\/03\/2020<\/a><\/p><p><a href=\"https:\/\/transparencia.crecheandreluizitu.org\/wp-content\/uploads\/2022\/06\/1Ao_Termo_Aditivo_Termo_de_ColaboraA\u00a7Ao_-_AndrA\u00a9_Luiz.pdf\">Termo de Colabora\u00e7\u00e3o Prefeitura Vig\u00eancia de 01\/01\/2020 a 31\/12\/2020<\/a><\/p><p><a href=\"https:\/\/transparencia.crecheandreluizitu.org\/wp-content\/uploads\/2022\/09\/1o-Aditivo-Creche-e-Lar-Andre-Luiz-de-Itu.pdf\">1\u00ba Aditivo ao Termo de Colabora\u00e7\u00e3o 2277\/2020 &#8211; VIG\u00caNCIA 01\/01\/2022 A 31\/12\/2022<\/a><\/p><p><a href=\"https:\/\/transparencia.crecheandreluizitu.org\/wp-content\/uploads\/2024\/09\/3o-ADITIVO-AO-TERMO-DE-COLABORACAO-2024.pdf\">3\u00ba ADITIVO AO TERMO DE COLABORA\u00c7\u00c3O 2024<\/a><\/p><\/div>\n\t\t\t\t\t\t\t\t\t<div class=\"elementor-tab-title elementor-tab-mobile-title\" aria-selected=\"false\" data-tab=\"6\" role=\"tab\" tabindex=\"-1\" aria-controls=\"elementor-tab-content-1246\" aria-expanded=\"false\">Demonstrativo integral das receitas e despesas - Exerc\u00edcio 2024<\/div>\n\t\t\t\t\t<div id=\"elementor-tab-content-1246\" class=\"elementor-tab-content elementor-clearfix\" data-tab=\"6\" role=\"tabpanel\" aria-labelledby=\"elementor-tab-title-1246\" tabindex=\"0\" hidden=\"hidden\"><p><a href=\"https:\/\/transparencia.crecheandreluizitu.org\/wp-content\/uploads\/2024\/09\/01-2024-RP-10-DEMONSTRATIVO-INTEGRAL-DAS-RECEITAS-E-DESPESAS-PREFEITURA.pdf\">Janeiro RP10 &#8211; RECURSOS DA PREFEITURA<\/a><\/p><p><a href=\"https:\/\/transparencia.crecheandreluizitu.org\/wp-content\/uploads\/2024\/09\/01-2024-RP-10-DEMONSTRATIVO-INTEGRAL-DAS-RECEITAS-E-DESPESAS-ENTIDADE.pdf\">Janeiro RP10 &#8211; RECURSOS DA ENTIDADE<\/a><\/p><p><a href=\"https:\/\/transparencia.crecheandreluizitu.org\/wp-content\/uploads\/2024\/09\/02-2024-RP10-DEMONST.-INT.-DAS-RECEITAS-E-DESPESAS-ENTIDADE.pdf\">Fevereiro RP10 &#8211; RECURSOS DA ENTIDADE<\/a><\/p><p><a href=\"https:\/\/transparencia.crecheandreluizitu.org\/wp-content\/uploads\/2024\/09\/02-2024-RP10-DEMONST.-INT.-DAS-RECEITAS-E-DESPESAS-PREFEITURA.pdf\">Fevereiro RP 10 &#8211; RECURSOS DA PREFEITURA<\/a><\/p><p><a href=\"https:\/\/transparencia.crecheandreluizitu.org\/wp-content\/uploads\/2024\/09\/03-2024-RP10-DEMONST.-INT.-DAS-RECEITAS-E-DESPESAS-PREFEITURA.pdf\">Mar\u00e7o RP 10 &#8211; RECURSOS DA PREFEITURA<\/a><\/p><p><a href=\"https:\/\/transparencia.crecheandreluizitu.org\/wp-content\/uploads\/2024\/09\/03-2024-RP10-DEMONST.-INT.-DAS-RECEITAS-E-DESPESAS-ENTIDADE.pdf\">Mar\u00e7o RP 10 &#8211; RECURSOS DA ENTIDADE<\/a><\/p><p><a href=\"https:\/\/transparencia.crecheandreluizitu.org\/wp-content\/uploads\/2024\/09\/04-2024-RP10-DEMONST.-INT.-DAS-RECEITAS-E-DESPESAS-ENTIDADE.pdf\">Abril RP 10 &#8211; RECURSOS DA ENTIDADE<\/a><\/p><p><a href=\"https:\/\/transparencia.crecheandreluizitu.org\/wp-content\/uploads\/2024\/09\/04-2024-RP10-DEMONST.-INT.-DAS-RECEITAS-E-DESPESAS-PREFEITURA.pdf\">Abril RP 10 &#8211; RECURSOS DA PREFEITURA<\/a><\/p><p><a href=\"https:\/\/transparencia.crecheandreluizitu.org\/wp-content\/uploads\/2024\/09\/05-2024-RP10-DEMONST.-INT.-DAS-RECEITAS-E-DESPESAS-ENTIDADE.pdf\">Maio RP 10 &#8211; RECURSOS DA ENTIDADE<\/a><\/p><p><a href=\"https:\/\/transparencia.crecheandreluizitu.org\/wp-content\/uploads\/2024\/09\/05-2024-RP10-DEMONST.-INT.-DAS-RECEITAS-E-DESPESAS-PREFEITURA.pdf\">Maio RP 10 &#8211; RECURSOS DA PREFEITURA<\/a><\/p><p><a href=\"https:\/\/transparencia.crecheandreluizitu.org\/wp-content\/uploads\/2024\/09\/06-2024-RP10-DEMONST.-INT.-DAS-RECEITAS-E-DESPESAS-ENTIDADE.pdf\">Junho RP 10 &#8211; RECURSOS DA ENTIDADE<\/a><\/p><p><a href=\"https:\/\/transparencia.crecheandreluizitu.org\/wp-content\/uploads\/2024\/09\/06-2024-RP10-DEMONST.-INT.-DAS-RECEITAS-E-DESPESAS-PREFEITURA.pdf\">Junho RP 10 &#8211; RECURSOS DA PREFEITURA<\/a><\/p><p><a href=\"https:\/\/transparencia.crecheandreluizitu.org\/wp-content\/uploads\/2024\/09\/07-2024-RP10-DEMONST.-INT.-DAS-RECEITAS-E-DESPESAS-ENTIDADE.pdf\">Julho RP 10 &#8211; RECURSOS DA ENTIDADE<\/a><\/p><p><a href=\"https:\/\/transparencia.crecheandreluizitu.org\/wp-content\/uploads\/2024\/09\/07-2024-RP10-DEMONST.-INT.-DAS-RECEITAS-E-DESPESAS-PREFEITURA-.pdf\">Julho RP 10 &#8211; RECURSOS DA PREFEITURA-<\/a><\/p><p><a href=\"https:\/\/transparencia.crecheandreluizitu.org\/wp-content\/uploads\/2025\/05\/08-2024-RP10-DEMONST.-INT.-DAS-RECEITAS-E-DESPESAS-PREFEITURA.pdf\">Agosto RP 10 &#8211; RECURSOS DA PREFEITURA<\/a><\/p><p><a href=\"https:\/\/transparencia.crecheandreluizitu.org\/wp-content\/uploads\/2025\/05\/08-2024-RP10-DEMONST.-INT.-DAS-RECEITAS-E-DESPESAS-ENTIDADE.pdf\">Agosto RP 10 &#8211; RECURSOS DA ENTIDADE<\/a><\/p><p><a href=\"https:\/\/transparencia.crecheandreluizitu.org\/wp-content\/uploads\/2025\/05\/09-2024-RP10-DEMONST.-INT.-DAS-RECEITAS-E-DESPESAS-PREFEITURA.pdf\">Setembro RP 10 &#8211; RECURSOS DA PREFEITURA<\/a><\/p><p><a href=\"https:\/\/transparencia.crecheandreluizitu.org\/wp-content\/uploads\/2025\/05\/09-2024-RP10-DEMONST.-INT.-DAS-RECEITAS-E-DESPESAS-ENTIDADE.pdf\">Setembro RP 10 -RECURSOS DA ENTIDADE<\/a><\/p><p><a href=\"https:\/\/transparencia.crecheandreluizitu.org\/wp-content\/uploads\/2025\/05\/10-2024-RP10-DEMONST.-INT.-DAS-RECEITAS-E-DESPESAS-PREFEITURA.pdf\">Outubro RP 10 &#8211; RECURSOS DA PREFEITURA<\/a><\/p><p><a href=\"https:\/\/transparencia.crecheandreluizitu.org\/wp-content\/uploads\/2025\/05\/10-2024-RP10-DEMONST.-INT.-DAS-RECEITAS-E-DESPESAS-ENTIDADE.pdf\">Outubro RP 10 &#8211; RECURSOS DA ENTIDADE<\/a><\/p><p><a href=\"https:\/\/transparencia.crecheandreluizitu.org\/wp-content\/uploads\/2025\/05\/11-2024-RP10-DEMONST.-INT.-DAS-RECEITAS-E-DESPESAS-PREFEITURA.pdf\">Novembro RP 10 &#8211; RECURSOS DA PREFEITURA<\/a><\/p><p><a href=\"https:\/\/transparencia.crecheandreluizitu.org\/wp-content\/uploads\/2025\/05\/11-2024-RP10-DEMONST.-INT.-DAS-RECEITAS-E-DESPESAS-ENTIDADE.pdf\">Novembro RP 10 &#8211; RECURSOS DA ENTIDADE<\/a><\/p><p><a href=\"https:\/\/transparencia.crecheandreluizitu.org\/wp-content\/uploads\/2025\/05\/12-2024-RP10-DEMONST.-INT.-DAS-RECEITAS-E-DESPESAS-PREFEITURA.pdf\">Dezembro RP 10 &#8211; RECURSOS DA PREFEITURA<\/a><\/p><p><a href=\"https:\/\/transparencia.crecheandreluizitu.org\/wp-content\/uploads\/2025\/05\/12-2024-RP10-DEMONST.-INT.-DAS-RECEITAS-E-DESPESAS-ENTIDADE.pdf\">Dezembro RP 10 &#8211; RECURSOS DA ENTIDADE<\/a><\/p><\/div>\n\t\t\t\t\t\t\t\t\t<div class=\"elementor-tab-title elementor-tab-mobile-title\" aria-selected=\"false\" data-tab=\"7\" role=\"tab\" tabindex=\"-1\" aria-controls=\"elementor-tab-content-1247\" aria-expanded=\"false\">Demonstrativo das despesas incorridas - Exerc\u00edcio 2024<\/div>\n\t\t\t\t\t<div id=\"elementor-tab-content-1247\" class=\"elementor-tab-content elementor-clearfix\" data-tab=\"7\" role=\"tabpanel\" aria-labelledby=\"elementor-tab-title-1247\" tabindex=\"0\" hidden=\"hidden\"><p><a href=\"https:\/\/transparencia.crecheandreluizitu.org\/wp-content\/uploads\/2024\/09\/01-2024-DESPESAS-REALIZADAS-PROVISIONAMENTO.pdf\">JANEIRO &#8211; DESPESAS REALIZADAS PROVISIONAMENTO<\/a><\/p><p><a href=\"https:\/\/transparencia.crecheandreluizitu.org\/wp-content\/uploads\/2024\/09\/01-2024-DESPESAS-REALIZADAS-OPERACIONAL.pdf\">JANEIRO &#8211; DESPESAS REALIZADAS OPERACIONAL<\/a><\/p><p><a href=\"https:\/\/transparencia.crecheandreluizitu.org\/wp-content\/uploads\/2024\/09\/02-2024-DESPESAS-REALIZADAS-NO-PERIODO-OPERACIONAL.pdf\">FEVEREIRO &#8211; DESPESAS REALIZADAS NO PER\u00cdODO-OPERACIONAL<\/a><\/p><p><a href=\"https:\/\/transparencia.crecheandreluizitu.org\/wp-content\/uploads\/2024\/09\/02-2024-DESPESAS-REALIZADAS-NO-PERIODO-PROVISIONAMENTO.pdf\">FEVEREIRO &#8211; DESPESAS REALIZADAS NO PER\u00cdODO-PROVISIONAMENTO<\/a><\/p><p><a href=\"https:\/\/transparencia.crecheandreluizitu.org\/wp-content\/uploads\/2024\/09\/03-2024-DESPESAS-REALIZADAS-NO-PERIODO-OPERACIONAL.pdf\">MAR\u00c7O &#8211; DESPESAS REALIZADAS NO PER\u00cdODO-OPERACIONAL<\/a><\/p><p><a href=\"https:\/\/transparencia.crecheandreluizitu.org\/wp-content\/uploads\/2024\/09\/03-2024-DESPESAS-REALIZADAS-NO-PERIODO-PROVISIONAMENTO.pdf\">MAR\u00c7O &#8211; DESPESAS REALIZADAS NO PER\u00cdODO-PROVISIONAMENTO<\/a><\/p><p><a href=\"https:\/\/transparencia.crecheandreluizitu.org\/wp-content\/uploads\/2024\/09\/04-2024-DESP.-REALIZADAS-NO-PERIODO-OPERACIONAL-MENSAL.pdf\">ABRIL &#8211; DESP. REALIZADAS NO PER\u00cdODO OPERACIONAL-MENSAL<\/a><\/p><p><a href=\"https:\/\/transparencia.crecheandreluizitu.org\/wp-content\/uploads\/2024\/09\/04-2024-DESP.-REALIZADAS-NO-PERIODO-PROVISIONAMENTO-MENSAL.pdf\">ABRIL &#8211; DESP. REALIZADAS NO PER\u00cdODO PROVISIONAMENTO-MENSAL<\/a><\/p><p><a href=\"https:\/\/transparencia.crecheandreluizitu.org\/wp-content\/uploads\/2024\/09\/05-2024-DESPESAS-REALIZADAS-NO-PERIODO-OPERACIONAL.pdf\">MAIO &#8211; DESPESAS REALIZADAS NO PER\u00cdODO OPERACIONAL<\/a><\/p><p><a href=\"https:\/\/transparencia.crecheandreluizitu.org\/wp-content\/uploads\/2024\/09\/05-2024-DESPESAS-REALIZADAS-NO-PERIODO-PROVISIONAMENTO.pdf\">MAIO &#8211; DESPESAS REALIZADAS NO PER\u00cdODO PROVISIONAMENTO<\/a><\/p><p><a href=\"https:\/\/transparencia.crecheandreluizitu.org\/wp-content\/uploads\/2024\/09\/06-2024-DESP.-REALIZADAS-NO-PERIODO-PROVISIONAMENTO.pdf\">JUNHO &#8211; DESP. REALIZADAS NO PER\u00cdODO-PROVISIONAMENTO<\/a><\/p><p><a href=\"https:\/\/transparencia.crecheandreluizitu.org\/wp-content\/uploads\/2024\/09\/06-2024-DESP.-REALIZADAS-NO-PERIODO-OPERACIONAL.pdf\">JUNHO &#8211; DESP. REALIZADAS NO PER\u00cdODO-OPERACIONAL<\/a><\/p><p><a href=\"https:\/\/transparencia.crecheandreluizitu.org\/wp-content\/uploads\/2024\/09\/07-2024-DESPESAS-REALIZADAS-NO-PERIODO-OPERACIONAL-.pdf\">JULHO &#8211; DESPESAS REALIZADAS NO PER\u00cdODO-OPERACIONAL-<\/a><\/p><p><a href=\"https:\/\/transparencia.crecheandreluizitu.org\/wp-content\/uploads\/2024\/09\/07-2024-DESPESAS-REALIZADAS-NO-PERIODO-PROVISIONAMENTO.pdf\">JULHO &#8211; DESPESAS REALIZADAS NO PER\u00cdODO-PROVISIONAMENTO<\/a><\/p><p><a href=\"https:\/\/transparencia.crecheandreluizitu.org\/wp-content\/uploads\/2025\/05\/08-2024-DESPESAS-REALIZADAS-NO-PERIODO-OPERACIONAL.pdf\">AGOSTO- DESPESAS REALIZADAS NO PER\u00cdODO-OPERACIONAL<\/a><\/p><p><a href=\"https:\/\/transparencia.crecheandreluizitu.org\/wp-content\/uploads\/2025\/05\/08-2024-DESPESAS-REALIZADAS-NO-PERIODO-PROVISIONAMENTO.pdf\">AGOSTOS-DESPESAS REALIZADAS NO PER\u00cdODO-PROVISIONAMENTO<\/a><\/p><p><a href=\"https:\/\/transparencia.crecheandreluizitu.org\/wp-content\/uploads\/2025\/05\/09-2024-DESPESAS-REALIZADAS-NO-PERIODO-PROVISIONAMENTO.pdf\">SETEMBRO &#8211; DESPESAS REALIZADAS NO PER\u00cdODO-PROVISIONAMENTO<\/a><\/p><p><a href=\"https:\/\/transparencia.crecheandreluizitu.org\/wp-content\/uploads\/2025\/05\/09-2024-DESPESAS-REALIZADAS-NO-PERIODO-OPERACIONAL.pdf\">SETEMBRO &#8211; DESPESAS REALIZADAS NO PER\u00cdODO-OPERACIONAL<\/a><\/p><p><a href=\"https:\/\/transparencia.crecheandreluizitu.org\/wp-content\/uploads\/2025\/05\/10-2024-DESPESAS-REALIZADAS-PROVISIONAMENTO.pdf\">OUTRUBRO &#8211; DESPESAS REALIZADAS-PROVISIONAMENTO<\/a><\/p><p><a href=\"https:\/\/transparencia.crecheandreluizitu.org\/wp-content\/uploads\/2025\/05\/10-2024-DESPESAS-REALIZADAS-OPERACIONAL.pdf\">OUTUBRO &#8211; DESPESAS REALIZADAS-OPERACIONAL<\/a><\/p><p><a href=\"https:\/\/transparencia.crecheandreluizitu.org\/wp-content\/uploads\/2025\/05\/11-2024-DESPESAS-REALIZADAS-PROVISIONAMENTO.pdf\">NOVEMBRO &#8211; DESPESAS REALIZADAS-PROVISIONAMENTO<\/a><\/p><p><a href=\"https:\/\/transparencia.crecheandreluizitu.org\/wp-content\/uploads\/2025\/05\/11-2024-DESPESAS-REALIZADAS-OPERACIONAL.pdf\">NOVEMBRO -DESPESAS REALIZADAS-OPERACIONAL<\/a><\/p><p><a href=\"https:\/\/transparencia.crecheandreluizitu.org\/wp-content\/uploads\/2025\/05\/12-2024-DESPESAS-REALIZADAS-PROVISIONAMENTO.pdf\">DEZEMBRO &#8211; DESPESAS REALIZADAS-PROVISIONAMENTO<\/a><\/p><p><a href=\"https:\/\/transparencia.crecheandreluizitu.org\/wp-content\/uploads\/2025\/05\/12-2024-DESPESAS-REALIZADAS-OPERACIONAL.pdf\">DEZEMBRO &#8211; DESPESAS REALIZADAS-OPERACIONAL<\/a><\/p><\/div>\n\t\t\t\t\t\t\t\t\t<div class=\"elementor-tab-title elementor-tab-mobile-title\" aria-selected=\"false\" data-tab=\"8\" role=\"tab\" tabindex=\"-1\" aria-controls=\"elementor-tab-content-1248\" aria-expanded=\"false\">Balan\u00e7o de Demonstrativos Cont\u00e1beis<\/div>\n\t\t\t\t\t<div id=\"elementor-tab-content-1248\" class=\"elementor-tab-content elementor-clearfix\" data-tab=\"8\" role=\"tabpanel\" aria-labelledby=\"elementor-tab-title-1248\" tabindex=\"0\" hidden=\"hidden\"><p><a href=\"https:\/\/transparencia.crecheandreluizitu.org\/wp-content\/uploads\/2022\/06\/BALANA_O_PATRIMONIAL_-_2019.pdf\">Balan\u00e7o Patrimonial 2019<\/a><\/p><p><a href=\"https:\/\/transparencia.crecheandreluizitu.org\/wp-content\/uploads\/2022\/06\/BALANCO-PATRIMONIAL-2020-RES.pdf\">Balan\u00e7o Patrimonial 2020<\/a><\/p><p><a href=\"https:\/\/transparencia.crecheandreluizitu.org\/wp-content\/uploads\/2022\/06\/BALANCO-2021.pdf\">Balan\u00e7o Patrimonial 2021<\/a><\/p><p><a href=\"https:\/\/transparencia.crecheandreluizitu.org\/wp-content\/uploads\/2023\/03\/BALANCO-2022-ASSINADO.pdf\">Balan\u00e7o Patrimonial 2022<\/a><\/p><p><a href=\"https:\/\/transparencia.crecheandreluizitu.org\/wp-content\/uploads\/2024\/09\/2023-BALANCO-2.pdf\">Balan\u00e7o Patrimonial 2023<\/a><\/p><p><a href=\"https:\/\/transparencia.crecheandreluizitu.org\/wp-content\/uploads\/2025\/05\/2024-BALANCO-PATRIMONIAL.pdf\">Balan\u00e7o Patrimonial 2024<\/a><\/p><\/div>\n\t\t\t\t\t\t\t\t\t<div class=\"elementor-tab-title elementor-tab-mobile-title\" aria-selected=\"false\" data-tab=\"9\" role=\"tab\" tabindex=\"-1\" aria-controls=\"elementor-tab-content-1249\" aria-expanded=\"false\">Balancete de Demonstrativos Cont\u00e1beis - 2024<\/div>\n\t\t\t\t\t<div id=\"elementor-tab-content-1249\" class=\"elementor-tab-content elementor-clearfix\" data-tab=\"9\" role=\"tabpanel\" aria-labelledby=\"elementor-tab-title-1249\" tabindex=\"0\" hidden=\"hidden\"><p><a href=\"https:\/\/transparencia.crecheandreluizitu.org\/wp-content\/uploads\/2024\/09\/01-2024-BALANCETE.pdf\">Janeiro -2024 BALANCETE<\/a><\/p><p><a href=\"https:\/\/transparencia.crecheandreluizitu.org\/wp-content\/uploads\/2024\/09\/02-2024-BALANCETE.pdf\">Fevereiro -2024 BALANCETE<\/a><\/p><p><a href=\"https:\/\/transparencia.crecheandreluizitu.org\/wp-content\/uploads\/2024\/09\/03-2024-BALANCETE.pdf\">Mar\u00e7o -2024 BALANCETE<\/a><\/p><p><a href=\"https:\/\/transparencia.crecheandreluizitu.org\/wp-content\/uploads\/2024\/09\/04-2024-BALANCETE.pdf\">Abril -2024 BALANCETE<\/a><\/p><p><a href=\"https:\/\/transparencia.crecheandreluizitu.org\/wp-content\/uploads\/2024\/09\/05-2024-BALANCETE.pdf\">Maio -2024 BALANCETE<\/a><\/p><p><a href=\"https:\/\/transparencia.crecheandreluizitu.org\/wp-content\/uploads\/2024\/09\/06-2024-BALANCETE.pdf\">Junho -2024 BALANCETE<\/a><\/p><p><a href=\"https:\/\/transparencia.crecheandreluizitu.org\/wp-content\/uploads\/2024\/09\/07-2024-BALANCETE.pdf\">Julho -2024 BALANCETE<\/a><\/p><p><a href=\"https:\/\/transparencia.crecheandreluizitu.org\/wp-content\/uploads\/2025\/05\/08-2024-BALANCETE.pdf\">Agosto -2024 BALANCETE<\/a><\/p><p><a href=\"https:\/\/transparencia.crecheandreluizitu.org\/wp-content\/uploads\/2025\/05\/09-2024-BALANCETE.pdf\">Setembro -2024 BALANCETE<\/a><\/p><p><a href=\"https:\/\/transparencia.crecheandreluizitu.org\/wp-content\/uploads\/2025\/05\/10-2024-BALANCETE.pdf\">Outubro -2024 BALANCETE<\/a><\/p><p><a href=\"https:\/\/transparencia.crecheandreluizitu.org\/wp-content\/uploads\/2025\/05\/11-2024-BALANCETE.pdf\">Novembro &#8211; 2024 BALANCETE<\/a><\/p><p><a href=\"https:\/\/transparencia.crecheandreluizitu.org\/wp-content\/uploads\/2025\/05\/12-2024-BALANCETE.pdf\">Dezembro -2024 BALANCETE<\/a><\/p><\/div>\n\t\t\t\t\t\t\t\t\t<div class=\"elementor-tab-title elementor-tab-mobile-title\" aria-selected=\"false\" data-tab=\"10\" role=\"tab\" tabindex=\"-1\" aria-controls=\"elementor-tab-content-12410\" aria-expanded=\"false\">FUNDO MUNICIPAL DOS DIREITOS DA CRIAN\u00c7A E DO ADOLESCENTE - 2024<\/div>\n\t\t\t\t\t<div id=\"elementor-tab-content-12410\" class=\"elementor-tab-content elementor-clearfix\" data-tab=\"10\" role=\"tabpanel\" aria-labelledby=\"elementor-tab-title-12410\" tabindex=\"0\" hidden=\"hidden\"><p><a href=\"https:\/\/transparencia.crecheandreluizitu.org\/wp-content\/uploads\/2022\/10\/ATA-ATUALIZADA-2022.pdf\">ATA<\/a><\/p><p><a href=\"https:\/\/transparencia.crecheandreluizitu.org\/wp-content\/uploads\/2023\/05\/PLANO-DE-TRABALHO-CMDCA-2023-site.pdf\">PLANO DE TRABALHO CMDCA 2023<\/a><\/p><p><a href=\"https:\/\/transparencia.crecheandreluizitu.org\/wp-content\/uploads\/2024\/09\/PLANO-DE-TRABALHO-CMDCA-2024-1.pdf\">PLANO DE TRABALHO CMDCA -2024<\/a><\/p><p><a href=\"https:\/\/transparencia.crecheandreluizitu.org\/wp-content\/uploads\/2023\/05\/ESTATUTO.pdf\">ESTATUTO<\/a><\/p><p><a href=\"https:\/\/transparencia.crecheandreluizitu.org\/wp-content\/uploads\/2024\/02\/CNPJ-CRECHE-JAN-2024.pdf\">CNPJ CRECHE JAN-2024<\/a><\/p><p><a href=\"https:\/\/transparencia.crecheandreluizitu.org\/wp-content\/uploads\/2024\/02\/TERMO-DE-FOMENTO-9628-2023.pdf\">TERMO DE FOMENTO 9628-2023<\/a><\/p><p><a href=\"https:\/\/transparencia.crecheandreluizitu.org\/wp-content\/uploads\/2025\/05\/TERMO-DE-FOMENTO-7671-2024.pdf\">TERMO DE FOMENTO 7671 &#8211; 2024<\/a><\/p><p><a href=\"https:\/\/transparencia.crecheandreluizitu.org\/wp-content\/uploads\/2025\/08\/RELATORIO-DE-EXECUCAO-FINANCEIRA-2024.pdf\">RELAT\u00d3RIO DE EXECU\u00c7\u00c3O FINANCEIRA-2024<\/a><\/p><p><a href=\"https:\/\/transparencia.crecheandreluizitu.org\/wp-content\/uploads\/2025\/08\/RELACAO-NOMINAL-DOS-DIRIGENTES-SEM-REMUNERACAO.pdf\">RELA\u00c7\u00c3O NOMINAL DOS DIRIGENTES SEM REMUNERA\u00c7\u00c3O<\/a><\/p><p><a href=\"https:\/\/transparencia.crecheandreluizitu.org\/wp-content\/uploads\/2025\/08\/RELATORIO-DE-EXECUCAO-DO-OBJETO-2024.pdf\">RELAT\u00d3RIO DE EXECU\u00c7\u00c3O DO OBJETO-2024<\/a><\/p><p><a href=\"https:\/\/transparencia.crecheandreluizitu.org\/wp-content\/uploads\/2025\/08\/RELACAO-DE-FUNCIONARIAS.pdf\">RELA\u00c7\u00c3O DE FUNCION\u00c1RIAS<\/a><\/p><p><a href=\"https:\/\/transparencia.crecheandreluizitu.org\/wp-content\/uploads\/2025\/08\/2024-BALANCETE-ANALITICO.pdf\">2024-BALANCETE ANAL\u00cdTICO<\/a><\/p><p><a href=\"https:\/\/transparencia.crecheandreluizitu.org\/wp-content\/uploads\/2025\/08\/2024-ANEXO-RP10.pdf\">2024-ANEXO RP10<\/a><\/p><p><a href=\"https:\/\/transparencia.crecheandreluizitu.org\/wp-content\/uploads\/2025\/08\/2024-PUBLICACAO-BALANCO-JORNAL.pdf\">2024-PUBLICA\u00c7\u00c3O-BALAN\u00c7O JORNAL<\/a><\/p><p><a href=\"https:\/\/transparencia.crecheandreluizitu.org\/wp-content\/uploads\/2025\/08\/REGULAMENTO-INSTITUCIONAL-DE-CONTRATACAO-DE-PESSOAL-2024-1.pdf\">REGULAMENTO INSTITUCIONAL DE CONTRATA\u00c7\u00c3O DE PESSOAL-2024<\/a><\/p><p><a href=\"https:\/\/transparencia.crecheandreluizitu.org\/wp-content\/uploads\/2025\/08\/REGULAMENTO-INSTITUCIONAL-DE-COMPRAS-E-CONTRATACAO-DE-SERVICOS-2024-1.pdf\">REGULAMENTO INSTITUCIONAL DE COMPRAS E CONTRATA\u00c7\u00c3O DE SERVI\u00c7OS-2024<\/a><\/p><\/div>\n\t\t\t\t\t\t\t<\/div>\n\t\t<\/div>\n\t\t\t\t<\/div>\n\t\t\t\t<\/div>\n\t\t\t\t\t<\/div>\n\t\t<\/div>\n\t\t\t\t\t\t\t<\/div>\n\t\t<\/section>\n\t\t\t\t<section class=\"elementor-section elementor-top-section elementor-element elementor-element-b328360 elementor-section-boxed elementor-section-height-default elementor-section-height-default\" data-id=\"b328360\" data-element_type=\"section\">\n\t\t\t\t\t\t<div class=\"elementor-container elementor-column-gap-default\">\n\t\t\t\t\t<div class=\"elementor-column elementor-col-100 elementor-top-column elementor-element elementor-element-fad361f\" data-id=\"fad361f\" data-element_type=\"column\">\n\t\t\t<div class=\"elementor-widget-wrap elementor-element-populated\">\n\t\t\t\t\t\t\t\t<div class=\"elementor-element elementor-element-4e4a740 elementor-widget elementor-widget-heading\" data-id=\"4e4a740\" data-element_type=\"widget\" data-widget_type=\"heading.default\">\n\t\t\t\t<div class=\"elementor-widget-container\">\n\t\t\t<h2 class=\"elementor-heading-title elementor-size-default\">Ano de 2023<\/h2>\t\t<\/div>\n\t\t\t\t<\/div>\n\t\t\t\t\t<\/div>\n\t\t<\/div>\n\t\t\t\t\t\t\t<\/div>\n\t\t<\/section>\n\t\t\t\t<section class=\"elementor-section elementor-top-section elementor-element elementor-element-a348a0f elementor-section-boxed elementor-section-height-default elementor-section-height-default\" data-id=\"a348a0f\" data-element_type=\"section\">\n\t\t\t\t\t\t<div class=\"elementor-container elementor-column-gap-default\">\n\t\t\t\t\t<div class=\"elementor-column elementor-col-100 elementor-top-column elementor-element elementor-element-7210489\" data-id=\"7210489\" data-element_type=\"column\">\n\t\t\t<div class=\"elementor-widget-wrap elementor-element-populated\">\n\t\t\t\t\t\t\t\t<div class=\"elementor-element elementor-element-a23332e elementor-tabs-view-vertical elementor-widget elementor-widget-tabs\" data-id=\"a23332e\" data-element_type=\"widget\" data-widget_type=\"tabs.default\">\n\t\t\t\t<div class=\"elementor-widget-container\">\n\t\t\t\t\t<div class=\"elementor-tabs\">\n\t\t\t<div class=\"elementor-tabs-wrapper\" role=\"tablist\" >\n\t\t\t\t\t\t\t\t\t<div id=\"elementor-tab-title-1701\" class=\"elementor-tab-title elementor-tab-desktop-title\" aria-selected=\"true\" data-tab=\"1\" role=\"tab\" tabindex=\"0\" aria-controls=\"elementor-tab-content-1701\" aria-expanded=\"false\">Transpar\u00eancia Creche Andr\u00e9 Luiz:<\/div>\n\t\t\t\t\t\t\t\t\t<div id=\"elementor-tab-title-1702\" class=\"elementor-tab-title elementor-tab-desktop-title\" aria-selected=\"false\" data-tab=\"2\" role=\"tab\" tabindex=\"-1\" aria-controls=\"elementor-tab-content-1702\" aria-expanded=\"false\">Estatuto Social<\/div>\n\t\t\t\t\t\t\t\t\t<div id=\"elementor-tab-title-1703\" class=\"elementor-tab-title elementor-tab-desktop-title\" aria-selected=\"false\" data-tab=\"3\" role=\"tab\" tabindex=\"-1\" aria-controls=\"elementor-tab-content-1703\" aria-expanded=\"false\">Plano de Trabalho<\/div>\n\t\t\t\t\t\t\t\t\t<div id=\"elementor-tab-title-1704\" class=\"elementor-tab-title elementor-tab-desktop-title\" aria-selected=\"false\" data-tab=\"4\" role=\"tab\" tabindex=\"-1\" aria-controls=\"elementor-tab-content-1704\" aria-expanded=\"false\">Documentos e Certificados<\/div>\n\t\t\t\t\t\t\t\t\t<div id=\"elementor-tab-title-1705\" class=\"elementor-tab-title elementor-tab-desktop-title\" aria-selected=\"false\" data-tab=\"5\" role=\"tab\" tabindex=\"-1\" aria-controls=\"elementor-tab-content-1705\" aria-expanded=\"false\">TERMO DE COLABORA\u00c7\u00c3O COM A PREFEITURA E ADITIVOS<\/div>\n\t\t\t\t\t\t\t\t\t<div id=\"elementor-tab-title-1706\" class=\"elementor-tab-title elementor-tab-desktop-title\" aria-selected=\"false\" data-tab=\"6\" role=\"tab\" tabindex=\"-1\" aria-controls=\"elementor-tab-content-1706\" aria-expanded=\"false\">Demonstrativo integral das receitas e despesas - Exerc\u00edcio 2023<\/div>\n\t\t\t\t\t\t\t\t\t<div id=\"elementor-tab-title-1707\" class=\"elementor-tab-title elementor-tab-desktop-title\" aria-selected=\"false\" data-tab=\"7\" role=\"tab\" tabindex=\"-1\" aria-controls=\"elementor-tab-content-1707\" aria-expanded=\"false\">Demonstrativo das despesas incorridas - Exerc\u00edcio 2023<\/div>\n\t\t\t\t\t\t\t\t\t<div id=\"elementor-tab-title-1708\" class=\"elementor-tab-title elementor-tab-desktop-title\" aria-selected=\"false\" data-tab=\"8\" role=\"tab\" tabindex=\"-1\" aria-controls=\"elementor-tab-content-1708\" aria-expanded=\"false\">Balan\u00e7o de Demonstrativos Cont\u00e1beis<\/div>\n\t\t\t\t\t\t\t\t\t<div id=\"elementor-tab-title-1709\" class=\"elementor-tab-title elementor-tab-desktop-title\" aria-selected=\"false\" data-tab=\"9\" role=\"tab\" tabindex=\"-1\" aria-controls=\"elementor-tab-content-1709\" aria-expanded=\"false\">Balancete de Demonstrativos Cont\u00e1beis - 2023<\/div>\n\t\t\t\t\t\t\t\t\t<div id=\"elementor-tab-title-17010\" class=\"elementor-tab-title elementor-tab-desktop-title\" aria-selected=\"false\" data-tab=\"10\" role=\"tab\" tabindex=\"-1\" aria-controls=\"elementor-tab-content-17010\" aria-expanded=\"false\">FUNDO MUNICIPAL DOS DIREITOS DA CRIAN\u00c7A E DO ADOLESCENTE - 2023<\/div>\n\t\t\t\t\t\t\t<\/div>\n\t\t\t<div class=\"elementor-tabs-content-wrapper\" role=\"tablist\" aria-orientation=\"vertical\">\n\t\t\t\t\t\t\t\t\t<div class=\"elementor-tab-title elementor-tab-mobile-title\" aria-selected=\"true\" data-tab=\"1\" role=\"tab\" tabindex=\"0\" aria-controls=\"elementor-tab-content-1701\" aria-expanded=\"false\">Transpar\u00eancia Creche Andr\u00e9 Luiz:<\/div>\n\t\t\t\t\t<div id=\"elementor-tab-content-1701\" class=\"elementor-tab-content elementor-clearfix\" data-tab=\"1\" role=\"tabpanel\" aria-labelledby=\"elementor-tab-title-1701\" tabindex=\"0\" hidden=\"false\"><\/div>\n\t\t\t\t\t\t\t\t\t<div class=\"elementor-tab-title elementor-tab-mobile-title\" aria-selected=\"false\" data-tab=\"2\" role=\"tab\" tabindex=\"-1\" aria-controls=\"elementor-tab-content-1702\" aria-expanded=\"false\">Estatuto Social<\/div>\n\t\t\t\t\t<div id=\"elementor-tab-content-1702\" class=\"elementor-tab-content elementor-clearfix\" data-tab=\"2\" role=\"tabpanel\" aria-labelledby=\"elementor-tab-title-1702\" tabindex=\"0\" hidden=\"hidden\"><\/div>\n\t\t\t\t\t\t\t\t\t<div class=\"elementor-tab-title elementor-tab-mobile-title\" aria-selected=\"false\" data-tab=\"3\" role=\"tab\" tabindex=\"-1\" aria-controls=\"elementor-tab-content-1703\" aria-expanded=\"false\">Plano de Trabalho<\/div>\n\t\t\t\t\t<div id=\"elementor-tab-content-1703\" class=\"elementor-tab-content elementor-clearfix\" data-tab=\"3\" role=\"tabpanel\" aria-labelledby=\"elementor-tab-title-1703\" tabindex=\"0\" hidden=\"hidden\"><p><a href=\"https:\/\/transparencia.crecheandreluizitu.org\/wp-content\/uploads\/2023\/03\/ANEXO-II-PLANO-DE-TRABALHO-2023.pdf\">PLANO DE TRABALHO 2023<\/a><\/p><\/div>\n\t\t\t\t\t\t\t\t\t<div class=\"elementor-tab-title elementor-tab-mobile-title\" aria-selected=\"false\" data-tab=\"4\" role=\"tab\" tabindex=\"-1\" aria-controls=\"elementor-tab-content-1704\" aria-expanded=\"false\">Documentos e Certificados<\/div>\n\t\t\t\t\t<div id=\"elementor-tab-content-1704\" class=\"elementor-tab-content elementor-clearfix\" data-tab=\"4\" role=\"tabpanel\" aria-labelledby=\"elementor-tab-title-1704\" tabindex=\"0\" hidden=\"hidden\"><p><a href=\"https:\/\/transparencia.crecheandreluizitu.org\/wp-content\/uploads\/2022\/06\/CNPJ.pdf\">CNPJ<\/a><\/p><p><a href=\"https:\/\/transparencia.crecheandreluizitu.org\/wp-content\/uploads\/2023\/05\/CERTIFICADO-CMDCA.pdf\">CERTIFICADO CMDCA<\/a><\/p><p><a href=\"https:\/\/transparencia.crecheandreluizitu.org\/wp-content\/uploads\/2023\/05\/ATESTADO-DE-FUNCIONAMENTO.pdf\">ATESTADO DE FUNCIONAMENTO<\/a><\/p><p><a href=\"https:\/\/transparencia.crecheandreluizitu.org\/wp-content\/uploads\/2023\/05\/REGULAMENTO-INSTITUCIONAL-DE-CONTRATACAO-DE-PESSOAL-2023.pdf\">REGULAMENTO INSTITUCIONAL DE CONTRATA\u00c7\u00c3O DE PESSOAL-2023<\/a><\/p><\/div>\n\t\t\t\t\t\t\t\t\t<div class=\"elementor-tab-title elementor-tab-mobile-title\" aria-selected=\"false\" data-tab=\"5\" role=\"tab\" tabindex=\"-1\" aria-controls=\"elementor-tab-content-1705\" aria-expanded=\"false\">TERMO DE COLABORA\u00c7\u00c3O COM A PREFEITURA E ADITIVOS<\/div>\n\t\t\t\t\t<div id=\"elementor-tab-content-1705\" class=\"elementor-tab-content elementor-clearfix\" data-tab=\"5\" role=\"tabpanel\" aria-labelledby=\"elementor-tab-title-1705\" tabindex=\"0\" hidden=\"hidden\"><p><a href=\"https:\/\/transparencia.crecheandreluizitu.org\/wp-content\/uploads\/2023\/03\/2o-ADITIVO-No22777-2020.pdf\">2\u00ba ADITIVO N\u00ba22777-2020<\/a><\/p><p><a href=\"https:\/\/transparencia.crecheandreluizitu.org\/wp-content\/uploads\/2023\/05\/2o-ADITIVO-No22777-2020.pdf\">2\u00ba ADITIVO AO TERMO DE COLABORA\u00c7\u00c3O 22777\/2020 &#8211; VIG\u00caNCIA 01\/01\/2023 A 31\/12\/2023<\/a><\/p><p><a href=\"https:\/\/transparencia.crecheandreluizitu.org\/wp-content\/uploads\/2022\/06\/Termo-de-Colaboracao-No-22777-2020.pdf\">Termo de Colabora\u00e7\u00e3o 22777\/2020 &#8211; Vig\u00eancia 01\/01\/2021 a 31\/12\/2021<\/a><\/p><p><a href=\"https:\/\/transparencia.crecheandreluizitu.org\/wp-content\/uploads\/2022\/06\/Termo-de-Colaboracao-Andre-Luiz.pdf\">1\u00b0 termo Aditivo em 21\/03\/2020<\/a><\/p><p><a href=\"https:\/\/transparencia.crecheandreluizitu.org\/wp-content\/uploads\/2022\/06\/1Ao_Termo_Aditivo_Termo_de_ColaboraA\u00a7Ao_-_AndrA\u00a9_Luiz.pdf\">Termo de Colabora\u00e7\u00e3o Prefeitura Vig\u00eancia de 01\/01\/2020 a 31\/12\/2020<\/a><\/p><p><a href=\"https:\/\/transparencia.crecheandreluizitu.org\/wp-content\/uploads\/2022\/09\/1o-Aditivo-Creche-e-Lar-Andre-Luiz-de-Itu.pdf\">1\u00ba Aditivo ao Termo de Colabora\u00e7\u00e3o 2277\/2020 &#8211; VIG\u00caNCIA 01\/01\/2022 A 31\/12\/2022<\/a><\/p><\/div>\n\t\t\t\t\t\t\t\t\t<div class=\"elementor-tab-title elementor-tab-mobile-title\" aria-selected=\"false\" data-tab=\"6\" role=\"tab\" tabindex=\"-1\" aria-controls=\"elementor-tab-content-1706\" aria-expanded=\"false\">Demonstrativo integral das receitas e despesas - Exerc\u00edcio 2023<\/div>\n\t\t\t\t\t<div id=\"elementor-tab-content-1706\" class=\"elementor-tab-content elementor-clearfix\" data-tab=\"6\" role=\"tabpanel\" aria-labelledby=\"elementor-tab-title-1706\" tabindex=\"0\" hidden=\"hidden\"><p><a href=\"https:\/\/transparencia.crecheandreluizitu.org\/wp-content\/uploads\/2023\/03\/01-RP10-RECURSOS-DA-ENTIDADE.pdf\">Janeiro-RP10 RECURSOS DA ENTIDADE<\/a><\/p><p><a href=\"https:\/\/transparencia.crecheandreluizitu.org\/wp-content\/uploads\/2023\/03\/01-RP10-RECURSOS-DA-PREFEITURA.pdf\">Janeiro-RP10 RECURSOS DA PREFEITURA<\/a><\/p><p><a href=\"https:\/\/transparencia.crecheandreluizitu.org\/wp-content\/uploads\/2023\/05\/02-RP-10-RECURSOS-DA-ENTIDADE.pdf\">Fevereiro -RP 10 RECURSOS DA ENTIDADE<\/a><\/p><p><a href=\"https:\/\/transparencia.crecheandreluizitu.org\/wp-content\/uploads\/2023\/05\/02-RP-10-RECURSOS-DA-PREFEITURA.pdf\">Fevereiro -RP 10 RECURSOS DA PREFEITURA<\/a><\/p><p><a href=\"https:\/\/transparencia.crecheandreluizitu.org\/wp-content\/uploads\/2023\/05\/03-RP-10-RECURSOS-DA-ENTIDADE.pdf\">Mar\u00e7o -RP 10 RECURSOS DA ENTIDADE<\/a><\/p><p><a href=\"https:\/\/transparencia.crecheandreluizitu.org\/wp-content\/uploads\/2023\/05\/03-RP-10-RECURSOS-DA-PREFEITURA.pdf\">Mar\u00e7o -RP 10 RECURSOS DA PREFEITURA<\/a><\/p><p><a href=\"https:\/\/transparencia.crecheandreluizitu.org\/wp-content\/uploads\/2024\/02\/Abril-RP-10-RECURSOS-DA-PREFEITURA.pdf\">Abril-RP 10 RECURSOS DA PREFEITURA<\/a><\/p><p><a href=\"https:\/\/transparencia.crecheandreluizitu.org\/wp-content\/uploads\/2024\/02\/Abril-RP-10-RECURSOS-DA-ENTIDADE.pdf\">Abril-RP 10 RECURSOS DA ENTIDADE<\/a><\/p><p><a href=\"https:\/\/transparencia.crecheandreluizitu.org\/wp-content\/uploads\/2024\/02\/Maio-RP-10-RECURSOS-DA-ENTIDADE.pdf\">Maio-RP 10 RECURSOS DA ENTIDADE<\/a><\/p><p><a href=\"https:\/\/transparencia.crecheandreluizitu.org\/wp-content\/uploads\/2024\/02\/Maio-RP-10-RECURSOS-DA-PREFEITURA.pdf\">Maio-RP 10 RECURSOS DA PREFEITURA<\/a><\/p><p><a href=\"https:\/\/transparencia.crecheandreluizitu.org\/wp-content\/uploads\/2024\/02\/Junho-RP-10-RECURSOS-DA-PREFEITURA.pdf\">Junho-RP 10 RECURSOS DA PREFEITURA<\/a><\/p><p><a href=\"https:\/\/transparencia.crecheandreluizitu.org\/wp-content\/uploads\/2024\/02\/Junho-RP-10-RECURSOS-DA-ENTIDADE.pdf\">Junho-RP 10 RECURSOS DA ENTIDADE<\/a><\/p><p><a href=\"https:\/\/transparencia.crecheandreluizitu.org\/wp-content\/uploads\/2024\/02\/Julho-RP10-RECURSOS-DA-ENTIDADE.pdf\">Julho-RP10 RECURSOS DA ENTIDADE<\/a><\/p><p><a href=\"https:\/\/transparencia.crecheandreluizitu.org\/wp-content\/uploads\/2024\/02\/Julho-RP10-RECURSOS-DA-PREFEITURA.pdf\">Julho-RP10 RECURSOS DA PREFEITURA<\/a><\/p><p><a href=\"https:\/\/transparencia.crecheandreluizitu.org\/wp-content\/uploads\/2024\/02\/Agosto-RP-10-RECURSOS-DA-ENTIDADE.pdf\">Agosto-RP 10 RECURSOS DA ENTIDADE<\/a><\/p><p><a href=\"https:\/\/transparencia.crecheandreluizitu.org\/wp-content\/uploads\/2024\/02\/Agosto-RP-10-RECURSOS-DA-PREFEITURA.pdf\">Agosto-RP 10 RECURSOS DA PREFEITURA<\/a><\/p><p><a href=\"https:\/\/transparencia.crecheandreluizitu.org\/wp-content\/uploads\/2024\/02\/Setembro-RP-10-DEMONSTRATIVO-INTEGRAL-DAS-RECEITAS-E-DESPESAS-PREFEITURA.pdf\">Setembro -RP 10 &#8211; RECURSOS DA PREFEITURA<\/a><\/p><p><a href=\"https:\/\/transparencia.crecheandreluizitu.org\/wp-content\/uploads\/2024\/02\/Setembro-RP-10-DEMONSTRATIVO-INTEGRAL-DAS-RECEITAS-E-DESPESAS-ENTIDADE.pdf\">Setembro -RP 10 &#8211; RECURSOS DA ENTIDADE<\/a><\/p><p><a href=\"https:\/\/transparencia.crecheandreluizitu.org\/wp-content\/uploads\/2024\/02\/Outubro-RP-10-DEMONSTRATIVO-INTEGRAL-DAS-RECEITAS-E-DESPESAS-PREFEITURA.pdf\">Outubro -RP 10 RECURSOS DA PREFEITURA<\/a><\/p><p><a href=\"https:\/\/transparencia.crecheandreluizitu.org\/wp-content\/uploads\/2024\/02\/Outubro-RP-10-DEMONSTRATIVO-INTEGRAL-DAS-RECEITAS-E-DESPESAS-ENTIDADE.pdf\">Outubro -RP 10 RECURSOS DA ENTIDADE<\/a><\/p><p><a href=\"https:\/\/transparencia.crecheandreluizitu.org\/wp-content\/uploads\/2024\/02\/Novembro-RP-10-DEMONSTRATIVO-INTEGRAL-DAS-RECEITAS-E-DESPESAS-PREFEITURA.pdf\">Novembro -RP 10 RECURSOS DA PREFEITURA<\/a><\/p><p><a href=\"https:\/\/transparencia.crecheandreluizitu.org\/wp-content\/uploads\/2024\/02\/Novembro-RP-10-DEMONSTRATIVO-INTEGRAL-DAS-RECEITAS-E-DESPESAS-ENTIDADE.pdf\">Novembro -RP 10 RECURSOS DA ENTIDADE<\/a><\/p><p><a href=\"https:\/\/transparencia.crecheandreluizitu.org\/wp-content\/uploads\/2024\/02\/Dezembro-RP-10-DEMONSTRATIVO-INTEGRAL-DAS-RECEITAS-E-DESPESAS-PREFEITURA.pdf\">Dezembro-RP 10 RECURSOS DA PREFEITURA<\/a><\/p><p><a href=\"https:\/\/transparencia.crecheandreluizitu.org\/wp-content\/uploads\/2024\/02\/Dezembro-RP-10-DEMONSTRATIVO-INTEGRAL-DAS-RECEITAS-E-DESPESAS-ENTIDADE.pdf\">Dezembro-RP 10 RECURSOS DA ENTIDADE<\/a><\/p><\/div>\n\t\t\t\t\t\t\t\t\t<div class=\"elementor-tab-title elementor-tab-mobile-title\" aria-selected=\"false\" data-tab=\"7\" role=\"tab\" tabindex=\"-1\" aria-controls=\"elementor-tab-content-1707\" aria-expanded=\"false\">Demonstrativo das despesas incorridas - Exerc\u00edcio 2023<\/div>\n\t\t\t\t\t<div id=\"elementor-tab-content-1707\" class=\"elementor-tab-content elementor-clearfix\" data-tab=\"7\" role=\"tabpanel\" aria-labelledby=\"elementor-tab-title-1707\" tabindex=\"0\" hidden=\"hidden\"><p><a href=\"https:\/\/transparencia.crecheandreluizitu.org\/wp-content\/uploads\/2023\/03\/01-DEPESAS-REALIZADAS-NO-PERIODO-PROVISIONAMENTO.pdf\">Janeiro &#8211; DEPESAS REALIZADAS NO PER\u00cdODO PROVISIONAMENTO<\/a><\/p><p><a href=\"https:\/\/transparencia.crecheandreluizitu.org\/wp-content\/uploads\/2023\/03\/01-DESPESAS-REALIZADAS-NO-PERIODO-OPERACIONAL.pdf\">Janeiro &#8211; DESPESAS REALIZADAS NO PER\u00cdODO OPERACIONAL<\/a><\/p><p><a href=\"https:\/\/transparencia.crecheandreluizitu.org\/wp-content\/uploads\/2023\/05\/02-DESPESAS-REALIZADAS-NO-PERIODO-PROVISIONAMENTO.pdf\">Fevereiro-DESPESAS REALIZADAS NO PER\u00cdODO PROVISIONAMENTO<\/a><\/p><p><a href=\"https:\/\/transparencia.crecheandreluizitu.org\/wp-content\/uploads\/2023\/05\/02-DESPESAS-REALIZADAS-NO-PERIODO-OPERACIONAL.pdf\">Fevereiro-DESPESAS REALIZADAS NO PER\u00cdODO OPERACIONAL<\/a><\/p><p><a href=\"https:\/\/transparencia.crecheandreluizitu.org\/wp-content\/uploads\/2023\/05\/03-DESPESAS-REALIZADAS-NO-PERIODO-OPERACIONAL.pdf\">Mar\u00e7o-DESPESAS REALIZADAS NO PER\u00cdODO OPERACIONAL<\/a><\/p><p><a href=\"https:\/\/transparencia.crecheandreluizitu.org\/wp-content\/uploads\/2023\/05\/03-DESPESAS-REALIZADAS-NO-PERIODO-PROVISIONAMENTO.pdf\">Mar\u00e7o-DESPESAS REALIZADAS NO PER\u00cdODO PROVISIONAMENTO<\/a><\/p><p><a href=\"https:\/\/transparencia.crecheandreluizitu.org\/wp-content\/uploads\/2024\/02\/Abril-DESPESAS-REALIZADAS-NO-PERIODO-OPERACIONAL.pdf\">Abril-DESPESAS REALIZADAS NO PER\u00cdODO-OPERACIONAL<\/a><\/p><p><a href=\"https:\/\/transparencia.crecheandreluizitu.org\/wp-content\/uploads\/2024\/02\/Abril-DESPESAS-REALIZADAS-NO-PERIODO-PROVISIONAMENTO.pdf\">Abril-DESPESAS REALIZADAS NO PER\u00cdODO-PROVISIONAMENTO<\/a><\/p><p><a href=\"https:\/\/transparencia.crecheandreluizitu.org\/wp-content\/uploads\/2024\/02\/Maio-DESPESAS-REALIZADAS-NO-PERIODO-PROVISIONAMENTO.pdf\">Maio-DESPESAS REALIZADAS NO PER\u00cdODO PROVISIONAMENTO<\/a><\/p><p><a href=\"https:\/\/transparencia.crecheandreluizitu.org\/wp-content\/uploads\/2024\/02\/Maio-DESPESAS-REALIZADAS-NO-PERIODO-OPERACIONAL.pdf\">Maio-DESPESAS REALIZADAS NO PER\u00cdODO OPERACIONAL<\/a><\/p><p><a href=\"https:\/\/transparencia.crecheandreluizitu.org\/wp-content\/uploads\/2024\/02\/Junho-DESPESAS-REALIZADAS-NO-PERIODO-OPERACIONAL.pdf\">Junho-DESPESAS REALIZADAS NO PER\u00cdODO OPERACIONAL<\/a><\/p><p><a href=\"https:\/\/transparencia.crecheandreluizitu.org\/wp-content\/uploads\/2024\/02\/Junho-DESPESAS-REALIZADAS-NO-PERIODO-PROV..pdf\">Junho-DESPESAS REALIZADAS NO PER\u00cdODO PROV.<\/a><\/p><p><a href=\"https:\/\/transparencia.crecheandreluizitu.org\/wp-content\/uploads\/2024\/02\/Julho-DESPESAS-REALIZADAS-DO-PERIODO-PROVISIONAMENTO.pdf\">Julho-DESPESAS REALIZADAS DO PER\u00cdODO PROVISIONAMENTO<\/a><\/p><p><a href=\"https:\/\/transparencia.crecheandreluizitu.org\/wp-content\/uploads\/2024\/02\/Julho-DESPESAS-REALIZADAS-DO-PERIODO-OPERACIONAL.pdf\">Julho-DESPESAS REALIZADAS DO PER\u00cdODO OPERACIONAL<\/a><\/p><p><a href=\"https:\/\/transparencia.crecheandreluizitu.org\/wp-content\/uploads\/2024\/02\/Agosto-DESPESAS-REALIZADAS-NO-PERIODO-PROVISIONAMENTO.pdf\">Agosto-DESPESAS REALIZADAS NO PER\u00cdODO PROVISIONAMENTO<\/a><\/p><p><a href=\"https:\/\/transparencia.crecheandreluizitu.org\/wp-content\/uploads\/2024\/02\/Agosto-DESPESAS-REALIZADAS-NO-PERIODO-OPERACIONAL.pdf\">Agosto-DESPESAS REALIZADAS NO PER\u00cdODO OPERACIONAL<\/a><\/p><p><a href=\"https:\/\/transparencia.crecheandreluizitu.org\/wp-content\/uploads\/2024\/02\/Setembro-DESPESAS-REALIZADAS-NO-PERIODO-OPERACIONAL.pdf\">Setembro-DESPESAS REALIZADAS NO PER\u00cdODO-OPERACIONAL<\/a><\/p><p><a href=\"https:\/\/transparencia.crecheandreluizitu.org\/wp-content\/uploads\/2024\/02\/Setembro-DESPESAS-REALIZADAS-NO-PERIODO-PROVISIONAMENTO.pdf\">Setembro-DESPESAS REALIZADAS NO PER\u00cdODO-PROVISIONAMENTO<\/a><\/p><p><a href=\"https:\/\/transparencia.crecheandreluizitu.org\/wp-content\/uploads\/2024\/02\/Outubro-DESPESAS-REALIZADAS-NO-PERIODO-OPERACIONAL.pdf\">Outubro-DESPESAS REALIZADAS NO PER\u00cdODO OPERACIONAL<\/a><\/p><p><a href=\"https:\/\/transparencia.crecheandreluizitu.org\/wp-content\/uploads\/2024\/02\/Outubro-DESPESAS-REALIZADAS-NO-PERIODO-PROVISIONAMENTO.pdf\">Outubro-DESPESAS REALIZADAS NO PER\u00cdODO PROVISIONAMENTO<\/a><\/p><p><a href=\"https:\/\/transparencia.crecheandreluizitu.org\/wp-content\/uploads\/2024\/02\/Novembro-DESPESAS-REALIZADAS-NO-PERIODO-OPERACIONAL-1.pdf\">Novembro-DESPESAS REALIZADAS NO PER\u00cdODO-OPERACIONAL<\/a><\/p><p><a href=\"https:\/\/transparencia.crecheandreluizitu.org\/wp-content\/uploads\/2024\/02\/Novembro-DESPESAS-REALIZADAS-NO-PERIODO-PROVISIONAMENTO-1.pdf\">Novembro-DESPESAS REALIZADAS NO PER\u00cdODO-PROVISIONAMENTO<\/a><\/p><p><a href=\"https:\/\/transparencia.crecheandreluizitu.org\/wp-content\/uploads\/2024\/02\/12-DESPESAS-REALIZADAS-NO-PERIODO-OPERACIONAL.pdf\">Dezembro-DESPESAS REALIZADAS NO PER\u00cdODO-OPERACIONAL<\/a><\/p><p><a href=\"https:\/\/transparencia.crecheandreluizitu.org\/wp-content\/uploads\/2024\/02\/12-DESPESAS-REALIZADAS-NO-PERIODO-PROVISIONAMENTO.pdf\">Dezembro-DESPESAS REALIZADAS NO PER\u00cdODO-PROVISIONAMENTO<\/a><\/p><\/div>\n\t\t\t\t\t\t\t\t\t<div class=\"elementor-tab-title elementor-tab-mobile-title\" aria-selected=\"false\" data-tab=\"8\" role=\"tab\" tabindex=\"-1\" aria-controls=\"elementor-tab-content-1708\" aria-expanded=\"false\">Balan\u00e7o de Demonstrativos Cont\u00e1beis<\/div>\n\t\t\t\t\t<div id=\"elementor-tab-content-1708\" class=\"elementor-tab-content elementor-clearfix\" data-tab=\"8\" role=\"tabpanel\" aria-labelledby=\"elementor-tab-title-1708\" tabindex=\"0\" hidden=\"hidden\"><p><a href=\"https:\/\/transparencia.crecheandreluizitu.org\/wp-content\/uploads\/2022\/06\/BALANA_O_PATRIMONIAL_-_2019.pdf\">Balan\u00e7o Patrimonial 2019<\/a><\/p><p><a href=\"https:\/\/transparencia.crecheandreluizitu.org\/wp-content\/uploads\/2022\/06\/BALANCO-PATRIMONIAL-2020-RES.pdf\">Balan\u00e7o Patrimonial 2020<\/a><\/p><p><a href=\"https:\/\/transparencia.crecheandreluizitu.org\/wp-content\/uploads\/2022\/06\/BALANCO-2021.pdf\">Balan\u00e7o Patrimonial 2021<\/a><\/p><p><a href=\"https:\/\/transparencia.crecheandreluizitu.org\/wp-content\/uploads\/2023\/03\/BALANCO-2022-ASSINADO.pdf\">Balan\u00e7o Patrimonial 2022<\/a><\/p><div><a id=\"m_-4932830910026896187OWA2759174e-bae3-2d89-8fef-dbb1d241647b\" href=\"https:\/\/transparencia.crecheandreluizitu.org\/wp-content\/uploads\/2023\/03\/BALANCO-2022-ASSINADO.pdf\" target=\"_blank\" rel=\"noopener\" data-saferedirecturl=\"https:\/\/www.google.com\/url?q=https:\/\/transparencia.crecheandreluizitu.org\/wp-content\/uploads\/2023\/03\/BALANCO-2022-ASSINADO.pdf&amp;source=gmail&amp;ust=1709133763206000&amp;usg=AOvVaw219wUcCSsqhCRCanQ4ejZ0\">Balan\u00e7o Patrimonial 2023<\/a><\/div><\/div>\n\t\t\t\t\t\t\t\t\t<div class=\"elementor-tab-title elementor-tab-mobile-title\" aria-selected=\"false\" data-tab=\"9\" role=\"tab\" tabindex=\"-1\" aria-controls=\"elementor-tab-content-1709\" aria-expanded=\"false\">Balancete de Demonstrativos Cont\u00e1beis - 2023<\/div>\n\t\t\t\t\t<div id=\"elementor-tab-content-1709\" class=\"elementor-tab-content elementor-clearfix\" data-tab=\"9\" role=\"tabpanel\" aria-labelledby=\"elementor-tab-title-1709\" tabindex=\"0\" hidden=\"hidden\"><p><a href=\"https:\/\/transparencia.crecheandreluizitu.org\/wp-content\/uploads\/2023\/05\/01-2023-BALANCETE.pdf\">Janeiro-2023 BALANCETE<\/a><\/p><p><a href=\"https:\/\/transparencia.crecheandreluizitu.org\/wp-content\/uploads\/2023\/05\/02-2023-BALANCETE.pdf\">Fevereiro-2023 BALANCETE<\/a><\/p><p><a href=\"https:\/\/transparencia.crecheandreluizitu.org\/wp-content\/uploads\/2023\/05\/03-2023-BALANCETE.pdf\">Mar\u00e7o-2023 BALANCETE<\/a><\/p><p><a href=\"https:\/\/transparencia.crecheandreluizitu.org\/wp-content\/uploads\/2024\/02\/Abril-2023-BALANCETE.pdf\">Abril-2023 BALANCETE<\/a><\/p><p><a href=\"https:\/\/transparencia.crecheandreluizitu.org\/wp-content\/uploads\/2024\/02\/Maio-2023-BALANCETE.pdf\">Maio-2023 BALANCETE<\/a><\/p><p><a href=\"https:\/\/transparencia.crecheandreluizitu.org\/wp-content\/uploads\/2024\/02\/Junho-2023-BALANCETE.pdf\">Junho-2023 BALANCETE<\/a><\/p><p><a href=\"https:\/\/transparencia.crecheandreluizitu.org\/wp-content\/uploads\/2024\/02\/Julho-2023-BALANCETE.pdf\">Julho-2023 BALANCETE<\/a>\u00a0<\/p><p><a href=\"https:\/\/transparencia.crecheandreluizitu.org\/wp-content\/uploads\/2024\/02\/Agosto-2023-BALANCETE.pdf\">Agosto-2023 BALANCETE<\/a><\/p><p><a href=\"https:\/\/transparencia.crecheandreluizitu.org\/wp-content\/uploads\/2024\/02\/Setembro-2023-BALANCETE.pdf\">Setembro-2023 BALANCETE<\/a><\/p><p><a href=\"https:\/\/transparencia.crecheandreluizitu.org\/wp-content\/uploads\/2024\/02\/Outubro-2023-BALANCETE.pdf\">Outubro-2023 BALANCETE<\/a><\/p><p><a href=\"https:\/\/transparencia.crecheandreluizitu.org\/wp-content\/uploads\/2024\/02\/Novembro-2023-BALANCETE.pdf\">Novembro-2023 BALANCETE<\/a><\/p><p><a href=\"https:\/\/transparencia.crecheandreluizitu.org\/wp-content\/uploads\/2024\/02\/Dezembro-2023-BALANCETE.pdf\">Dezembro-2023 BALANCETE<\/a><\/p><\/div>\n\t\t\t\t\t\t\t\t\t<div class=\"elementor-tab-title elementor-tab-mobile-title\" aria-selected=\"false\" data-tab=\"10\" role=\"tab\" tabindex=\"-1\" aria-controls=\"elementor-tab-content-17010\" aria-expanded=\"false\">FUNDO MUNICIPAL DOS DIREITOS DA CRIAN\u00c7A E DO ADOLESCENTE - 2023<\/div>\n\t\t\t\t\t<div id=\"elementor-tab-content-17010\" class=\"elementor-tab-content elementor-clearfix\" data-tab=\"10\" role=\"tabpanel\" aria-labelledby=\"elementor-tab-title-17010\" tabindex=\"0\" hidden=\"hidden\"><p><a href=\"https:\/\/transparencia.crecheandreluizitu.org\/wp-content\/uploads\/2022\/10\/ATA-ATUALIZADA-2022.pdf\">ATA<\/a><\/p><p><a href=\"https:\/\/transparencia.crecheandreluizitu.org\/wp-content\/uploads\/2023\/05\/PLANO-DE-TRABALHO-CMDCA-2023-site.pdf\">PLANO DE TRABALHO CMDCA 2023<\/a><\/p><p><a href=\"https:\/\/transparencia.crecheandreluizitu.org\/wp-content\/uploads\/2023\/05\/DECLARACAO-2023.pdf\">DECLARA\u00c7\u00c3O -2023<\/a><\/p><p><a href=\"https:\/\/transparencia.crecheandreluizitu.org\/wp-content\/uploads\/2023\/05\/ESTATUTO.pdf\">ESTATUTO<\/a><\/p><p><a href=\"https:\/\/transparencia.crecheandreluizitu.org\/wp-content\/uploads\/2024\/02\/CNPJ-CRECHE-JAN-2024.pdf\">CNPJ CRECHE JAN-2024<\/a><\/p><p><a href=\"https:\/\/transparencia.crecheandreluizitu.org\/wp-content\/uploads\/2024\/02\/TERMO-DE-FOMENTO-9628-2023.pdf\">TERMO DE FOMENTO 9628-2023<\/a><\/p><p>\u00a0<\/p><\/div>\n\t\t\t\t\t\t\t<\/div>\n\t\t<\/div>\n\t\t\t\t<\/div>\n\t\t\t\t<\/div>\n\t\t\t\t\t<\/div>\n\t\t<\/div>\n\t\t\t\t\t\t\t<\/div>\n\t\t<\/section>\n\t\t\t\t<section class=\"elementor-section elementor-top-section elementor-element elementor-element-daa257a elementor-section-boxed elementor-section-height-default elementor-section-height-default\" data-id=\"daa257a\" data-element_type=\"section\">\n\t\t\t\t\t\t<div class=\"elementor-container elementor-column-gap-default\">\n\t\t\t\t\t<div class=\"elementor-column elementor-col-100 elementor-top-column elementor-element elementor-element-c6334c9\" data-id=\"c6334c9\" data-element_type=\"column\">\n\t\t\t<div class=\"elementor-widget-wrap elementor-element-populated\">\n\t\t\t\t\t\t\t\t<div class=\"elementor-element elementor-element-2f29dc3 elementor-widget elementor-widget-heading\" data-id=\"2f29dc3\" data-element_type=\"widget\" data-widget_type=\"heading.default\">\n\t\t\t\t<div class=\"elementor-widget-container\">\n\t\t\t<h2 class=\"elementor-heading-title elementor-size-default\">Ano de 2022<\/h2>\t\t<\/div>\n\t\t\t\t<\/div>\n\t\t\t\t\t<\/div>\n\t\t<\/div>\n\t\t\t\t\t\t\t<\/div>\n\t\t<\/section>\n\t\t\t\t<section class=\"elementor-section elementor-top-section elementor-element elementor-element-de2b088 elementor-section-boxed elementor-section-height-default elementor-section-height-default\" data-id=\"de2b088\" data-element_type=\"section\">\n\t\t\t\t\t\t<div class=\"elementor-container elementor-column-gap-default\">\n\t\t\t\t\t<div class=\"elementor-column elementor-col-100 elementor-top-column elementor-element elementor-element-1d51dbf\" data-id=\"1d51dbf\" data-element_type=\"column\">\n\t\t\t<div class=\"elementor-widget-wrap elementor-element-populated\">\n\t\t\t\t\t\t\t\t<div class=\"elementor-element elementor-element-71ccb36 elementor-tabs-view-vertical elementor-widget elementor-widget-tabs\" data-id=\"71ccb36\" data-element_type=\"widget\" data-widget_type=\"tabs.default\">\n\t\t\t\t<div class=\"elementor-widget-container\">\n\t\t\t\t\t<div class=\"elementor-tabs\">\n\t\t\t<div class=\"elementor-tabs-wrapper\" role=\"tablist\" >\n\t\t\t\t\t\t\t\t\t<div id=\"elementor-tab-title-1191\" class=\"elementor-tab-title elementor-tab-desktop-title\" aria-selected=\"true\" data-tab=\"1\" role=\"tab\" tabindex=\"0\" aria-controls=\"elementor-tab-content-1191\" aria-expanded=\"false\">Transpar\u00eancia Creche Andr\u00e9 Luiz:<\/div>\n\t\t\t\t\t\t\t\t\t<div id=\"elementor-tab-title-1192\" class=\"elementor-tab-title elementor-tab-desktop-title\" aria-selected=\"false\" data-tab=\"2\" role=\"tab\" tabindex=\"-1\" aria-controls=\"elementor-tab-content-1192\" aria-expanded=\"false\">Estatuto Social<\/div>\n\t\t\t\t\t\t\t\t\t<div id=\"elementor-tab-title-1193\" class=\"elementor-tab-title elementor-tab-desktop-title\" aria-selected=\"false\" data-tab=\"3\" role=\"tab\" tabindex=\"-1\" aria-controls=\"elementor-tab-content-1193\" aria-expanded=\"false\">Plano de Trabalho<\/div>\n\t\t\t\t\t\t\t\t\t<div id=\"elementor-tab-title-1194\" class=\"elementor-tab-title elementor-tab-desktop-title\" aria-selected=\"false\" data-tab=\"4\" role=\"tab\" tabindex=\"-1\" aria-controls=\"elementor-tab-content-1194\" aria-expanded=\"false\">Documentos e Certificados<\/div>\n\t\t\t\t\t\t\t\t\t<div id=\"elementor-tab-title-1195\" class=\"elementor-tab-title elementor-tab-desktop-title\" aria-selected=\"false\" data-tab=\"5\" role=\"tab\" tabindex=\"-1\" aria-controls=\"elementor-tab-content-1195\" aria-expanded=\"false\">TERMO DE COLABORA\u00c7\u00c3O COM A PREFEITURA E ADITIVOS<\/div>\n\t\t\t\t\t\t\t\t\t<div id=\"elementor-tab-title-1196\" class=\"elementor-tab-title elementor-tab-desktop-title\" aria-selected=\"false\" data-tab=\"6\" role=\"tab\" tabindex=\"-1\" aria-controls=\"elementor-tab-content-1196\" aria-expanded=\"false\">Demonstrativo integral das receitas e despesas - Exerc\u00edcio 2022<\/div>\n\t\t\t\t\t\t\t\t\t<div id=\"elementor-tab-title-1197\" class=\"elementor-tab-title elementor-tab-desktop-title\" aria-selected=\"false\" data-tab=\"7\" role=\"tab\" tabindex=\"-1\" aria-controls=\"elementor-tab-content-1197\" aria-expanded=\"false\">Demonstrativo das despesas incorridas - Exerc\u00edcio 2022<\/div>\n\t\t\t\t\t\t\t\t\t<div id=\"elementor-tab-title-1198\" class=\"elementor-tab-title elementor-tab-desktop-title\" aria-selected=\"false\" data-tab=\"8\" role=\"tab\" tabindex=\"-1\" aria-controls=\"elementor-tab-content-1198\" aria-expanded=\"false\">Balan\u00e7o de Demonstrativos Cont\u00e1beis<\/div>\n\t\t\t\t\t\t\t\t\t<div id=\"elementor-tab-title-1199\" class=\"elementor-tab-title elementor-tab-desktop-title\" aria-selected=\"false\" data-tab=\"9\" role=\"tab\" tabindex=\"-1\" aria-controls=\"elementor-tab-content-1199\" aria-expanded=\"false\">Balancete de Demonstrativos Cont\u00e1beis - 2022<\/div>\n\t\t\t\t\t\t\t\t\t<div id=\"elementor-tab-title-11910\" class=\"elementor-tab-title elementor-tab-desktop-title\" aria-selected=\"false\" data-tab=\"10\" role=\"tab\" tabindex=\"-1\" aria-controls=\"elementor-tab-content-11910\" aria-expanded=\"false\">FUNDO MUNICIPAL DOS DIREITOS DA CRIAN\u00c7A E DO ADOLESCENTE - 2022<\/div>\n\t\t\t\t\t\t\t<\/div>\n\t\t\t<div class=\"elementor-tabs-content-wrapper\" role=\"tablist\" aria-orientation=\"vertical\">\n\t\t\t\t\t\t\t\t\t<div class=\"elementor-tab-title elementor-tab-mobile-title\" aria-selected=\"true\" data-tab=\"1\" role=\"tab\" tabindex=\"0\" aria-controls=\"elementor-tab-content-1191\" aria-expanded=\"false\">Transpar\u00eancia Creche Andr\u00e9 Luiz:<\/div>\n\t\t\t\t\t<div id=\"elementor-tab-content-1191\" class=\"elementor-tab-content elementor-clearfix\" data-tab=\"1\" role=\"tabpanel\" aria-labelledby=\"elementor-tab-title-1191\" tabindex=\"0\" hidden=\"false\"><\/div>\n\t\t\t\t\t\t\t\t\t<div class=\"elementor-tab-title elementor-tab-mobile-title\" aria-selected=\"false\" data-tab=\"2\" role=\"tab\" tabindex=\"-1\" aria-controls=\"elementor-tab-content-1192\" aria-expanded=\"false\">Estatuto Social<\/div>\n\t\t\t\t\t<div id=\"elementor-tab-content-1192\" class=\"elementor-tab-content elementor-clearfix\" data-tab=\"2\" role=\"tabpanel\" aria-labelledby=\"elementor-tab-title-1192\" tabindex=\"0\" hidden=\"hidden\"><p><a href=\"https:\/\/transparencia.crecheandreluizitu.org\/wp-content\/uploads\/2022\/10\/ESTATUTO-REFORMULADO-2022.pdf\">ESTATUTO REFORMULADO 2022<\/a><\/p><\/div>\n\t\t\t\t\t\t\t\t\t<div class=\"elementor-tab-title elementor-tab-mobile-title\" aria-selected=\"false\" data-tab=\"3\" role=\"tab\" tabindex=\"-1\" aria-controls=\"elementor-tab-content-1193\" aria-expanded=\"false\">Plano de Trabalho<\/div>\n\t\t\t\t\t<div id=\"elementor-tab-content-1193\" class=\"elementor-tab-content elementor-clearfix\" data-tab=\"3\" role=\"tabpanel\" aria-labelledby=\"elementor-tab-title-1193\" tabindex=\"0\" hidden=\"hidden\"><p><a href=\"https:\/\/transparencia.crecheandreluizitu.org\/wp-content\/uploads\/2022\/09\/ANEXO-II-PLANO-DE-TRABALHO-2022-1.pdf\">PLANO DE TRABALHO 2022<\/a><\/p><\/div>\n\t\t\t\t\t\t\t\t\t<div class=\"elementor-tab-title elementor-tab-mobile-title\" aria-selected=\"false\" data-tab=\"4\" role=\"tab\" tabindex=\"-1\" aria-controls=\"elementor-tab-content-1194\" aria-expanded=\"false\">Documentos e Certificados<\/div>\n\t\t\t\t\t<div id=\"elementor-tab-content-1194\" class=\"elementor-tab-content elementor-clearfix\" data-tab=\"4\" role=\"tabpanel\" aria-labelledby=\"elementor-tab-title-1194\" tabindex=\"0\" hidden=\"hidden\"><p><a href=\"https:\/\/transparencia.crecheandreluizitu.org\/wp-content\/uploads\/2022\/06\/CNPJ.pdf\">CNPJ<\/a><\/p><p><a href=\"https:\/\/transparencia.crecheandreluizitu.org\/wp-content\/uploads\/2022\/06\/REGULAMENTO-DE-COMPRAS-2021.pdf\">REGULAMENTO DE CONTRATA\u00c7\u00c3O DE PESSOAL<\/a><\/p><p><a href=\"https:\/\/transparencia.crecheandreluizitu.org\/wp-content\/uploads\/2022\/06\/CERTIFICADO_DE_UTILIZACAO_MUNICIPAL.pdf\">Certificado CMDCA<\/a><\/p><\/div>\n\t\t\t\t\t\t\t\t\t<div class=\"elementor-tab-title elementor-tab-mobile-title\" aria-selected=\"false\" data-tab=\"5\" role=\"tab\" tabindex=\"-1\" aria-controls=\"elementor-tab-content-1195\" aria-expanded=\"false\">TERMO DE COLABORA\u00c7\u00c3O COM A PREFEITURA E ADITIVOS<\/div>\n\t\t\t\t\t<div id=\"elementor-tab-content-1195\" class=\"elementor-tab-content elementor-clearfix\" data-tab=\"5\" role=\"tabpanel\" aria-labelledby=\"elementor-tab-title-1195\" tabindex=\"0\" hidden=\"hidden\"><p><a href=\"https:\/\/transparencia.crecheandreluizitu.org\/wp-content\/uploads\/2022\/06\/Termo-de-Colaboracao-No-22777-2020.pdf\">Termo de Colabora\u00e7\u00e3o N\u00ba 22777-2020<\/a><\/p><p><a href=\"https:\/\/transparencia.crecheandreluizitu.org\/wp-content\/uploads\/2022\/06\/Termo-de-Colaboracao-Andre-Luiz.pdf\">1\u00b0 termo Aditivo em 21\/03\/2020<\/a><\/p><p><a href=\"https:\/\/transparencia.crecheandreluizitu.org\/wp-content\/uploads\/2022\/06\/1Ao_Termo_Aditivo_Termo_de_ColaboraA\u00a7Ao_-_AndrA\u00a9_Luiz.pdf\">Termo de Colabora\u00e7\u00e3o Prefeitura V\u00e1lido de 01\/01\/2020 a 31\/12\/2020<\/a><\/p><p><a href=\"https:\/\/transparencia.crecheandreluizitu.org\/wp-content\/uploads\/2022\/09\/1o-Aditivo-Creche-e-Lar-Andre-Luiz-de-Itu.pdf\">1\u00ba Aditivo &#8211; Creche e Lar Andr\u00e9 Luiz de Itu<\/a><\/p><\/div>\n\t\t\t\t\t\t\t\t\t<div class=\"elementor-tab-title elementor-tab-mobile-title\" aria-selected=\"false\" data-tab=\"6\" role=\"tab\" tabindex=\"-1\" aria-controls=\"elementor-tab-content-1196\" aria-expanded=\"false\">Demonstrativo integral das receitas e despesas - Exerc\u00edcio 2022<\/div>\n\t\t\t\t\t<div id=\"elementor-tab-content-1196\" class=\"elementor-tab-content elementor-clearfix\" data-tab=\"6\" role=\"tabpanel\" aria-labelledby=\"elementor-tab-title-1196\" tabindex=\"0\" hidden=\"hidden\"><p><a href=\"https:\/\/transparencia.crecheandreluizitu.org\/wp-content\/uploads\/2022\/06\/Janeiro-2022.pdf\">Janeiro<\/a><\/p><p><a href=\"https:\/\/transparencia.crecheandreluizitu.org\/wp-content\/uploads\/2022\/06\/RP10-FEV-2022.pdf\">Fevereiro<\/a><\/p><p><a href=\"https:\/\/transparencia.crecheandreluizitu.org\/wp-content\/uploads\/2022\/06\/RP-10-MARCO-2022.pdf\">Mar\u00e7o<\/a><\/p><p><a href=\"https:\/\/transparencia.crecheandreluizitu.org\/wp-content\/uploads\/2022\/09\/Abril.pdf\">Abri<\/a>l<\/p><p><a href=\"https:\/\/transparencia.crecheandreluizitu.org\/wp-content\/uploads\/2022\/09\/Maio-RECURSOS-PREFEITURA.pdf\">Maio-RECURSOS PREFEITURA<\/a><\/p><p><a href=\"https:\/\/transparencia.crecheandreluizitu.org\/wp-content\/uploads\/2022\/09\/Maio-RECURSOS-ENTIDADE.pdf\">Maio-RECURSOS ENTIDADE<\/a><\/p><p><a href=\"https:\/\/transparencia.crecheandreluizitu.org\/wp-content\/uploads\/2022\/09\/06-RP10-RECURSOS-ENTIDADE.pdf\">Junho &#8211; RECURSOS ENTIDADE<\/a><\/p><p><a href=\"https:\/\/transparencia.crecheandreluizitu.org\/wp-content\/uploads\/2022\/09\/Junho-RECURSOS-PREFEITURA.pdf\">Junho-RECURSOS PREFEITURA<\/a><\/p><p><a href=\"https:\/\/transparencia.crecheandreluizitu.org\/wp-content\/uploads\/2022\/09\/Julho-RP10-RECURSOS-ENTIDADE.pdf\">Julho &#8211;\u00a0 RECURSOS ENTIDADE<\/a><\/p><p><a href=\"https:\/\/transparencia.crecheandreluizitu.org\/wp-content\/uploads\/2022\/09\/Julho-RECURSOS-PREFEITURA.pdf\">Julho- RECURSOS PREFEITURA<\/a><\/p><p><a href=\"https:\/\/transparencia.crecheandreluizitu.org\/wp-content\/uploads\/2022\/11\/Agosto-RECURSOS-ENTIDADE.pdf\">Agosto- RECURSOS ENTIDADE<\/a><\/p><p><a href=\"https:\/\/transparencia.crecheandreluizitu.org\/wp-content\/uploads\/2022\/11\/Agosto-RECURSOS-PREFEITURA.pdf\">Agosto &#8211; RECURSOS PREFEITURA<\/a><\/p><p><a href=\"https:\/\/transparencia.crecheandreluizitu.org\/wp-content\/uploads\/2022\/11\/Setembro-RECURSOS-ENTIDADE.pdf\">Setembro &#8211; RECURSOS ENTIDADE<\/a><\/p><p><a href=\"https:\/\/transparencia.crecheandreluizitu.org\/wp-content\/uploads\/2022\/11\/Setembro-RECURSOS-PREFEITURA.pdf\">Setembro &#8211; RECURSOS PREFEITURA<\/a><\/p><p><a href=\"https:\/\/transparencia.crecheandreluizitu.org\/wp-content\/uploads\/2023\/03\/10-RP-10-RECURSOS-DA-PREFEITURA.pdf\">Outrubro &#8211; RECURSOS DA PREFEITURA<\/a><\/p><p><a href=\"https:\/\/transparencia.crecheandreluizitu.org\/wp-content\/uploads\/2023\/03\/10-RP-10-RECURSOS-DA-ENTIDADE.pdf\">Outubro &#8211; RECURSOS DA ENTIDADE<\/a><\/p><p><a href=\"https:\/\/transparencia.crecheandreluizitu.org\/wp-content\/uploads\/2023\/03\/11-RP-10-DEMONSTRATIVO-INTEGRAL-DAS-RECEITAS-E-DESPESAS-PREFEITURA.pdf\">Novembro &#8211; DEMONSTRATIVO INTEGRAL DAS RECEITAS E DESPESAS-PREFEITURA<\/a><\/p><p><a href=\"https:\/\/transparencia.crecheandreluizitu.org\/wp-content\/uploads\/2023\/03\/11-RP-10-DEMONSTRATIVO-INTEGRAL-DAS-RECEITAS-E-DESPESAS-ENTIDADE.pdf\">Novembro &#8211;\u00a0 DEMONSTRATIVO INTEGRAL DAS RECEITAS E DESPESAS-ENTIDADE<\/a><\/p><p><a href=\"https:\/\/transparencia.crecheandreluizitu.org\/wp-content\/uploads\/2023\/03\/12-RP-10-RECURSOS-DA-ENTIDADE.pdf\">Dezembro &#8211; RECURSOS DA ENTIDADE<\/a><\/p><p><a href=\"https:\/\/transparencia.crecheandreluizitu.org\/wp-content\/uploads\/2023\/03\/12-RP-10-RECURSOS-DA-PREFEITURA.pdf\">Dezembro &#8211; RECURSOS DA PREFEITURA<\/a><\/p><p>\u00a0<\/p><\/div>\n\t\t\t\t\t\t\t\t\t<div class=\"elementor-tab-title elementor-tab-mobile-title\" aria-selected=\"false\" data-tab=\"7\" role=\"tab\" tabindex=\"-1\" aria-controls=\"elementor-tab-content-1197\" aria-expanded=\"false\">Demonstrativo das despesas incorridas - Exerc\u00edcio 2022<\/div>\n\t\t\t\t\t<div id=\"elementor-tab-content-1197\" class=\"elementor-tab-content elementor-clearfix\" data-tab=\"7\" role=\"tabpanel\" aria-labelledby=\"elementor-tab-title-1197\" tabindex=\"0\" hidden=\"hidden\"><p><a href=\"https:\/\/transparencia.crecheandreluizitu.org\/wp-content\/uploads\/2022\/06\/DEMONSTRATIVO-DAS-DESPESAS-INCORRIDAS-JAN-2022.pdf\">Janeiro<\/a><\/p><p><a href=\"https:\/\/transparencia.crecheandreluizitu.org\/wp-content\/uploads\/2022\/06\/PLANILHA-DE-GASTOS-FEV-2022.pdf\">Fevereiro<\/a><\/p><p><a href=\"https:\/\/transparencia.crecheandreluizitu.org\/wp-content\/uploads\/2022\/06\/Marco-3.pdf\">Mar\u00e7o<\/a><\/p><p><a href=\"https:\/\/transparencia.crecheandreluizitu.org\/wp-content\/uploads\/2022\/11\/DESPESAS-REALIZADAS-NO-PERIODO-ABRIL2022.pdf\">Abril<\/a><\/p><p><a href=\"https:\/\/transparencia.crecheandreluizitu.org\/wp-content\/uploads\/2022\/11\/05-DESPESAS-REALIZADAS-DO-PERIODO-OPERACIONAL-MAIO.pdf\">Maio &#8211; Operacional<\/a><\/p><p><a href=\"https:\/\/transparencia.crecheandreluizitu.org\/wp-content\/uploads\/2022\/11\/05-DESPESAS-REALIZADAS-DO-PERIODO-PROVISIONAMENTO-MAIO.pdf\">Maio &#8211; Provisionamento<\/a><\/p><p><a href=\"https:\/\/transparencia.crecheandreluizitu.org\/wp-content\/uploads\/2022\/11\/06-DESPESAS-REALIZADAS-OPERACIONAL-JUNHO.pdf\">Junho &#8211; Operacional<\/a><\/p><p><a href=\"https:\/\/transparencia.crecheandreluizitu.org\/wp-content\/uploads\/2022\/11\/06-DESPESAS-REALIZADAS-PROVISONAMENTO-JUNHO.pdf\">Junho &#8211; Provisionamento<\/a><\/p><p><a href=\"https:\/\/transparencia.crecheandreluizitu.org\/wp-content\/uploads\/2022\/11\/07-DESPESAS-REALIZADAS-NO-PERIODO-OPERACIONAL-JULHO.pdf\">Julho &#8211; Operacional<\/a><\/p><p><a href=\"https:\/\/transparencia.crecheandreluizitu.org\/wp-content\/uploads\/2022\/11\/07-DESPESAS-REALIZADAS-NO-PERIODO-PROVISIONAMENTO-JULHO.pdf\">Julho &#8211; Provisionamento<\/a><\/p><p><a href=\"https:\/\/transparencia.crecheandreluizitu.org\/wp-content\/uploads\/2022\/11\/08-DESPESAS-REALIZADAS-NO-PERIODO-OPERACIONAL-AGOSTO.pdf\">Agosto &#8211; Operacional<\/a><\/p><p><a href=\"https:\/\/transparencia.crecheandreluizitu.org\/wp-content\/uploads\/2022\/11\/08-DESPESAS-REALIZADAS-NO-PERIODO-PROVISIONAMENTO-AGOSTO.pdf\">Agosto &#8211; Provisionamento<\/a><\/p><p><a href=\"https:\/\/transparencia.crecheandreluizitu.org\/wp-content\/uploads\/2022\/11\/09-DESPESAS-REALIZADAS-NO-PERIODO-OPERACIONAL-SETEMBRO.pdf\">Setembro &#8211; Operacional<\/a><\/p><p><a href=\"https:\/\/transparencia.crecheandreluizitu.org\/wp-content\/uploads\/2022\/11\/09-DESPESAS-REALIZADAS-NO-PERIODO-PROVISIONAMENTO-SETEMBRO.pdf\">Setembro &#8211; Provisionamento<\/a><\/p><p><a href=\"https:\/\/transparencia.crecheandreluizitu.org\/wp-content\/uploads\/2023\/03\/10-DESPESAS-REALIZADAS-NO-PERIODO-OPERACIONAL.pdf\">Outubro &#8211; DESPESAS REALIZADAS NO PER\u00cdODO OPERACIONAL<\/a><\/p><p><a href=\"https:\/\/transparencia.crecheandreluizitu.org\/wp-content\/uploads\/2023\/03\/10-DESPESAS-REALIZADAS-NO-PERIODO-PROVISIONAMENTO.pdf\">Outubro -DESPESAS REALIZADAS NO PER\u00cdODO PROVISIONAMENTO<\/a><\/p><p><a href=\"https:\/\/transparencia.crecheandreluizitu.org\/wp-content\/uploads\/2023\/03\/11-DESPESAS-REALIZADAS-NO-PERIODO-OPERACIONAL.pdf\">Novembro -DESPESAS REALIZADAS NO PER\u00cdODO OPERACIONAL<\/a><\/p><p><a href=\"https:\/\/transparencia.crecheandreluizitu.org\/wp-content\/uploads\/2023\/03\/11-DESPESAS-REALIZADAS-NO-PERIODO-PROVISIONAMENTO.pdf\">Novembro -DESPESAS REALIZADAS NO PER\u00cdODO PROVISIONAMENTO<\/a><\/p><p><a href=\"https:\/\/transparencia.crecheandreluizitu.org\/wp-content\/uploads\/2023\/03\/12-DESPESAS-REALIZADAS-NO-PERIODO-OPERACIONAL.pdf\">Dezembro -DESPESAS REALIZADAS NO PER\u00cdODO OPERACIONAL<\/a><\/p><p><a href=\"https:\/\/transparencia.crecheandreluizitu.org\/wp-content\/uploads\/2023\/03\/12-DESPESAS-REALIZADAS-NO-PERIODO-PROVISIONAMENTO.pdf\">Dezembro -DESPESAS REALIZADAS NO PER\u00cdODO PROVISIONAMENTO<\/a><\/p><\/div>\n\t\t\t\t\t\t\t\t\t<div class=\"elementor-tab-title elementor-tab-mobile-title\" aria-selected=\"false\" data-tab=\"8\" role=\"tab\" tabindex=\"-1\" aria-controls=\"elementor-tab-content-1198\" aria-expanded=\"false\">Balan\u00e7o de Demonstrativos Cont\u00e1beis<\/div>\n\t\t\t\t\t<div id=\"elementor-tab-content-1198\" class=\"elementor-tab-content elementor-clearfix\" data-tab=\"8\" role=\"tabpanel\" aria-labelledby=\"elementor-tab-title-1198\" tabindex=\"0\" hidden=\"hidden\"><p><a href=\"https:\/\/transparencia.crecheandreluizitu.org\/wp-content\/uploads\/2022\/06\/BALANA_O_PATRIMONIAL_-_2019.pdf\">Balan\u00e7o Patrimonial 2019<\/a><\/p><p><a href=\"https:\/\/transparencia.crecheandreluizitu.org\/wp-content\/uploads\/2022\/06\/BALANCO-PATRIMONIAL-2020-RES.pdf\">Balan\u00e7o Patrimonial 2020<\/a><\/p><p><a href=\"https:\/\/transparencia.crecheandreluizitu.org\/wp-content\/uploads\/2022\/06\/BALANCO-2021.pdf\">Balan\u00e7o Patrimonial 2021<\/a><\/p><p><a href=\"https:\/\/transparencia.crecheandreluizitu.org\/wp-content\/uploads\/2023\/03\/BALANCO-2022-ASSINADO.pdf\">Balan\u00e7o Patrimonial 2022<\/a><\/p><\/div>\n\t\t\t\t\t\t\t\t\t<div class=\"elementor-tab-title elementor-tab-mobile-title\" aria-selected=\"false\" data-tab=\"9\" role=\"tab\" tabindex=\"-1\" aria-controls=\"elementor-tab-content-1199\" aria-expanded=\"false\">Balancete de Demonstrativos Cont\u00e1beis - 2022<\/div>\n\t\t\t\t\t<div id=\"elementor-tab-content-1199\" class=\"elementor-tab-content elementor-clearfix\" data-tab=\"9\" role=\"tabpanel\" aria-labelledby=\"elementor-tab-title-1199\" tabindex=\"0\" hidden=\"hidden\"><p><a href=\"https:\/\/transparencia.crecheandreluizitu.org\/wp-content\/uploads\/2022\/06\/BALANCETE-JANEIRO-2022.pdf\">Janeiro<\/a><\/p><p><a href=\"https:\/\/transparencia.crecheandreluizitu.org\/wp-content\/uploads\/2022\/06\/BALANCETE-02.2022.pdf\">Fevereiro<\/a><\/p><p><a href=\"https:\/\/transparencia.crecheandreluizitu.org\/wp-content\/uploads\/2022\/06\/03-BALANCETE-03.2022.pdf\">Mar\u00e7o<\/a><\/p><p><a href=\"https:\/\/transparencia.crecheandreluizitu.org\/wp-content\/uploads\/2022\/06\/BALANCETE-04.2022.pdf\">Abril<\/a><\/p><p><a href=\"https:\/\/transparencia.crecheandreluizitu.org\/wp-content\/uploads\/2022\/09\/BALANCETE-MAIO-2022.pdf\"> Maio<\/a><\/p><p><a href=\"https:\/\/transparencia.crecheandreluizitu.org\/wp-content\/uploads\/2022\/09\/BALANCETE-JUNHO-2022.pdf\">Junho<\/a><\/p><p><a href=\"https:\/\/transparencia.crecheandreluizitu.org\/wp-content\/uploads\/2022\/11\/JULHO.pdf\">Julho<\/a><\/p><p><a href=\"https:\/\/transparencia.crecheandreluizitu.org\/wp-content\/uploads\/2022\/11\/AGOSTO.pdf\">Agosto<\/a><\/p><p><a href=\"https:\/\/transparencia.crecheandreluizitu.org\/wp-content\/uploads\/2023\/03\/09-BALANCETE-SETEMBRO-2022.pdf\">Setembro<\/a><\/p><p><a href=\"https:\/\/transparencia.crecheandreluizitu.org\/wp-content\/uploads\/2023\/03\/10-BALANCETE-OUTUBRO-2022.pdf\">Outubro<\/a><\/p><p><a href=\"https:\/\/transparencia.crecheandreluizitu.org\/wp-content\/uploads\/2023\/03\/11-BALANCETE-NOVEMBRO-2022.pdf\">Novembro<\/a><\/p><p><a href=\"https:\/\/transparencia.crecheandreluizitu.org\/wp-content\/uploads\/2023\/03\/12-BALANCETE-DEZEMBRO-2022.pdf\">Dezembro<\/a><\/p><\/div>\n\t\t\t\t\t\t\t\t\t<div class=\"elementor-tab-title elementor-tab-mobile-title\" aria-selected=\"false\" data-tab=\"10\" role=\"tab\" tabindex=\"-1\" aria-controls=\"elementor-tab-content-11910\" aria-expanded=\"false\">FUNDO MUNICIPAL DOS DIREITOS DA CRIAN\u00c7A E DO ADOLESCENTE - 2022<\/div>\n\t\t\t\t\t<div id=\"elementor-tab-content-11910\" class=\"elementor-tab-content elementor-clearfix\" data-tab=\"10\" role=\"tabpanel\" aria-labelledby=\"elementor-tab-title-11910\" tabindex=\"0\" hidden=\"hidden\"><p><a href=\"https:\/\/transparencia.crecheandreluizitu.org\/wp-content\/uploads\/2022\/10\/ATA-ATUALIZADA-2022.pdf\">ATA<\/a><\/p><p><a href=\"https:\/\/transparencia.crecheandreluizitu.org\/wp-content\/uploads\/2022\/09\/DECLARACAO-CMDCA-2022.pdf\">DECLARA\u00c7\u00c3O CMDCA 2022<\/a><\/p><p><a href=\"https:\/\/transparencia.crecheandreluizitu.org\/wp-content\/uploads\/2022\/10\/ESTATUTO-REFORMULADO-2022.pdf\">ESTATUTO <\/a><\/p><p><a href=\"https:\/\/transparencia.crecheandreluizitu.org\/wp-content\/uploads\/2022\/09\/PLANO-DE-TRABALHO-2022.pdf\">PLANO DE TRABALHO 2022<\/a><\/p><p><a href=\"https:\/\/transparencia.crecheandreluizitu.org\/wp-content\/uploads\/2022\/09\/TERMO-DE-FOMENTO-CMDCA-20222.pdf\">TERMO DE FOMENTO<\/a><\/p><p><a href=\"https:\/\/transparencia.crecheandreluizitu.org\/wp-content\/uploads\/2024\/02\/2022-ANEXO-RP10-.pdf\">2022-ANEXO RP10-<\/a><\/p><p><a href=\"https:\/\/transparencia.crecheandreluizitu.org\/wp-content\/uploads\/2024\/02\/2022-BALANCETE-ANALITICO.pdf\">2022-BALANCETE ANAL\u00cdTICO<\/a><\/p><p><a href=\"https:\/\/transparencia.crecheandreluizitu.org\/wp-content\/uploads\/2024\/02\/DECLARACAO-X-NAO-CONTRATACAO-DE-MEMBROS-PODER-PUBLICO.pdf\">DECLARA\u00c7\u00c3O X N\u00c3O CONTRATA\u00c7\u00c3O DE MEMBROS PODER P\u00daBLICO<\/a><\/p><p><a href=\"https:\/\/transparencia.crecheandreluizitu.org\/wp-content\/uploads\/2024\/02\/DECLARACAO-XI-ARQUIVO-DE-DOCUMENTOS-10-ANOS.pdf\">DECLARA\u00c7\u00c3O XI ARQUIVO DE DOCUMENTOS 10 ANOS<\/a><\/p><p><a href=\"https:\/\/transparencia.crecheandreluizitu.org\/wp-content\/uploads\/2024\/02\/RELACAO-DE-FUNCIONARIAS-FUNCOES-REMUNERACAO.pdf\">RELA\u00c7\u00c3O DE FUNCION\u00c1RIAS-FUN\u00c7\u00d5ES-REMUNERA\u00c7\u00c3O<\/a><\/p><p><a href=\"https:\/\/transparencia.crecheandreluizitu.org\/wp-content\/uploads\/2024\/02\/RELACAO-NOMINAL-DOS-DIRIGENTES-SEM-REMUNERACAO.pdf\">RELA\u00c7\u00c3O NOMINAL DOS DIRIGENTES SEM REMUNERA\u00c7\u00c3O<\/a><\/p><p><a href=\"https:\/\/transparencia.crecheandreluizitu.org\/wp-content\/uploads\/2024\/02\/RELATORIO-DE-EXECUCAO-DO-OBJETO-2022.pdf\">RELAT\u00d3RIO DE EXECU\u00c7\u00c3O DO OBJETO-2022<\/a><\/p><p><a href=\"https:\/\/transparencia.crecheandreluizitu.org\/wp-content\/uploads\/2024\/02\/RELATORIO-DE-EXECUCAO-FINANCEIRA-2022-.pdf\">RELAT\u00d3RIO DE EXECU\u00c7\u00c3O FINANCEIRA-2022<\/a><\/p><\/div>\n\t\t\t\t\t\t\t<\/div>\n\t\t<\/div>\n\t\t\t\t<\/div>\n\t\t\t\t<\/div>\n\t\t\t\t\t<\/div>\n\t\t<\/div>\n\t\t\t\t\t\t\t<\/div>\n\t\t<\/section>\n\t\t\t\t<section class=\"elementor-section elementor-top-section elementor-element elementor-element-9558b56 elementor-section-boxed elementor-section-height-default elementor-section-height-default\" data-id=\"9558b56\" data-element_type=\"section\">\n\t\t\t\t\t\t<div class=\"elementor-container elementor-column-gap-default\">\n\t\t\t\t\t<div class=\"elementor-column elementor-col-100 elementor-top-column elementor-element elementor-element-44a52a1\" data-id=\"44a52a1\" data-element_type=\"column\">\n\t\t\t<div class=\"elementor-widget-wrap elementor-element-populated\">\n\t\t\t\t\t\t\t\t<div class=\"elementor-element elementor-element-18ea2f9 elementor-widget elementor-widget-heading\" data-id=\"18ea2f9\" data-element_type=\"widget\" data-widget_type=\"heading.default\">\n\t\t\t\t<div class=\"elementor-widget-container\">\n\t\t\t<h2 class=\"elementor-heading-title elementor-size-default\">Ano de 2021<\/h2>\t\t<\/div>\n\t\t\t\t<\/div>\n\t\t\t\t\t<\/div>\n\t\t<\/div>\n\t\t\t\t\t\t\t<\/div>\n\t\t<\/section>\n\t\t\t\t<section class=\"elementor-section elementor-top-section elementor-element elementor-element-777cbe0 elementor-section-boxed elementor-section-height-default elementor-section-height-default\" data-id=\"777cbe0\" data-element_type=\"section\">\n\t\t\t\t\t\t<div class=\"elementor-container elementor-column-gap-default\">\n\t\t\t\t\t<div class=\"elementor-column elementor-col-100 elementor-top-column elementor-element elementor-element-2c08324\" data-id=\"2c08324\" data-element_type=\"column\">\n\t\t\t<div class=\"elementor-widget-wrap elementor-element-populated\">\n\t\t\t\t\t\t\t\t<div class=\"elementor-element elementor-element-0753c8b elementor-tabs-view-vertical elementor-widget elementor-widget-tabs\" data-id=\"0753c8b\" data-element_type=\"widget\" data-widget_type=\"tabs.default\">\n\t\t\t\t<div class=\"elementor-widget-container\">\n\t\t\t\t\t<div class=\"elementor-tabs\">\n\t\t\t<div class=\"elementor-tabs-wrapper\" role=\"tablist\" >\n\t\t\t\t\t\t\t\t\t<div id=\"elementor-tab-title-7681\" class=\"elementor-tab-title elementor-tab-desktop-title\" aria-selected=\"true\" data-tab=\"1\" role=\"tab\" tabindex=\"0\" aria-controls=\"elementor-tab-content-7681\" aria-expanded=\"false\">Transpar\u00eancia Creche Andr\u00e9 Luiz:<\/div>\n\t\t\t\t\t\t\t\t\t<div id=\"elementor-tab-title-7682\" class=\"elementor-tab-title elementor-tab-desktop-title\" aria-selected=\"false\" data-tab=\"2\" role=\"tab\" tabindex=\"-1\" aria-controls=\"elementor-tab-content-7682\" aria-expanded=\"false\">Estatuto Social<\/div>\n\t\t\t\t\t\t\t\t\t<div id=\"elementor-tab-title-7683\" class=\"elementor-tab-title elementor-tab-desktop-title\" aria-selected=\"false\" data-tab=\"3\" role=\"tab\" tabindex=\"-1\" aria-controls=\"elementor-tab-content-7683\" aria-expanded=\"false\">Plano de Trabalho<\/div>\n\t\t\t\t\t\t\t\t\t<div id=\"elementor-tab-title-7684\" class=\"elementor-tab-title elementor-tab-desktop-title\" aria-selected=\"false\" data-tab=\"4\" role=\"tab\" tabindex=\"-1\" aria-controls=\"elementor-tab-content-7684\" aria-expanded=\"false\">Documentos e Certificados<\/div>\n\t\t\t\t\t\t\t\t\t<div id=\"elementor-tab-title-7685\" class=\"elementor-tab-title elementor-tab-desktop-title\" aria-selected=\"false\" data-tab=\"5\" role=\"tab\" tabindex=\"-1\" aria-controls=\"elementor-tab-content-7685\" aria-expanded=\"false\">TERMO DE COLABORA\u00c7\u00c3O COM A PREFEITURA E ADITIVOS<\/div>\n\t\t\t\t\t\t\t\t\t<div id=\"elementor-tab-title-7686\" class=\"elementor-tab-title elementor-tab-desktop-title\" aria-selected=\"false\" data-tab=\"6\" role=\"tab\" tabindex=\"-1\" aria-controls=\"elementor-tab-content-7686\" aria-expanded=\"false\">Demonstrativo integral das receitas e despesas - Exerc\u00edcio 2021<\/div>\n\t\t\t\t\t\t\t\t\t<div id=\"elementor-tab-title-7687\" class=\"elementor-tab-title elementor-tab-desktop-title\" aria-selected=\"false\" data-tab=\"7\" role=\"tab\" tabindex=\"-1\" aria-controls=\"elementor-tab-content-7687\" aria-expanded=\"false\">Demonstrativo das despesas incorridas - Exerc\u00edcio 2021<\/div>\n\t\t\t\t\t\t\t\t\t<div id=\"elementor-tab-title-7688\" class=\"elementor-tab-title elementor-tab-desktop-title\" aria-selected=\"false\" data-tab=\"8\" role=\"tab\" tabindex=\"-1\" aria-controls=\"elementor-tab-content-7688\" aria-expanded=\"false\">Balan\u00e7o de Demonstrativos Cont\u00e1beis<\/div>\n\t\t\t\t\t\t\t\t\t<div id=\"elementor-tab-title-7689\" class=\"elementor-tab-title elementor-tab-desktop-title\" aria-selected=\"false\" data-tab=\"9\" role=\"tab\" tabindex=\"-1\" aria-controls=\"elementor-tab-content-7689\" aria-expanded=\"false\">Balancete de Demonstrativos Cont\u00e1beis - 2021<\/div>\n\t\t\t\t\t\t\t\t\t<div id=\"elementor-tab-title-76810\" class=\"elementor-tab-title elementor-tab-desktop-title\" aria-selected=\"false\" data-tab=\"10\" role=\"tab\" tabindex=\"-1\" aria-controls=\"elementor-tab-content-76810\" aria-expanded=\"false\">FUNDO MUNICIPAL DOS DIREITOS DA CRIAN\u00c7A E DO ADOLESCENTE - 2021<\/div>\n\t\t\t\t\t\t\t<\/div>\n\t\t\t<div class=\"elementor-tabs-content-wrapper\" role=\"tablist\" aria-orientation=\"vertical\">\n\t\t\t\t\t\t\t\t\t<div class=\"elementor-tab-title elementor-tab-mobile-title\" aria-selected=\"true\" data-tab=\"1\" role=\"tab\" tabindex=\"0\" aria-controls=\"elementor-tab-content-7681\" aria-expanded=\"false\">Transpar\u00eancia Creche Andr\u00e9 Luiz:<\/div>\n\t\t\t\t\t<div id=\"elementor-tab-content-7681\" class=\"elementor-tab-content elementor-clearfix\" data-tab=\"1\" role=\"tabpanel\" aria-labelledby=\"elementor-tab-title-7681\" tabindex=\"0\" hidden=\"false\"><\/div>\n\t\t\t\t\t\t\t\t\t<div class=\"elementor-tab-title elementor-tab-mobile-title\" aria-selected=\"false\" data-tab=\"2\" role=\"tab\" tabindex=\"-1\" aria-controls=\"elementor-tab-content-7682\" aria-expanded=\"false\">Estatuto Social<\/div>\n\t\t\t\t\t<div id=\"elementor-tab-content-7682\" class=\"elementor-tab-content elementor-clearfix\" data-tab=\"2\" role=\"tabpanel\" aria-labelledby=\"elementor-tab-title-7682\" tabindex=\"0\" hidden=\"hidden\"><p><a href=\"https:\/\/transparencia.crecheandreluizitu.org\/wp-content\/uploads\/2022\/06\/ESTATUTO_-REGISTRO_DO_CARTORIO.pdf\">Estatuto Social<\/a><\/p><\/div>\n\t\t\t\t\t\t\t\t\t<div class=\"elementor-tab-title elementor-tab-mobile-title\" aria-selected=\"false\" data-tab=\"3\" role=\"tab\" tabindex=\"-1\" aria-controls=\"elementor-tab-content-7683\" aria-expanded=\"false\">Plano de Trabalho<\/div>\n\t\t\t\t\t<div id=\"elementor-tab-content-7683\" class=\"elementor-tab-content elementor-clearfix\" data-tab=\"3\" role=\"tabpanel\" aria-labelledby=\"elementor-tab-title-7683\" tabindex=\"0\" hidden=\"hidden\"><p><a href=\"https:\/\/transparencia.crecheandreluizitu.org\/wp-content\/uploads\/2022\/06\/PLANO-DE-TRABALHO-2021.pdf\">PLANO DE TRABALHO 2021<\/a><\/p><\/div>\n\t\t\t\t\t\t\t\t\t<div class=\"elementor-tab-title elementor-tab-mobile-title\" aria-selected=\"false\" data-tab=\"4\" role=\"tab\" tabindex=\"-1\" aria-controls=\"elementor-tab-content-7684\" aria-expanded=\"false\">Documentos e Certificados<\/div>\n\t\t\t\t\t<div id=\"elementor-tab-content-7684\" class=\"elementor-tab-content elementor-clearfix\" data-tab=\"4\" role=\"tabpanel\" aria-labelledby=\"elementor-tab-title-7684\" tabindex=\"0\" hidden=\"hidden\"><p><a href=\"https:\/\/transparencia.crecheandreluizitu.org\/wp-content\/uploads\/2022\/06\/CNPJ.pdf\">CNPJ<\/a><\/p><p><a href=\"https:\/\/transparencia.crecheandreluizitu.org\/wp-content\/uploads\/2022\/06\/ESTATUTO_-REGISTRO_DO_CARTORIO-2.pdf\">ESTATUTO SOCIAL<\/a><\/p><p><a href=\"https:\/\/transparencia.crecheandreluizitu.org\/wp-content\/uploads\/2022\/06\/REGULAMENTO-DE-COMPRAS-2021.pdf\">REGULAMENTO DE COMPRAS E CONTRATA\u00c7\u00d5ES DE SERVI\u00c7OS<\/a><\/p><p><a href=\"https:\/\/transparencia.crecheandreluizitu.org\/wp-content\/uploads\/2022\/06\/ATESTADO-DE-FUNCIONALIDADE-AGO-2020-1.pdf\">ATESTADO DE FUNCIONALIDADE<\/a><\/p><p><a href=\"https:\/\/transparencia.crecheandreluizitu.org\/wp-content\/uploads\/2022\/06\/REGULAMENTO-DE-COMPRAS-2021.pdf\">REGULAMENTO DE CONTRATA\u00c7\u00c3O DE PESSOAL<\/a><\/p><p><a href=\"https:\/\/transparencia.crecheandreluizitu.org\/wp-content\/uploads\/2022\/06\/CERTIFICADO_DE_UTILIZACAO_MUNICIPAL.pdf\">Certificado CMDCA<\/a><\/p><p><a href=\"https:\/\/transparencia.crecheandreluizitu.org\/wp-content\/uploads\/2022\/06\/PLANO-DE-TRABALHO-2021.pdf\">PLANO DE TRABALHO 2021<\/a><\/p><p>\u00a0<\/p><\/div>\n\t\t\t\t\t\t\t\t\t<div class=\"elementor-tab-title elementor-tab-mobile-title\" aria-selected=\"false\" data-tab=\"5\" role=\"tab\" tabindex=\"-1\" aria-controls=\"elementor-tab-content-7685\" aria-expanded=\"false\">TERMO DE COLABORA\u00c7\u00c3O COM A PREFEITURA E ADITIVOS<\/div>\n\t\t\t\t\t<div id=\"elementor-tab-content-7685\" class=\"elementor-tab-content elementor-clearfix\" data-tab=\"5\" role=\"tabpanel\" aria-labelledby=\"elementor-tab-title-7685\" tabindex=\"0\" hidden=\"hidden\"><p><a href=\"https:\/\/transparencia.crecheandreluizitu.org\/wp-content\/uploads\/2022\/06\/Termo-de-Colaboracao-No-22777-2020.pdf\">Termo de Colabora\u00e7\u00e3o N\u00ba 22777-2020<\/a><\/p><p><a href=\"https:\/\/transparencia.crecheandreluizitu.org\/wp-content\/uploads\/2022\/06\/1Ao_Termo_Aditivo_Termo_de_ColaboraA\u00a7Ao_-_AndrA\u00a9_Luiz.pdf\">Termo de Colabora\u00e7\u00e3o Prefeitura V\u00e1lido de 01\/01\/2020 a 31\/12\/2020<\/a><\/p><p><a href=\"https:\/\/transparencia.crecheandreluizitu.org\/wp-content\/uploads\/2022\/09\/1o-Aditivo-Creche-e-Lar-Andre-Luiz-de-Itu.pdf\">1\u00ba Aditivo &#8211; Creche e Lar Andr\u00e9 Luiz de Itu<\/a><\/p><\/div>\n\t\t\t\t\t\t\t\t\t<div class=\"elementor-tab-title elementor-tab-mobile-title\" aria-selected=\"false\" data-tab=\"6\" role=\"tab\" tabindex=\"-1\" aria-controls=\"elementor-tab-content-7686\" aria-expanded=\"false\">Demonstrativo integral das receitas e despesas - Exerc\u00edcio 2021<\/div>\n\t\t\t\t\t<div id=\"elementor-tab-content-7686\" class=\"elementor-tab-content elementor-clearfix\" data-tab=\"6\" role=\"tabpanel\" aria-labelledby=\"elementor-tab-title-7686\" tabindex=\"0\" hidden=\"hidden\"><p>\u00a0<\/p><p><a href=\"https:\/\/transparencia.crecheandreluizitu.org\/wp-content\/uploads\/2022\/06\/Janeiro-2.pdf\">Janeiro<\/a><\/p><p><a href=\"https:\/\/transparencia.crecheandreluizitu.org\/wp-content\/uploads\/2022\/06\/Fevereiro-2.pdf\">Fevereiro<\/a><\/p><p><a href=\"https:\/\/transparencia.crecheandreluizitu.org\/wp-content\/uploads\/2022\/06\/Marco-2.pdf\">Mar\u00e7o<\/a><\/p><p><a href=\"https:\/\/transparencia.crecheandreluizitu.org\/wp-content\/uploads\/2022\/06\/Abril-2.pdf\">Abril<\/a><\/p><p><a href=\"https:\/\/transparencia.crecheandreluizitu.org\/wp-content\/uploads\/2022\/06\/Maio-2.pdf\">Maio<\/a><\/p><p><a href=\"https:\/\/transparencia.crecheandreluizitu.org\/wp-content\/uploads\/2022\/06\/Junho-2.pdf\">Junho<\/a><\/p><p><a href=\"https:\/\/transparencia.crecheandreluizitu.org\/wp-content\/uploads\/2022\/06\/Julho-2.pdf\">Julho<\/a><\/p><p><a href=\"https:\/\/transparencia.crecheandreluizitu.org\/wp-content\/uploads\/2022\/06\/Agosto-2.pdf\">Agosto<\/a><\/p><p><a href=\"https:\/\/transparencia.crecheandreluizitu.org\/wp-content\/uploads\/2022\/06\/Setembro-2.pdf\">Setembro<\/a><\/p><p><a href=\"https:\/\/transparencia.crecheandreluizitu.org\/wp-content\/uploads\/2022\/06\/Outubro-2.pdf\">Outubro<\/a><\/p><p><a href=\"https:\/\/transparencia.crecheandreluizitu.org\/wp-content\/uploads\/2022\/06\/Novembro-2.pdf\">Novembro<\/a><\/p><p><a href=\"https:\/\/transparencia.crecheandreluizitu.org\/wp-content\/uploads\/2022\/06\/Dezembro-2.pdf\">Dezembro<\/a> \u00a0\u00a0<\/p><\/div>\n\t\t\t\t\t\t\t\t\t<div class=\"elementor-tab-title elementor-tab-mobile-title\" aria-selected=\"false\" data-tab=\"7\" role=\"tab\" tabindex=\"-1\" aria-controls=\"elementor-tab-content-7687\" aria-expanded=\"false\">Demonstrativo das despesas incorridas - Exerc\u00edcio 2021<\/div>\n\t\t\t\t\t<div id=\"elementor-tab-content-7687\" class=\"elementor-tab-content elementor-clearfix\" data-tab=\"7\" role=\"tabpanel\" aria-labelledby=\"elementor-tab-title-7687\" tabindex=\"0\" hidden=\"hidden\"><p><a href=\"https:\/\/transparencia.crecheandreluizitu.org\/wp-content\/uploads\/2022\/06\/DEMONSTRATIVO-INTEGRAL-PLANILHA-DE-GASTOS-JAN-2021.pdf\">Janeiro<\/a><\/p><p><a href=\"https:\/\/transparencia.crecheandreluizitu.org\/wp-content\/uploads\/2022\/06\/DEMONSTRATIVO-INTEGRAL-PLANILHA-DE-GASTOS-FEV-2021.pdf\">Fevereiro<\/a><\/p><p><a href=\"https:\/\/transparencia.crecheandreluizitu.org\/wp-content\/uploads\/2022\/06\/DEMONSTRATIVO-DAS-DESPESAS-INCORRIDAS-MARCO-2021.pdf\">Mar\u00e7o<\/a><\/p><p><a href=\"https:\/\/transparencia.crecheandreluizitu.org\/wp-content\/uploads\/2022\/06\/DEMONSTRATIVO-DE-RESULTADO-ABRIL-2021.pdf\">Abril<\/a><\/p><p><a href=\"https:\/\/transparencia.crecheandreluizitu.org\/wp-content\/uploads\/2022\/06\/DEMONSTRATIVO-DAS-DESPESAS-INCORRIDAS-MAIO-2021-3.pdf\">Maio<\/a><\/p><p><a href=\"https:\/\/transparencia.crecheandreluizitu.org\/wp-content\/uploads\/2022\/06\/DEMONSTRATIVO-DAS-DESPESAS-INCORRIDAS-JUN-2021.pdf\">Junho<\/a><\/p><p><a href=\"https:\/\/transparencia.crecheandreluizitu.org\/wp-content\/uploads\/2022\/06\/DEMONSTRATIVO-DAS-DEPESAS-INCORRIDAS-JULHO-2021.pdf\">Julho<\/a><\/p><p><a href=\"https:\/\/transparencia.crecheandreluizitu.org\/wp-content\/uploads\/2022\/06\/DEMONSTRATIVO-DAS-DESPESAS-INCORRIDAS-AGOSTO-2021.pdf\">Agosto<\/a><\/p><p><a href=\"https:\/\/transparencia.crecheandreluizitu.org\/wp-content\/uploads\/2022\/06\/PLANILHA-DAS-DESPESAS-INCORRIDAS-SETEMBRO-2021.pdf\">Setembro<\/a><\/p><p><a href=\"https:\/\/transparencia.crecheandreluizitu.org\/wp-content\/uploads\/2022\/06\/DEMONSTRATIVO-DAS-DESPESAS-IMCPRRIDAS-OUT-2021.pdf\">Outubro<\/a><\/p><p><a href=\"https:\/\/transparencia.crecheandreluizitu.org\/wp-content\/uploads\/2022\/06\/DEMONSTRATIVO-DAS-DESPESAS-INCORRIDAS-NOV-2021.pdf\">Novembro<\/a><\/p><p><a href=\"https:\/\/transparencia.crecheandreluizitu.org\/wp-content\/uploads\/2022\/06\/DEMONSTRATIVO-DAS-DESPESAS-INCORRIDAS-DEZ-21.pdf\">Dezembro<\/a><\/p><\/div>\n\t\t\t\t\t\t\t\t\t<div class=\"elementor-tab-title elementor-tab-mobile-title\" aria-selected=\"false\" data-tab=\"8\" role=\"tab\" tabindex=\"-1\" aria-controls=\"elementor-tab-content-7688\" aria-expanded=\"false\">Balan\u00e7o de Demonstrativos Cont\u00e1beis<\/div>\n\t\t\t\t\t<div id=\"elementor-tab-content-7688\" class=\"elementor-tab-content elementor-clearfix\" data-tab=\"8\" role=\"tabpanel\" aria-labelledby=\"elementor-tab-title-7688\" tabindex=\"0\" hidden=\"hidden\"><p><a href=\"https:\/\/transparencia.crecheandreluizitu.org\/wp-content\/uploads\/2022\/06\/BALANCO-2021.pdf\">Balan\u00e7o Patrimonial 2021<\/a><\/p><\/div>\n\t\t\t\t\t\t\t\t\t<div class=\"elementor-tab-title elementor-tab-mobile-title\" aria-selected=\"false\" data-tab=\"9\" role=\"tab\" tabindex=\"-1\" aria-controls=\"elementor-tab-content-7689\" aria-expanded=\"false\">Balancete de Demonstrativos Cont\u00e1beis - 2021<\/div>\n\t\t\t\t\t<div id=\"elementor-tab-content-7689\" class=\"elementor-tab-content elementor-clearfix\" data-tab=\"9\" role=\"tabpanel\" aria-labelledby=\"elementor-tab-title-7689\" tabindex=\"0\" hidden=\"hidden\"><p><a href=\"https:\/\/transparencia.crecheandreluizitu.org\/wp-content\/uploads\/2022\/06\/BALANCETE-JANEIRO-2021.pdf\">Janeiro<\/a><\/p><p><a href=\"https:\/\/transparencia.crecheandreluizitu.org\/wp-content\/uploads\/2022\/06\/BALANCETE-FEV-2021.pdf\">Fevereiro<\/a><\/p><p><a href=\"https:\/\/transparencia.crecheandreluizitu.org\/wp-content\/uploads\/2022\/06\/BALANCETE-MARCO-2021.pdf\">Mar\u00e7o<\/a><\/p><p><a href=\"https:\/\/transparencia.crecheandreluizitu.org\/wp-content\/uploads\/2022\/06\/BALANCETE-DE-DEMONSTRATIVO-ABRIL-2021.pdf\">Abril<\/a><\/p><p><a href=\"https:\/\/transparencia.crecheandreluizitu.org\/wp-content\/uploads\/2022\/06\/BALANCETE-MAIO-2021.pdf\">Maio<\/a><\/p><p><a href=\"https:\/\/transparencia.crecheandreluizitu.org\/wp-content\/uploads\/2022\/06\/BALANCETE-JUNHO-2021.pdf\">Junho<\/a><\/p><p><a href=\"https:\/\/transparencia.crecheandreluizitu.org\/wp-content\/uploads\/2022\/06\/BALANCETE-JULHO-2021.pdf\">Julho<\/a><\/p><p><a href=\"https:\/\/transparencia.crecheandreluizitu.org\/wp-content\/uploads\/2022\/06\/BALANCETE-AGOSTO2021.pdf\">Agosto<\/a><\/p><p><a href=\"https:\/\/transparencia.crecheandreluizitu.org\/wp-content\/uploads\/2022\/06\/BALANCETE-SETEMBRO-2021.pdf\">Setembro<\/a><\/p><p><a href=\"https:\/\/transparencia.crecheandreluizitu.org\/wp-content\/uploads\/2022\/06\/BALANCETE-OUT-2021.pdf\">Outubro<\/a><\/p><p><a href=\"https:\/\/transparencia.crecheandreluizitu.org\/wp-content\/uploads\/2022\/06\/BALANCETE-NOV-2021.pdf\">Novembro<\/a><\/p><p><a href=\"https:\/\/transparencia.crecheandreluizitu.org\/wp-content\/uploads\/2022\/06\/BALANCETE-DEZ-2021.pdf\">Dezembro<\/a><\/p><p>\u00a0<\/p><\/div>\n\t\t\t\t\t\t\t\t\t<div class=\"elementor-tab-title elementor-tab-mobile-title\" aria-selected=\"false\" data-tab=\"10\" role=\"tab\" tabindex=\"-1\" aria-controls=\"elementor-tab-content-76810\" aria-expanded=\"false\">FUNDO MUNICIPAL DOS DIREITOS DA CRIAN\u00c7A E DO ADOLESCENTE - 2021<\/div>\n\t\t\t\t\t<div id=\"elementor-tab-content-76810\" class=\"elementor-tab-content elementor-clearfix\" data-tab=\"10\" role=\"tabpanel\" aria-labelledby=\"elementor-tab-title-76810\" tabindex=\"0\" hidden=\"hidden\"><p><a href=\"https:\/\/transparencia.crecheandreluizitu.org\/wp-content\/uploads\/2022\/10\/DECLARACAO-CONTRATACAO-DE-SERVIDOR-PUBLICO.pdf\">DECLARA\u00c7\u00c3O CONTRATA\u00c7\u00c3O DE SERVIDOR P\u00daBLICO<\/a><\/p><p><a href=\"https:\/\/transparencia.crecheandreluizitu.org\/wp-content\/uploads\/2022\/10\/DECLARACAO-DE-ARQUIVO-DE-DOCUMENTOS.pdf\">DECLARA\u00c7\u00c3O DE ARQUIVO DE DOCUMENTOS<\/a><\/p><p><a href=\"https:\/\/transparencia.crecheandreluizitu.org\/wp-content\/uploads\/2022\/10\/DECLARACAO-DE-NAO-CONTRATACAO-NO-QUADRO-DIRETIVO.pdf\">DECLARA\u00c7\u00c3O DE N\u00c3O CONTRATA\u00c7\u00c3O NO QUADRO DIRETIVO<\/a><\/p><p><a href=\"https:\/\/transparencia.crecheandreluizitu.org\/wp-content\/uploads\/2022\/10\/PLANO-DE-TRABALHO-2021.pdf\">PLANO DE TRABALHO 2021<\/a><\/p><p><a href=\"https:\/\/transparencia.crecheandreluizitu.org\/wp-content\/uploads\/2022\/10\/RAZAO-ANALITICO-2021.pdf\">RAZ\u00c3O ANAL\u00cdTICO 2021<\/a><a href=\"https:\/\/transparencia.crecheandreluizitu.org\/wp-content\/uploads\/2022\/10\/REGULAMENTO-DE-COMPRAS-E-CONTRATACAO-DE-SERVICOS.pdf\">R<\/a><\/p><p><a href=\"https:\/\/transparencia.crecheandreluizitu.org\/wp-content\/uploads\/2022\/10\/REGULAMENTO-DE-COMPRAS-E-CONTRATACAO-DE-SERVICOS.pdf\">EGULAMENTO DE COMPRAS E CONTRATA\u00c7\u00c3O DE SERVI\u00c7OS<\/a><\/p><p><a href=\"https:\/\/transparencia.crecheandreluizitu.org\/wp-content\/uploads\/2022\/10\/RELATORIO-DE-EXECUCAO-DO-OBJETO-CMDCA-2021.pdf\">RELAT\u00d3RIO DE EXECU\u00c7\u00c3O DO OBJETO CMDCA 2021<\/a><\/p><p><a href=\"https:\/\/transparencia.crecheandreluizitu.org\/wp-content\/uploads\/2022\/10\/RELATORIO-DE-EXECUCAO-FINANCEIRA-CMDCA-2021.pdf\">RELAT\u00d3RIO DE EXECU\u00c7\u00c3O FINANCEIRA CMDCA 2021<\/a><\/p><p><a href=\"https:\/\/transparencia.crecheandreluizitu.org\/wp-content\/uploads\/2022\/10\/RP10-2021.pdf\">RP10-2021<\/a><\/p><p><a href=\"https:\/\/transparencia.crecheandreluizitu.org\/wp-content\/uploads\/2022\/06\/ATA-REGISTRADA-EM-CARTORIO.pdf\">ATA REGISTRADA EM CART\u00d3RIO<\/a><\/p><p><a href=\"https:\/\/transparencia.crecheandreluizitu.org\/wp-content\/uploads\/2022\/06\/CNPJ-CRECHE.pdf\">CNPJ <\/a><\/p><p><a href=\"https:\/\/transparencia.crecheandreluizitu.org\/wp-content\/uploads\/2022\/06\/REGULAMENTO-DE-CONTRATACAO-PESSOAL.pdf\">REGULAMENTO DE CONTRATA\u00c7\u00c3O PESSOAL<\/a><\/p><p><a href=\"https:\/\/transparencia.crecheandreluizitu.org\/wp-content\/uploads\/2022\/06\/RELACAO-DOS-DIRIGENTES.pdf\">RELA\u00c7\u00c3O DOS DIRIGENTES<\/a><\/p><p><a href=\"https:\/\/transparencia.crecheandreluizitu.org\/wp-content\/uploads\/2022\/06\/RELACAO-DOS-RECURSOS-HUMANOS.pdf\">RELA\u00c7\u00c3O DOS RECURSOS HUMANOS<\/a><\/p><\/div>\n\t\t\t\t\t\t\t<\/div>\n\t\t<\/div>\n\t\t\t\t<\/div>\n\t\t\t\t<\/div>\n\t\t\t\t\t<\/div>\n\t\t<\/div>\n\t\t\t\t\t\t\t<\/div>\n\t\t<\/section>\n\t\t\t\t<section class=\"elementor-section elementor-top-section elementor-element elementor-element-d9963d6 elementor-section-boxed elementor-section-height-default elementor-section-height-default\" data-id=\"d9963d6\" data-element_type=\"section\">\n\t\t\t\t\t\t<div class=\"elementor-container elementor-column-gap-default\">\n\t\t\t\t\t<div class=\"elementor-column elementor-col-100 elementor-top-column elementor-element elementor-element-5a9d559\" data-id=\"5a9d559\" data-element_type=\"column\">\n\t\t\t<div class=\"elementor-widget-wrap elementor-element-populated\">\n\t\t\t\t\t\t\t\t<div class=\"elementor-element elementor-element-9e95fc3 elementor-widget elementor-widget-heading\" data-id=\"9e95fc3\" data-element_type=\"widget\" data-widget_type=\"heading.default\">\n\t\t\t\t<div class=\"elementor-widget-container\">\n\t\t\t<h2 class=\"elementor-heading-title elementor-size-default\">Ano de 2020<\/h2>\t\t<\/div>\n\t\t\t\t<\/div>\n\t\t\t\t\t<\/div>\n\t\t<\/div>\n\t\t\t\t\t\t\t<\/div>\n\t\t<\/section>\n\t\t\t\t<section class=\"elementor-section elementor-top-section elementor-element elementor-element-b096345 elementor-section-boxed elementor-section-height-default elementor-section-height-default\" data-id=\"b096345\" data-element_type=\"section\">\n\t\t\t\t\t\t<div class=\"elementor-container elementor-column-gap-default\">\n\t\t\t\t\t<div class=\"elementor-column elementor-col-100 elementor-top-column elementor-element elementor-element-86a7a93\" data-id=\"86a7a93\" data-element_type=\"column\">\n\t\t\t<div class=\"elementor-widget-wrap elementor-element-populated\">\n\t\t\t\t\t\t\t\t<div class=\"elementor-element elementor-element-45c370e elementor-tabs-view-vertical elementor-widget elementor-widget-tabs\" data-id=\"45c370e\" data-element_type=\"widget\" data-widget_type=\"tabs.default\">\n\t\t\t\t<div class=\"elementor-widget-container\">\n\t\t\t\t\t<div class=\"elementor-tabs\">\n\t\t\t<div class=\"elementor-tabs-wrapper\" role=\"tablist\" >\n\t\t\t\t\t\t\t\t\t<div id=\"elementor-tab-title-7311\" class=\"elementor-tab-title elementor-tab-desktop-title\" aria-selected=\"true\" data-tab=\"1\" role=\"tab\" tabindex=\"0\" aria-controls=\"elementor-tab-content-7311\" aria-expanded=\"false\">Transpar\u00eancia Creche Andr\u00e9 Luiz:<\/div>\n\t\t\t\t\t\t\t\t\t<div id=\"elementor-tab-title-7312\" class=\"elementor-tab-title elementor-tab-desktop-title\" aria-selected=\"false\" data-tab=\"2\" role=\"tab\" tabindex=\"-1\" aria-controls=\"elementor-tab-content-7312\" aria-expanded=\"false\">Estatuto Social<\/div>\n\t\t\t\t\t\t\t\t\t<div id=\"elementor-tab-title-7313\" class=\"elementor-tab-title elementor-tab-desktop-title\" aria-selected=\"false\" data-tab=\"3\" role=\"tab\" tabindex=\"-1\" aria-controls=\"elementor-tab-content-7313\" aria-expanded=\"false\">Plano de Trabalho<\/div>\n\t\t\t\t\t\t\t\t\t<div id=\"elementor-tab-title-7314\" class=\"elementor-tab-title elementor-tab-desktop-title\" aria-selected=\"false\" data-tab=\"4\" role=\"tab\" tabindex=\"-1\" aria-controls=\"elementor-tab-content-7314\" aria-expanded=\"false\">Documentos e Certificados<\/div>\n\t\t\t\t\t\t\t\t\t<div id=\"elementor-tab-title-7315\" class=\"elementor-tab-title elementor-tab-desktop-title\" aria-selected=\"false\" data-tab=\"5\" role=\"tab\" tabindex=\"-1\" aria-controls=\"elementor-tab-content-7315\" aria-expanded=\"false\">TERMO DE COLABORA\u00c7\u00c3O COM A PREFEITURA E ADITIVOS<\/div>\n\t\t\t\t\t\t\t\t\t<div id=\"elementor-tab-title-7316\" class=\"elementor-tab-title elementor-tab-desktop-title\" aria-selected=\"false\" data-tab=\"6\" role=\"tab\" tabindex=\"-1\" aria-controls=\"elementor-tab-content-7316\" aria-expanded=\"false\">Demonstrativo integral das receitas e despesas - Exerc\u00edcio 2020<\/div>\n\t\t\t\t\t\t\t\t\t<div id=\"elementor-tab-title-7317\" class=\"elementor-tab-title elementor-tab-desktop-title\" aria-selected=\"false\" data-tab=\"7\" role=\"tab\" tabindex=\"-1\" aria-controls=\"elementor-tab-content-7317\" aria-expanded=\"false\">Balan\u00e7o de Demonstrativos Cont\u00e1beis<\/div>\n\t\t\t\t\t\t\t\t\t<div id=\"elementor-tab-title-7318\" class=\"elementor-tab-title elementor-tab-desktop-title\" aria-selected=\"false\" data-tab=\"8\" role=\"tab\" tabindex=\"-1\" aria-controls=\"elementor-tab-content-7318\" aria-expanded=\"false\">Balancete de Demonstrativos Cont\u00e1beis - 2020<\/div>\n\t\t\t\t\t\t\t\t\t<div id=\"elementor-tab-title-7319\" class=\"elementor-tab-title elementor-tab-desktop-title\" aria-selected=\"false\" data-tab=\"9\" role=\"tab\" tabindex=\"-1\" aria-controls=\"elementor-tab-content-7319\" aria-expanded=\"false\">FUNDO MUNICIPAL DOS DIREITOS DA CRIAN\u00c7A E DO ADOLESCENTE - 2020<\/div>\n\t\t\t\t\t\t\t<\/div>\n\t\t\t<div class=\"elementor-tabs-content-wrapper\" role=\"tablist\" aria-orientation=\"vertical\">\n\t\t\t\t\t\t\t\t\t<div class=\"elementor-tab-title elementor-tab-mobile-title\" aria-selected=\"true\" data-tab=\"1\" role=\"tab\" tabindex=\"0\" aria-controls=\"elementor-tab-content-7311\" aria-expanded=\"false\">Transpar\u00eancia Creche Andr\u00e9 Luiz:<\/div>\n\t\t\t\t\t<div id=\"elementor-tab-content-7311\" class=\"elementor-tab-content elementor-clearfix\" data-tab=\"1\" role=\"tabpanel\" aria-labelledby=\"elementor-tab-title-7311\" tabindex=\"0\" hidden=\"false\"><\/div>\n\t\t\t\t\t\t\t\t\t<div class=\"elementor-tab-title elementor-tab-mobile-title\" aria-selected=\"false\" data-tab=\"2\" role=\"tab\" tabindex=\"-1\" aria-controls=\"elementor-tab-content-7312\" aria-expanded=\"false\">Estatuto Social<\/div>\n\t\t\t\t\t<div id=\"elementor-tab-content-7312\" class=\"elementor-tab-content elementor-clearfix\" data-tab=\"2\" role=\"tabpanel\" aria-labelledby=\"elementor-tab-title-7312\" tabindex=\"0\" hidden=\"hidden\"><p><a href=\"https:\/\/transparencia.crecheandreluizitu.org\/wp-content\/uploads\/2022\/06\/ESTATUTO_-REGISTRO_DO_CARTORIO.pdf\">Estatuto Social!<\/a><\/p><p>\u00a0<\/p><\/div>\n\t\t\t\t\t\t\t\t\t<div class=\"elementor-tab-title elementor-tab-mobile-title\" aria-selected=\"false\" data-tab=\"3\" role=\"tab\" tabindex=\"-1\" aria-controls=\"elementor-tab-content-7313\" aria-expanded=\"false\">Plano de Trabalho<\/div>\n\t\t\t\t\t<div id=\"elementor-tab-content-7313\" class=\"elementor-tab-content elementor-clearfix\" data-tab=\"3\" role=\"tabpanel\" aria-labelledby=\"elementor-tab-title-7313\" tabindex=\"0\" hidden=\"hidden\"><p><a href=\"https:\/\/transparencia.crecheandreluizitu.org\/wp-content\/uploads\/2022\/06\/PLANO-DE-TRABALHO-2020.pdf\">PLANO DE TRABALHO 2020<\/a><\/p><\/div>\n\t\t\t\t\t\t\t\t\t<div class=\"elementor-tab-title elementor-tab-mobile-title\" aria-selected=\"false\" data-tab=\"4\" role=\"tab\" tabindex=\"-1\" aria-controls=\"elementor-tab-content-7314\" aria-expanded=\"false\">Documentos e Certificados<\/div>\n\t\t\t\t\t<div id=\"elementor-tab-content-7314\" class=\"elementor-tab-content elementor-clearfix\" data-tab=\"4\" role=\"tabpanel\" aria-labelledby=\"elementor-tab-title-7314\" tabindex=\"0\" hidden=\"hidden\"><p><a href=\"https:\/\/transparencia.crecheandreluizitu.org\/wp-content\/uploads\/2022\/06\/CNPJ.pdf\">CNPJ<\/a><\/p><p><a href=\"https:\/\/transparencia.crecheandreluizitu.org\/wp-content\/uploads\/2022\/06\/ATESTADO-DE-FUNCIONALIDADE-AGO-2020-1.pdf\">ATESTADO DE FUNCIONALIDADE<\/a><\/p><p><a href=\"https:\/\/transparencia.crecheandreluizitu.org\/wp-content\/uploads\/2022\/06\/CERTIFICADO_DE_UTILIZACAO_MUNICIPAL.pdf\">Certificado CMDCA<\/a><\/p><\/div>\n\t\t\t\t\t\t\t\t\t<div class=\"elementor-tab-title elementor-tab-mobile-title\" aria-selected=\"false\" data-tab=\"5\" role=\"tab\" tabindex=\"-1\" aria-controls=\"elementor-tab-content-7315\" aria-expanded=\"false\">TERMO DE COLABORA\u00c7\u00c3O COM A PREFEITURA E ADITIVOS<\/div>\n\t\t\t\t\t<div id=\"elementor-tab-content-7315\" class=\"elementor-tab-content elementor-clearfix\" data-tab=\"5\" role=\"tabpanel\" aria-labelledby=\"elementor-tab-title-7315\" tabindex=\"0\" hidden=\"hidden\"><p><a href=\"https:\/\/transparencia.crecheandreluizitu.org\/wp-content\/uploads\/2022\/06\/Termo-de-Colaboracao-No-22777-2020.pdf\">Termo de Colabora\u00e7\u00e3o N\u00ba 22777-2020<\/a><\/p><p><a href=\"https:\/\/transparencia.crecheandreluizitu.org\/wp-content\/uploads\/2022\/06\/Termo-de-Colaboracao-Andre-Luiz.pdf\">1\u00b0 termo Aditivo em 21\/03\/2020<\/a><\/p><p><a href=\"https:\/\/transparencia.crecheandreluizitu.org\/wp-content\/uploads\/2022\/06\/1Ao_Termo_Aditivo_Termo_de_ColaboraA\u00a7Ao_-_AndrA\u00a9_Luiz.pdf\">Termo de Colabora\u00e7\u00e3o Prefeitura V\u00e1lido de 01\/01\/2020 a 31\/12\/2020<\/a><\/p><\/div>\n\t\t\t\t\t\t\t\t\t<div class=\"elementor-tab-title elementor-tab-mobile-title\" aria-selected=\"false\" data-tab=\"6\" role=\"tab\" tabindex=\"-1\" aria-controls=\"elementor-tab-content-7316\" aria-expanded=\"false\">Demonstrativo integral das receitas e despesas - Exerc\u00edcio 2020<\/div>\n\t\t\t\t\t<div id=\"elementor-tab-content-7316\" class=\"elementor-tab-content elementor-clearfix\" data-tab=\"6\" role=\"tabpanel\" aria-labelledby=\"elementor-tab-title-7316\" tabindex=\"0\" hidden=\"hidden\"><p><a href=\"https:\/\/transparencia.crecheandreluizitu.org\/wp-content\/uploads\/2022\/06\/Janeiro.pdf\">Janeiro<\/a><\/p><p><a href=\"https:\/\/transparencia.crecheandreluizitu.org\/wp-content\/uploads\/2022\/06\/Fevereiro.pdf\">Fevereiro<\/a><\/p><p><a href=\"https:\/\/transparencia.crecheandreluizitu.org\/wp-content\/uploads\/2022\/06\/Marco.pdf\">Mar\u00e7o<\/a><\/p><p><a href=\"https:\/\/transparencia.crecheandreluizitu.org\/wp-content\/uploads\/2022\/06\/Abril.pdf\">Abril<\/a><\/p><p><a href=\"https:\/\/transparencia.crecheandreluizitu.org\/wp-content\/uploads\/2022\/06\/Maio.pdf\">Maio<\/a><\/p><p><a href=\"https:\/\/transparencia.crecheandreluizitu.org\/wp-content\/uploads\/2022\/06\/Junho.pdf\">Junho<\/a><\/p><p><a href=\"https:\/\/transparencia.crecheandreluizitu.org\/wp-content\/uploads\/2022\/06\/Julho.pdf\">Julho<\/a><\/p><p><a href=\"https:\/\/transparencia.crecheandreluizitu.org\/wp-content\/uploads\/2022\/06\/Agosto.pdf\">Agosto<\/a><\/p><p><a href=\"https:\/\/transparencia.crecheandreluizitu.org\/wp-content\/uploads\/2022\/06\/Setembro.pdf\">Setembro<\/a><\/p><p><a href=\"https:\/\/transparencia.crecheandreluizitu.org\/wp-content\/uploads\/2022\/06\/Outubro.pdf\">Outubro<\/a><\/p><p><a href=\"https:\/\/transparencia.crecheandreluizitu.org\/wp-content\/uploads\/2022\/06\/Novembro.pdf\">Novembro<\/a><\/p><p><a href=\"https:\/\/transparencia.crecheandreluizitu.org\/wp-content\/uploads\/2022\/06\/Dezembro.pdf\">Dezembro<\/a><\/p><\/div>\n\t\t\t\t\t\t\t\t\t<div class=\"elementor-tab-title elementor-tab-mobile-title\" aria-selected=\"false\" data-tab=\"7\" role=\"tab\" tabindex=\"-1\" aria-controls=\"elementor-tab-content-7317\" aria-expanded=\"false\">Balan\u00e7o de Demonstrativos Cont\u00e1beis<\/div>\n\t\t\t\t\t<div id=\"elementor-tab-content-7317\" class=\"elementor-tab-content elementor-clearfix\" data-tab=\"7\" role=\"tabpanel\" aria-labelledby=\"elementor-tab-title-7317\" tabindex=\"0\" hidden=\"hidden\"><p><a href=\"https:\/\/transparencia.crecheandreluizitu.org\/wp-content\/uploads\/2022\/06\/BALANA_O_PATRIMONIAL_-_2019.pdf\">Balan\u00e7o Patrimonial 2019<\/a><\/p><p><a href=\"https:\/\/transparencia.crecheandreluizitu.org\/wp-content\/uploads\/2022\/06\/BALANCO-PATRIMONIAL-2020-RES.pdf\">Balan\u00e7o Patrimonial 2020<\/a><\/p><p>\u00a0<\/p><\/div>\n\t\t\t\t\t\t\t\t\t<div class=\"elementor-tab-title elementor-tab-mobile-title\" aria-selected=\"false\" data-tab=\"8\" role=\"tab\" tabindex=\"-1\" aria-controls=\"elementor-tab-content-7318\" aria-expanded=\"false\">Balancete de Demonstrativos Cont\u00e1beis - 2020<\/div>\n\t\t\t\t\t<div id=\"elementor-tab-content-7318\" class=\"elementor-tab-content elementor-clearfix\" data-tab=\"8\" role=\"tabpanel\" aria-labelledby=\"elementor-tab-title-7318\" tabindex=\"0\" hidden=\"hidden\"><p><a href=\"https:\/\/transparencia.crecheandreluizitu.org\/wp-content\/uploads\/2022\/06\/BALANCETE-01.2020.pdf\">Janeiro<\/a><\/p><p><a href=\"https:\/\/transparencia.crecheandreluizitu.org\/wp-content\/uploads\/2022\/06\/BALANCETE-02.2020.pdf\">Fevereiro<\/a><\/p><p><a href=\"https:\/\/transparencia.crecheandreluizitu.org\/wp-content\/uploads\/2022\/06\/BALANCETE-03.2020.pdf\">Mar\u00e7o<\/a><\/p><p><a href=\"https:\/\/transparencia.crecheandreluizitu.org\/wp-content\/uploads\/2022\/06\/Balancete-04.2020.pdf\">Abril<\/a><\/p><p><a href=\"https:\/\/transparencia.crecheandreluizitu.org\/wp-content\/uploads\/2022\/06\/Balancete-05.2020.pdf\">Maio<\/a><\/p><p><a href=\"https:\/\/transparencia.crecheandreluizitu.org\/wp-content\/uploads\/2022\/06\/BALANCETE-06.2020.pdf\">Junho<\/a><\/p><p><a href=\"https:\/\/transparencia.crecheandreluizitu.org\/wp-content\/uploads\/2022\/06\/BALANCENTE-07.2020.pdf\">Julho<\/a><\/p><p><a href=\"https:\/\/transparencia.crecheandreluizitu.org\/wp-content\/uploads\/2022\/06\/BALANCETE-08.2020.pdf\">Agosto<\/a><\/p><p><a href=\"https:\/\/transparencia.crecheandreluizitu.org\/wp-content\/uploads\/2022\/06\/BALANCETE-SETEMBRO-2020.pdf\">Setembro<\/a><\/p><p><a href=\"https:\/\/transparencia.crecheandreluizitu.org\/wp-content\/uploads\/2022\/06\/BALANCETE-OUTUBRO2020-1.pdf\">Outubro<\/a><\/p><p><a href=\"https:\/\/transparencia.crecheandreluizitu.org\/wp-content\/uploads\/2022\/06\/BALANCETE-NOVEMBRO-2020.pdf\">Novembro<\/a><\/p><p><a href=\"https:\/\/transparencia.crecheandreluizitu.org\/wp-content\/uploads\/2022\/06\/BALANCETE-DEZ-2020-1.pdf\">Dezembro<\/a><\/p><\/div>\n\t\t\t\t\t\t\t\t\t<div class=\"elementor-tab-title elementor-tab-mobile-title\" aria-selected=\"false\" data-tab=\"9\" role=\"tab\" tabindex=\"-1\" aria-controls=\"elementor-tab-content-7319\" aria-expanded=\"false\">FUNDO MUNICIPAL DOS DIREITOS DA CRIAN\u00c7A E DO ADOLESCENTE - 2020<\/div>\n\t\t\t\t\t<div id=\"elementor-tab-content-7319\" class=\"elementor-tab-content elementor-clearfix\" data-tab=\"9\" role=\"tabpanel\" aria-labelledby=\"elementor-tab-title-7319\" tabindex=\"0\" hidden=\"hidden\"><p><a href=\"https:\/\/transparencia.crecheandreluizitu.org\/wp-content\/uploads\/2022\/06\/PLANO-DE-TRABALHO-CMDCA-2020.pdf\">PLANO DE TRABALHO CMDCA-2020<\/a><\/p><p><a href=\"https:\/\/transparencia.crecheandreluizitu.org\/wp-content\/uploads\/2022\/06\/TERMO-DE-FOMENTO-2020-2.pdf\">TERMO DE FOMENTO 2020<\/a><\/p><p><a href=\"https:\/\/transparencia.crecheandreluizitu.org\/wp-content\/uploads\/2022\/06\/RELATORIO-DE-EXECUCAO-DO-OBJETO.pdf\">RELAT\u00d3RIO DE EXECU\u00c7\u00c3O DO OBJETO<\/a><\/p><p><a href=\"https:\/\/transparencia.crecheandreluizitu.org\/wp-content\/uploads\/2022\/06\/RP-10-2020-1.pdf\">RP 10 2020 (1)<\/a><\/p><\/div>\n\t\t\t\t\t\t\t<\/div>\n\t\t<\/div>\n\t\t\t\t<\/div>\n\t\t\t\t<\/div>\n\t\t\t\t\t<\/div>\n\t\t<\/div>\n\t\t\t\t\t\t\t<\/div>\n\t\t<\/section>\n\t\t\t\t<section class=\"elementor-section elementor-top-section elementor-element elementor-element-0eb51f5 elementor-section-boxed elementor-section-height-default elementor-section-height-default\" data-id=\"0eb51f5\" data-element_type=\"section\">\n\t\t\t\t\t\t<div class=\"elementor-container elementor-column-gap-default\">\n\t\t\t\t\t<div class=\"elementor-column elementor-col-100 elementor-top-column elementor-element elementor-element-d440070\" data-id=\"d440070\" data-element_type=\"column\">\n\t\t\t<div class=\"elementor-widget-wrap elementor-element-populated\">\n\t\t\t\t\t\t\t\t<div class=\"elementor-element elementor-element-41d5ef3 elementor-widget elementor-widget-heading\" data-id=\"41d5ef3\" data-element_type=\"widget\" data-widget_type=\"heading.default\">\n\t\t\t\t<div class=\"elementor-widget-container\">\n\t\t\t<h2 class=\"elementor-heading-title elementor-size-default\">Ano de 2019<\/h2>\t\t<\/div>\n\t\t\t\t<\/div>\n\t\t\t\t\t<\/div>\n\t\t<\/div>\n\t\t\t\t\t\t\t<\/div>\n\t\t<\/section>\n\t\t\t\t<section class=\"elementor-section elementor-top-section elementor-element elementor-element-d1132e3 elementor-section-boxed elementor-section-height-default elementor-section-height-default\" data-id=\"d1132e3\" data-element_type=\"section\">\n\t\t\t\t\t\t<div class=\"elementor-container elementor-column-gap-default\">\n\t\t\t\t\t<div class=\"elementor-column elementor-col-100 elementor-top-column elementor-element elementor-element-f72a38d\" data-id=\"f72a38d\" data-element_type=\"column\">\n\t\t\t<div class=\"elementor-widget-wrap elementor-element-populated\">\n\t\t\t\t\t\t\t\t<div class=\"elementor-element elementor-element-a52c930 elementor-tabs-view-vertical elementor-widget elementor-widget-tabs\" data-id=\"a52c930\" data-element_type=\"widget\" data-widget_type=\"tabs.default\">\n\t\t\t\t<div class=\"elementor-widget-container\">\n\t\t\t\t\t<div class=\"elementor-tabs\">\n\t\t\t<div class=\"elementor-tabs-wrapper\" role=\"tablist\" >\n\t\t\t\t\t\t\t\t\t<div id=\"elementor-tab-title-1731\" class=\"elementor-tab-title elementor-tab-desktop-title\" aria-selected=\"true\" data-tab=\"1\" role=\"tab\" tabindex=\"0\" aria-controls=\"elementor-tab-content-1731\" aria-expanded=\"false\">Transpar\u00eancia Creche Andr\u00e9 Luiz:<\/div>\n\t\t\t\t\t\t\t\t\t<div id=\"elementor-tab-title-1732\" class=\"elementor-tab-title elementor-tab-desktop-title\" aria-selected=\"false\" data-tab=\"2\" role=\"tab\" tabindex=\"-1\" aria-controls=\"elementor-tab-content-1732\" aria-expanded=\"false\">Estatuto Social<\/div>\n\t\t\t\t\t\t\t\t\t<div id=\"elementor-tab-title-1733\" class=\"elementor-tab-title elementor-tab-desktop-title\" aria-selected=\"false\" data-tab=\"3\" role=\"tab\" tabindex=\"-1\" aria-controls=\"elementor-tab-content-1733\" aria-expanded=\"false\">Documentos e Certificados<\/div>\n\t\t\t\t\t\t\t\t\t<div id=\"elementor-tab-title-1734\" class=\"elementor-tab-title elementor-tab-desktop-title\" aria-selected=\"false\" data-tab=\"4\" role=\"tab\" tabindex=\"-1\" aria-controls=\"elementor-tab-content-1734\" aria-expanded=\"false\">TERMO DE COLABORA\u00c7\u00c3O COM A PREFEITURA E ADITIVOS<\/div>\n\t\t\t\t\t\t\t\t\t<div id=\"elementor-tab-title-1735\" class=\"elementor-tab-title elementor-tab-desktop-title\" aria-selected=\"false\" data-tab=\"5\" role=\"tab\" tabindex=\"-1\" aria-controls=\"elementor-tab-content-1735\" aria-expanded=\"false\">Balan\u00e7o de Demonstrativos Cont\u00e1beis<\/div>\n\t\t\t\t\t\t\t\t\t<div id=\"elementor-tab-title-1736\" class=\"elementor-tab-title elementor-tab-desktop-title\" aria-selected=\"false\" data-tab=\"6\" role=\"tab\" tabindex=\"-1\" aria-controls=\"elementor-tab-content-1736\" aria-expanded=\"false\">FUNDO MUNICIPAL DOS DIREITOS DA CRIAN\u00c7A E DO ADOLESCENTE - 2019<\/div>\n\t\t\t\t\t\t\t<\/div>\n\t\t\t<div class=\"elementor-tabs-content-wrapper\" role=\"tablist\" aria-orientation=\"vertical\">\n\t\t\t\t\t\t\t\t\t<div class=\"elementor-tab-title elementor-tab-mobile-title\" aria-selected=\"true\" data-tab=\"1\" role=\"tab\" tabindex=\"0\" aria-controls=\"elementor-tab-content-1731\" aria-expanded=\"false\">Transpar\u00eancia Creche Andr\u00e9 Luiz:<\/div>\n\t\t\t\t\t<div id=\"elementor-tab-content-1731\" class=\"elementor-tab-content elementor-clearfix\" data-tab=\"1\" role=\"tabpanel\" aria-labelledby=\"elementor-tab-title-1731\" tabindex=\"0\" hidden=\"false\"><\/div>\n\t\t\t\t\t\t\t\t\t<div class=\"elementor-tab-title elementor-tab-mobile-title\" aria-selected=\"false\" data-tab=\"2\" role=\"tab\" tabindex=\"-1\" aria-controls=\"elementor-tab-content-1732\" aria-expanded=\"false\">Estatuto Social<\/div>\n\t\t\t\t\t<div id=\"elementor-tab-content-1732\" class=\"elementor-tab-content elementor-clearfix\" data-tab=\"2\" role=\"tabpanel\" aria-labelledby=\"elementor-tab-title-1732\" tabindex=\"0\" hidden=\"hidden\"><p><a href=\"https:\/\/transparencia.crecheandreluizitu.org\/wp-content\/uploads\/2022\/06\/ESTATUTO_-REGISTRO_DO_CARTORIO.pdf\">Estatuto Social!<\/a><\/p><p>\u00a0<\/p><\/div>\n\t\t\t\t\t\t\t\t\t<div class=\"elementor-tab-title elementor-tab-mobile-title\" aria-selected=\"false\" data-tab=\"3\" role=\"tab\" tabindex=\"-1\" aria-controls=\"elementor-tab-content-1733\" aria-expanded=\"false\">Documentos e Certificados<\/div>\n\t\t\t\t\t<div id=\"elementor-tab-content-1733\" class=\"elementor-tab-content elementor-clearfix\" data-tab=\"3\" role=\"tabpanel\" aria-labelledby=\"elementor-tab-title-1733\" tabindex=\"0\" hidden=\"hidden\"><p><a href=\"https:\/\/transparencia.crecheandreluizitu.org\/wp-content\/uploads\/2022\/06\/CNPJ.pdf\">CNPJ<\/a><\/p><p><a href=\"https:\/\/transparencia.crecheandreluizitu.org\/wp-content\/uploads\/2022\/06\/ESTATUTO_-REGISTRO_DO_CARTORIO-2.pdf\">ESTATUTO SOCIAL<\/a><\/p><p><a href=\"https:\/\/transparencia.crecheandreluizitu.org\/wp-content\/uploads\/2022\/06\/ATESTADO-DE-FUNCIONALIDADE-AGO-2020-1.pdf\">ATESTADO DE FUNCIONALIDADE<\/a><\/p><p><a href=\"https:\/\/transparencia.crecheandreluizitu.org\/wp-content\/uploads\/2022\/06\/REGULAMENTO-DE-COMPRAS-2021.pdf\">REGULAMENTO DE CONTRATA\u00c7\u00c3O DE PESSOAL<\/a><\/p><p><a href=\"https:\/\/transparencia.crecheandreluizitu.org\/wp-content\/uploads\/2022\/06\/CERTIFICADO_DE_UTILIZACAO_MUNICIPAL.pdf\">Certificado CMDCA<\/a><\/p><\/div>\n\t\t\t\t\t\t\t\t\t<div class=\"elementor-tab-title elementor-tab-mobile-title\" aria-selected=\"false\" data-tab=\"4\" role=\"tab\" tabindex=\"-1\" aria-controls=\"elementor-tab-content-1734\" aria-expanded=\"false\">TERMO DE COLABORA\u00c7\u00c3O COM A PREFEITURA E ADITIVOS<\/div>\n\t\t\t\t\t<div id=\"elementor-tab-content-1734\" class=\"elementor-tab-content elementor-clearfix\" data-tab=\"4\" role=\"tabpanel\" aria-labelledby=\"elementor-tab-title-1734\" tabindex=\"0\" hidden=\"hidden\"><p><a href=\"https:\/\/transparencia.crecheandreluizitu.org\/wp-content\/uploads\/2022\/06\/1Ao_Termo_Aditivo_Termo_de_ColaboraA\u00a7Ao_-_AndrA\u00a9_Luiz.pdf\">Termo de Colabora\u00e7\u00e3o Prefeitura V\u00e1lido de 01\/01\/2020 a 31\/12\/2020<\/a><\/p><p>\u00a0<\/p><\/div>\n\t\t\t\t\t\t\t\t\t<div class=\"elementor-tab-title elementor-tab-mobile-title\" aria-selected=\"false\" data-tab=\"5\" role=\"tab\" tabindex=\"-1\" aria-controls=\"elementor-tab-content-1735\" aria-expanded=\"false\">Balan\u00e7o de Demonstrativos Cont\u00e1beis<\/div>\n\t\t\t\t\t<div id=\"elementor-tab-content-1735\" class=\"elementor-tab-content elementor-clearfix\" data-tab=\"5\" role=\"tabpanel\" aria-labelledby=\"elementor-tab-title-1735\" tabindex=\"0\" hidden=\"hidden\"><p><a href=\"https:\/\/transparencia.crecheandreluizitu.org\/wp-content\/uploads\/2022\/06\/BALANA_O_PATRIMONIAL_-_2019.pdf\">Balan\u00e7o Patrimonial 2019<\/a><\/p><p>\u00a0<\/p><\/div>\n\t\t\t\t\t\t\t\t\t<div class=\"elementor-tab-title elementor-tab-mobile-title\" aria-selected=\"false\" data-tab=\"6\" role=\"tab\" tabindex=\"-1\" aria-controls=\"elementor-tab-content-1736\" aria-expanded=\"false\">FUNDO MUNICIPAL DOS DIREITOS DA CRIAN\u00c7A E DO ADOLESCENTE - 2019<\/div>\n\t\t\t\t\t<div id=\"elementor-tab-content-1736\" class=\"elementor-tab-content elementor-clearfix\" data-tab=\"6\" role=\"tabpanel\" aria-labelledby=\"elementor-tab-title-1736\" tabindex=\"0\" hidden=\"hidden\"><p><a href=\"https:\/\/transparencia.crecheandreluizitu.org\/wp-content\/uploads\/2022\/06\/TERMO-DE-FOMENTO-2019.pdf\">TERMO DE FOMENTO 2019<\/a><\/p><p><a href=\"https:\/\/transparencia.crecheandreluizitu.org\/wp-content\/uploads\/2022\/06\/CNPJ.pdf\">CNPJ<\/a><\/p><p><a href=\"https:\/\/transparencia.crecheandreluizitu.org\/wp-content\/uploads\/2022\/06\/PLANO-DE-TRABALHO-CMDCA-2019.pdf\">PLANO DE TRABALHO CMDCA-2019<\/a><\/p><p><a href=\"https:\/\/transparencia.crecheandreluizitu.org\/wp-content\/uploads\/2022\/06\/ESTATUTO_-REGISTRO_DO_CARTORIO-1.pdf\">ESTATUTO_-REGISTRO_DO_CART\u00d3RIO<\/a><\/p><p><a href=\"https:\/\/transparencia.crecheandreluizitu.org\/wp-content\/uploads\/2022\/06\/RELACAO-DOS-FUNCIONARIOS.pdf\">RELA\u00c7\u00c3O DOS FUNCION\u00c1RIOS<\/a><\/p><p><a href=\"https:\/\/transparencia.crecheandreluizitu.org\/wp-content\/uploads\/2022\/06\/RELAA_A_O_NOMINAL_DOS_DIRIGENTES_DA_ENTIDADE.pdf\">RELA\u00c7\u00c3O NOMINAL DOS DIRIGENTES<\/a><\/p><p><a href=\"https:\/\/transparencia.crecheandreluizitu.org\/wp-content\/uploads\/2022\/06\/RELATA_RIO_DE_CUMPRIMENTO_DO_OBJETO_DE_PARCERIA.pdf\">RELAT\u00d3RIO DE CUMPRIMENTO DO OBJETO DA PARCERIA<\/a><\/p><p><a href=\"https:\/\/transparencia.crecheandreluizitu.org\/wp-content\/uploads\/2022\/06\/REGULAMENTO_INSTITUCIONAL_DE_CONTRATAA_A_O_DE_PESSOAL.pdf\">REGULAMENTO DE CONTRATA\u00c7\u00c3O DE PESSOAL<\/a><\/p><p><a href=\"https:\/\/transparencia.crecheandreluizitu.org\/wp-content\/uploads\/2022\/06\/RP_20_-_DEMOSTRATIVO_INTEGRAL_DAS_RECEITAS_E_DESPESAS_-_AUXA_LIO.pdf\">RP-20 DEMONSTRATIVO INTEGRAL DA RECEITAS E DESPESAS-AUX\u00cdLIO<\/a><\/p><p><a href=\"https:\/\/transparencia.crecheandreluizitu.org\/wp-content\/uploads\/2022\/06\/RP14-Agosto.pdf\">RP 14 &#8211; DEMONSRATIVO INTEGRAL DAS RECEIAS E DESPESAS- DEMONSTRA\u00c7\u00c3O DO RESULTADO 2019<\/a><\/p><\/div>\n\t\t\t\t\t\t\t<\/div>\n\t\t<\/div>\n\t\t\t\t<\/div>\n\t\t\t\t<\/div>\n\t\t\t\t\t<\/div>\n\t\t<\/div>\n\t\t\t\t\t\t\t<\/div>\n\t\t<\/section>\n\t\t\t\t<section class=\"elementor-section elementor-top-section elementor-element elementor-element-2fa58cc9 elementor-section-height-min-height elementor-section-content-middle elementor-section-stretched elementor-section-boxed elementor-section-height-default elementor-section-items-middle\" data-id=\"2fa58cc9\" data-element_type=\"section\" data-settings=\"{&quot;background_background&quot;:&quot;classic&quot;,&quot;stretch_section&quot;:&quot;section-stretched&quot;}\">\n\t\t\t\t\t\t<div class=\"elementor-container elementor-column-gap-default\">\n\t\t\t\t\t<div class=\"elementor-column elementor-col-50 elementor-top-column elementor-element elementor-element-2a53ff0a\" data-id=\"2a53ff0a\" data-element_type=\"column\">\n\t\t\t<div class=\"elementor-widget-wrap elementor-element-populated\">\n\t\t\t\t\t\t\t\t<div class=\"elementor-element elementor-element-7bd0c5d1 envato-kit-138-bracket elementor-widget elementor-widget-heading\" data-id=\"7bd0c5d1\" data-element_type=\"widget\" data-widget_type=\"heading.default\">\n\t\t\t\t<div class=\"elementor-widget-container\">\n\t\t\t<h3 class=\"elementor-heading-title elementor-size-default\">Endere\u00e7o<\/h3>\t\t<\/div>\n\t\t\t\t<\/div>\n\t\t\t\t<div class=\"elementor-element elementor-element-3bacf7d4 elementor-widget elementor-widget-text-editor\" data-id=\"3bacf7d4\" data-element_type=\"widget\" data-widget_type=\"text-editor.default\">\n\t\t\t\t<div class=\"elementor-widget-container\">\n\t\t\t<style>\/*! elementor - v3.6.4 - 13-04-2022 *\/\n.elementor-widget-text-editor.elementor-drop-cap-view-stacked .elementor-drop-cap{background-color:#818a91;color:#fff}.elementor-widget-text-editor.elementor-drop-cap-view-framed .elementor-drop-cap{color:#818a91;border:3px solid;background-color:transparent}.elementor-widget-text-editor:not(.elementor-drop-cap-view-default) .elementor-drop-cap{margin-top:8px}.elementor-widget-text-editor:not(.elementor-drop-cap-view-default) .elementor-drop-cap-letter{width:1em;height:1em}.elementor-widget-text-editor .elementor-drop-cap{float:left;text-align:center;line-height:1;font-size:50px}.elementor-widget-text-editor .elementor-drop-cap-letter{display:inline-block}<\/style>\t\t\t\t<p><span style=\"font-family: georgia, palatino, 'book antiqua', 'palatino linotype', serif; text-align: center;\">R. Terezinha das Gra\u00e7as E. Schanosky, 34\u00a0&#8211; Parque Industrial &#8211; Itu<\/span><\/p>\t\t\t\t\t\t<\/div>\n\t\t\t\t<\/div>\n\t\t\t\t\t<\/div>\n\t\t<\/div>\n\t\t\t\t<div class=\"elementor-column elementor-col-50 elementor-top-column elementor-element elementor-element-777543cf\" data-id=\"777543cf\" data-element_type=\"column\">\n\t\t\t<div class=\"elementor-widget-wrap elementor-element-populated\">\n\t\t\t\t\t\t\t\t<div class=\"elementor-element elementor-element-7db5b9cf envato-kit-138-bracket elementor-widget elementor-widget-heading\" data-id=\"7db5b9cf\" data-element_type=\"widget\" data-widget_type=\"heading.default\">\n\t\t\t\t<div class=\"elementor-widget-container\">\n\t\t\t<h3 class=\"elementor-heading-title elementor-size-default\">Contato<\/h3>\t\t<\/div>\n\t\t\t\t<\/div>\n\t\t\t\t<div class=\"elementor-element elementor-element-1760ea9d elementor-mobile-align-center elementor-icon-list--layout-inline elementor-list-item-link-full_width elementor-widget elementor-widget-icon-list\" data-id=\"1760ea9d\" data-element_type=\"widget\" data-widget_type=\"icon-list.default\">\n\t\t\t\t<div class=\"elementor-widget-container\">\n\t\t\t<link rel=\"stylesheet\" href=\"https:\/\/transparencia.crecheandreluizitu.org\/wp-content\/plugins\/elementor\/assets\/css\/widget-icon-list.min.css\">\t\t<ul class=\"elementor-icon-list-items elementor-inline-items\">\n\t\t\t\t\t\t\t<li class=\"elementor-icon-list-item elementor-inline-item\">\n\t\t\t\t\t\t\t\t\t\t\t<span class=\"elementor-icon-list-icon\">\n\t\t\t\t\t\t\t<i aria-hidden=\"true\" class=\"fas fa-angle-right\"><\/i>\t\t\t\t\t\t<\/span>\n\t\t\t\t\t\t\t\t\t\t<span class=\"elementor-icon-list-text\">Email: crecheandreluizdeitu@hotmail.com<\/span>\n\t\t\t\t\t\t\t\t\t<\/li>\n\t\t\t\t\t\t\t\t<li class=\"elementor-icon-list-item elementor-inline-item\">\n\t\t\t\t\t\t\t\t\t\t\t<span class=\"elementor-icon-list-icon\">\n\t\t\t\t\t\t\t<i aria-hidden=\"true\" class=\"fas fa-angle-right\"><\/i>\t\t\t\t\t\t<\/span>\n\t\t\t\t\t\t\t\t\t\t<span class=\"elementor-icon-list-text\">Tel: (11) 4024-1079<\/span>\n\t\t\t\t\t\t\t\t\t<\/li>\n\t\t\t\t\t\t<\/ul>\n\t\t\t\t<\/div>\n\t\t\t\t<\/div>\n\t\t\t\t\t<\/div>\n\t\t<\/div>\n\t\t\t\t\t\t\t<\/div>\n\t\t<\/section>\n\t\t\t\t\t\t\t<\/div>\n\t\t","protected":false},"excerpt":{"rendered":"<p>Previous Next Ano de 2026 Transpar\u00eancia Creche Andr\u00e9 Luiz: Estatuto Social Plano de Trabalho Documentos e Certificados TERMO DE COLABORA\u00c7\u00c3O COM A PREFEITURA E ADITIVOS Demonstrativo integral das receitas e despesas &#8211; Exerc\u00edcio 2025 Demonstrativo das despesas incorridas &#8211; Exerc\u00edcio 2025 Balan\u00e7o de Demonstrativos Cont\u00e1beis Balancete de Demonstrativos Cont\u00e1beis &#8211; 2025 FUNDO MUNICIPAL DOS DIREITOS [&hellip;]<\/p>\n","protected":false},"author":1,"featured_media":0,"parent":0,"menu_order":0,"comment_status":"closed","ping_status":"closed","template":"elementor_header_footer","meta":{"om_disable_all_campaigns":false,"_monsterinsights_skip_tracking":false,"_monsterinsights_sitenote_active":false,"_monsterinsights_sitenote_note":"","_monsterinsights_sitenote_category":0,"footnotes":""},"class_list":["post-25","page","type-page","status-publish","hentry"],"_links":{"self":[{"href":"https:\/\/transparencia.crecheandreluizitu.org\/index.php\/wp-json\/wp\/v2\/pages\/25","targetHints":{"allow":["GET"]}}],"collection":[{"href":"https:\/\/transparencia.crecheandreluizitu.org\/index.php\/wp-json\/wp\/v2\/pages"}],"about":[{"href":"https:\/\/transparencia.crecheandreluizitu.org\/index.php\/wp-json\/wp\/v2\/types\/page"}],"author":[{"embeddable":true,"href":"https:\/\/transparencia.crecheandreluizitu.org\/index.php\/wp-json\/wp\/v2\/users\/1"}],"replies":[{"embeddable":true,"href":"https:\/\/transparencia.crecheandreluizitu.org\/index.php\/wp-json\/wp\/v2\/comments?post=25"}],"version-history":[{"count":547,"href":"https:\/\/transparencia.crecheandreluizitu.org\/index.php\/wp-json\/wp\/v2\/pages\/25\/revisions"}],"predecessor-version":[{"id":1151,"href":"https:\/\/transparencia.crecheandreluizitu.org\/index.php\/wp-json\/wp\/v2\/pages\/25\/revisions\/1151"}],"wp:attachment":[{"href":"https:\/\/transparencia.crecheandreluizitu.org\/index.php\/wp-json\/wp\/v2\/media?parent=25"}],"curies":[{"name":"wp","href":"https:\/\/api.w.org\/{rel}","templated":true}]}}